{"id":62,"date":"2023-08-03T06:27:37","date_gmt":"2023-08-03T06:27:37","guid":{"rendered":"https:\/\/staging.lismoiunavenir.org\/?page_id=62"},"modified":"2025-09-19T18:59:32","modified_gmt":"2025-09-19T18:59:32","slug":"gouvernance","status":"publish","type":"page","link":"https:\/\/lismoiunavenir.org\/?page_id=62","title":{"rendered":"Gouvernance"},"content":{"rendered":"\t\t<div data-elementor-type=\"wp-page\" data-elementor-id=\"62\" class=\"elementor elementor-62\" data-elementor-post-type=\"page\">\n\t\t\t\t<div class=\"elementor-element elementor-element-5cb2036 e-flex e-con-boxed e-con e-parent\" data-id=\"5cb2036\" data-element_type=\"container\" data-e-type=\"container\" data-settings=\"{&quot;background_background&quot;:&quot;classic&quot;,&quot;jet_parallax_layout_list&quot;:[]}\">\n\t\t\t\t\t<div class=\"e-con-inner\">\n\t\t\t\t<div class=\"elementor-element elementor-element-f98219f elementor-widget elementor-widget-heading\" data-id=\"f98219f\" data-element_type=\"widget\" data-e-type=\"widget\" data-widget_type=\"heading.default\">\n\t\t\t\t<div class=\"elementor-widget-container\">\n\t\t\t\t\t<h2 class=\"elementor-heading-title elementor-size-default\">Gouvernance<\/h2>\t\t\t\t<\/div>\n\t\t\t\t<\/div>\n\t\t\t\t\t<\/div>\n\t\t\t\t<\/div>\n\t\t<div class=\"elementor-element elementor-element-c03fdb6 e-flex e-con-boxed e-con e-parent\" data-id=\"c03fdb6\" data-element_type=\"container\" data-e-type=\"container\" data-settings=\"{&quot;background_background&quot;:&quot;classic&quot;,&quot;jet_parallax_layout_list&quot;:[]}\">\n\t\t\t\t\t<div class=\"e-con-inner\">\n\t\t<div class=\"elementor-element elementor-element-6ee6344 e-con-full e-flex e-con e-child\" data-id=\"6ee6344\" data-element_type=\"container\" data-e-type=\"container\" data-settings=\"{&quot;jet_parallax_layout_list&quot;:[]}\">\n\t\t\t\t<div class=\"elementor-element elementor-element-4f63d9c elementor-widget elementor-widget-heading\" data-id=\"4f63d9c\" data-element_type=\"widget\" data-e-type=\"widget\" data-widget_type=\"heading.default\">\n\t\t\t\t<div class=\"elementor-widget-container\">\n\t\t\t\t\t<h2 class=\"elementor-heading-title elementor-size-default\">MOT DE LA PR\u00c9SIDENTE<\/h2>\t\t\t\t<\/div>\n\t\t\t\t<\/div>\n\t\t\t\t<div class=\"elementor-element elementor-element-8ea3b55 elementor-widget elementor-widget-text-editor\" data-id=\"8ea3b55\" data-element_type=\"widget\" data-e-type=\"widget\" data-widget_type=\"text-editor.default\">\n\t\t\t\t<div class=\"elementor-widget-container\">\n\t\t\t\t\t\t\t\t\t<p>La Fondation Nady Rayess &#8211; Lis moi un avenir a pour projet de contribuer \u00e0 l\u2019\u00e9mancipation f\u00e9minine \u00e0 travers l\u2019alphab\u00e9tisation, la scolarisation et la formation \u00e0 un m\u00e9tier de jeunes filles d\u00e9favoris\u00e9es et de femmes en C\u00f4te d\u2019Ivoire.<br \/><br \/>L\u2019alphab\u00e9tisation et la formation \u00e0 un m\u00e9tier sont de puissants leviers pour appuyer l\u2019\u00e9mancipation des femmes et renforcer leur pleine participation au d\u00e9veloppement de la C\u00f4te d\u2019Ivoire.<br \/><br \/>Je suis convaincue que la cr\u00e9ation d\u2019un \u00e9cosyst\u00e8me propice \u00e0 leur apprentissage est indispensable pour lever les barri\u00e8res des in\u00e9galit\u00e9s.<br \/><br \/>C\u2019est pourquoi, notre approche vise \u00e0 d\u00e9ployer des solutions d\u2019accompagnement et d\u2019\u00e9ducation innovantes et adapt\u00e9es au contexte et aux besoins des femmes en les r\u00e9unissant dans un cadre propice \u00e0 leur \u00e9mancipation : L&rsquo;\u00c9cole de la Deuxi\u00e8me Chance.<br \/><br \/>Cette \u00e9cole sera l\u2019instrument phare de la mise en \u0153uvre des prochaines activit\u00e9s de la Fondation pour l\u2019\u00e9galit\u00e9 des chances.<\/p>\t\t\t\t\t\t\t\t<\/div>\n\t\t\t\t<\/div>\n\t\t\t\t<\/div>\n\t\t<div class=\"elementor-element elementor-element-a249c4c e-con-full e-flex e-con e-child\" data-id=\"a249c4c\" data-element_type=\"container\" data-e-type=\"container\" data-settings=\"{&quot;background_background&quot;:&quot;classic&quot;,&quot;jet_parallax_layout_list&quot;:[]}\">\n\t\t\t\t<div class=\"elementor-element elementor-element-473866a elementor-widget elementor-widget-image\" data-id=\"473866a\" data-element_type=\"widget\" data-e-type=\"widget\" data-widget_type=\"image.default\">\n\t\t\t\t<div class=\"elementor-widget-container\">\n\t\t\t\t\t\t\t\t\t\t\t\t\t\t\t<img fetchpriority=\"high\" decoding=\"async\" width=\"1080\" height=\"720\" src=\"https:\/\/lismoiunavenir.org\/wp-content\/uploads\/2023\/09\/kenza-rayess-presidente-fondation-rayess-lis-moi-un-avenir.jpeg\" class=\"attachment-full size-full wp-image-738\" alt=\"\" srcset=\"https:\/\/lismoiunavenir.org\/wp-content\/uploads\/2023\/09\/kenza-rayess-presidente-fondation-rayess-lis-moi-un-avenir.jpeg 1080w, https:\/\/lismoiunavenir.org\/wp-content\/uploads\/2023\/09\/kenza-rayess-presidente-fondation-rayess-lis-moi-un-avenir-300x200.jpeg 300w, https:\/\/lismoiunavenir.org\/wp-content\/uploads\/2023\/09\/kenza-rayess-presidente-fondation-rayess-lis-moi-un-avenir-1024x683.jpeg 1024w, https:\/\/lismoiunavenir.org\/wp-content\/uploads\/2023\/09\/kenza-rayess-presidente-fondation-rayess-lis-moi-un-avenir-768x512.jpeg 768w\" sizes=\"(max-width: 1080px) 100vw, 1080px\" \/>\t\t\t\t\t\t\t\t\t\t\t\t\t\t\t<\/div>\n\t\t\t\t<\/div>\n\t\t\t\t<div class=\"elementor-element elementor-element-f38e7e3 elementor-widget elementor-widget-spacer\" data-id=\"f38e7e3\" data-element_type=\"widget\" data-e-type=\"widget\" data-widget_type=\"spacer.default\">\n\t\t\t\t<div class=\"elementor-widget-container\">\n\t\t\t\t\t\t\t<div class=\"elementor-spacer\">\n\t\t\t<div class=\"elementor-spacer-inner\"><\/div>\n\t\t<\/div>\n\t\t\t\t\t\t<\/div>\n\t\t\t\t<\/div>\n\t\t\t\t<div class=\"elementor-element elementor-element-a92e75d elementor-widget elementor-widget-heading\" data-id=\"a92e75d\" data-element_type=\"widget\" data-e-type=\"widget\" data-widget_type=\"heading.default\">\n\t\t\t\t<div class=\"elementor-widget-container\">\n\t\t\t\t\t<h4 class=\"elementor-heading-title elementor-size-default\">Kenza Rayess<\/h4>\t\t\t\t<\/div>\n\t\t\t\t<\/div>\n\t\t\t\t<div class=\"elementor-element elementor-element-0fb6953 elementor-widget elementor-widget-heading\" data-id=\"0fb6953\" data-element_type=\"widget\" data-e-type=\"widget\" data-widget_type=\"heading.default\">\n\t\t\t\t<div class=\"elementor-widget-container\">\n\t\t\t\t\t<p class=\"elementor-heading-title elementor-size-default\">Pr\u00e9sidente<\/p>\t\t\t\t<\/div>\n\t\t\t\t<\/div>\n\t\t\t\t<\/div>\n\t\t\t\t\t<\/div>\n\t\t\t\t<\/div>\n\t\t<div class=\"elementor-element elementor-element-99e6f8f e-flex e-con-boxed e-con e-parent\" data-id=\"99e6f8f\" data-element_type=\"container\" data-e-type=\"container\" data-settings=\"{&quot;jet_parallax_layout_list&quot;:[],&quot;background_background&quot;:&quot;classic&quot;}\">\n\t\t\t\t\t<div class=\"e-con-inner\">\n\t\t\t\t<div class=\"elementor-element elementor-element-409bbcd elementor-widget elementor-widget-spacer\" data-id=\"409bbcd\" data-element_type=\"widget\" data-e-type=\"widget\" data-widget_type=\"spacer.default\">\n\t\t\t\t<div class=\"elementor-widget-container\">\n\t\t\t\t\t\t\t<div class=\"elementor-spacer\">\n\t\t\t<div class=\"elementor-spacer-inner\"><\/div>\n\t\t<\/div>\n\t\t\t\t\t\t<\/div>\n\t\t\t\t<\/div>\n\t\t\t\t<div class=\"elementor-element elementor-element-e8105a3 elementor-widget elementor-widget-heading\" data-id=\"e8105a3\" data-element_type=\"widget\" data-e-type=\"widget\" data-widget_type=\"heading.default\">\n\t\t\t\t<div class=\"elementor-widget-container\">\n\t\t\t\t\t<h2 class=\"elementor-heading-title elementor-size-default\">La Gouvernance de la Fondation Rayess <\/h2>\t\t\t\t<\/div>\n\t\t\t\t<\/div>\n\t\t\t\t<div class=\"elementor-element elementor-element-3f45d04 elementor-widget elementor-widget-text-editor\" data-id=\"3f45d04\" data-element_type=\"widget\" data-e-type=\"widget\" data-widget_type=\"text-editor.default\">\n\t\t\t\t<div class=\"elementor-widget-container\">\n\t\t\t\t\t\t\t\t\t<p>Le Conseil d\u2019Administration de la Fondation Rayess est compos\u00e9 de personnes de la soci\u00e9t\u00e9 civile, toutes engag\u00e9es pour l\u2019autonomisation des femmes et ayant une connaissance du tissu \u00e9conomique et social de la C\u00f4te d\u2019Ivoire.<\/p>\t\t\t\t\t\t\t\t<\/div>\n\t\t\t\t<\/div>\n\t\t\t\t\t<\/div>\n\t\t\t\t<\/div>\n\t\t<div class=\"elementor-element elementor-element-3a8ba0b e-flex e-con-boxed e-con e-parent\" data-id=\"3a8ba0b\" data-element_type=\"container\" data-e-type=\"container\" data-settings=\"{&quot;jet_parallax_layout_list&quot;:[],&quot;background_background&quot;:&quot;classic&quot;}\">\n\t\t\t\t\t<div class=\"e-con-inner\">\n\t\t\t\t<div class=\"elementor-element elementor-element-55ee3c9 elementor-widget__width-initial elementor-widget elementor-widget-jet-team-member\" data-id=\"55ee3c9\" data-element_type=\"widget\" data-e-type=\"widget\" data-widget_type=\"jet-team-member.default\">\n\t\t\t\t<div class=\"elementor-widget-container\">\n\t\t\t\t\t<div class=\"elementor-jet-team-member jet-elements\"><div class=\"jet-team-member\">\n\t<div class=\"jet-team-member__inner\">\n\t\t\t<div class=\"jet-team-member__image\">\n\t\t\t<div class=\"jet-team-member__cover\"><\/div>\n\t\t\t<figure class=\"jet-team-member__figure\"><img decoding=\"async\" width=\"1440\" height=\"960\" src=\"https:\/\/lismoiunavenir.org\/wp-content\/uploads\/2023\/08\/portrait-african-american-man-01.jpg\" class=\"jet-team-member__img-tag\" alt=\"portrait-african-american-man - 01\" srcset=\"https:\/\/lismoiunavenir.org\/wp-content\/uploads\/2023\/08\/portrait-african-american-man-01.jpg 1440w, https:\/\/lismoiunavenir.org\/wp-content\/uploads\/2023\/08\/portrait-african-american-man-01-300x200.jpg 300w, https:\/\/lismoiunavenir.org\/wp-content\/uploads\/2023\/08\/portrait-african-american-man-01-1024x683.jpg 1024w, https:\/\/lismoiunavenir.org\/wp-content\/uploads\/2023\/08\/portrait-african-american-man-01-768x512.jpg 768w\" sizes=\"(max-width: 1440px) 100vw, 1440px\" \/><\/figure>\t\t<\/div>\n\t\t<div class=\"jet-team-member__content\"><h3 class=\"jet-team-member__name\"><span class=\"jet-team-member__name-first\">John<\/span><span class=\"jet-team-member__name-last\"> Borthwick<\/span><\/h3><div class=\"jet-team-member__position\"><span>Position<\/span><\/div><p class=\"jet-team-member__desc\">Team member personal information<\/p><div class=\"jet-team-member__socials\"><\/div><\/div>\n\t<\/div>\n\t<\/div>\n<\/div>\t\t\t\t<\/div>\n\t\t\t\t<\/div>\n\t\t\t\t<div class=\"elementor-element elementor-element-0f4b98c elementor-widget__width-initial elementor-widget elementor-widget-jet-team-member\" data-id=\"0f4b98c\" data-element_type=\"widget\" data-e-type=\"widget\" data-widget_type=\"jet-team-member.default\">\n\t\t\t\t<div class=\"elementor-widget-container\">\n\t\t\t\t\t<div class=\"elementor-jet-team-member jet-elements\"><div class=\"jet-team-member\">\n\t<div class=\"jet-team-member__inner\">\n\t\t\t<div class=\"jet-team-member__image\">\n\t\t\t<div class=\"jet-team-member__cover\"><\/div>\n\t\t\t<figure class=\"jet-team-member__figure\"><img decoding=\"async\" width=\"1440\" height=\"960\" src=\"https:\/\/lismoiunavenir.org\/wp-content\/uploads\/2023\/08\/portrait-african-american-man-01.jpg\" class=\"jet-team-member__img-tag\" alt=\"portrait-african-american-man - 01\" srcset=\"https:\/\/lismoiunavenir.org\/wp-content\/uploads\/2023\/08\/portrait-african-american-man-01.jpg 1440w, https:\/\/lismoiunavenir.org\/wp-content\/uploads\/2023\/08\/portrait-african-american-man-01-300x200.jpg 300w, https:\/\/lismoiunavenir.org\/wp-content\/uploads\/2023\/08\/portrait-african-american-man-01-1024x683.jpg 1024w, https:\/\/lismoiunavenir.org\/wp-content\/uploads\/2023\/08\/portrait-african-american-man-01-768x512.jpg 768w\" sizes=\"(max-width: 1440px) 100vw, 1440px\" \/><\/figure>\t\t<\/div>\n\t\t<div class=\"jet-team-member__content\"><h3 class=\"jet-team-member__name\"><span class=\"jet-team-member__name-first\">John<\/span><span class=\"jet-team-member__name-last\"> Borthwick<\/span><\/h3><div class=\"jet-team-member__position\"><span>Position<\/span><\/div><p class=\"jet-team-member__desc\">Team member personal information<\/p><div class=\"jet-team-member__socials\"><\/div><\/div>\n\t<\/div>\n\t<\/div>\n<\/div>\t\t\t\t<\/div>\n\t\t\t\t<\/div>\n\t\t\t\t<div class=\"elementor-element elementor-element-6341667 elementor-widget__width-initial elementor-widget elementor-widget-jet-team-member\" data-id=\"6341667\" data-element_type=\"widget\" data-e-type=\"widget\" data-widget_type=\"jet-team-member.default\">\n\t\t\t\t<div class=\"elementor-widget-container\">\n\t\t\t\t\t<div class=\"elementor-jet-team-member jet-elements\"><div class=\"jet-team-member\">\n\t<div class=\"jet-team-member__inner\">\n\t\t\t<div class=\"jet-team-member__image\">\n\t\t\t<div class=\"jet-team-member__cover\"><\/div>\n\t\t\t<figure class=\"jet-team-member__figure\"><img decoding=\"async\" width=\"1440\" height=\"960\" src=\"https:\/\/lismoiunavenir.org\/wp-content\/uploads\/2023\/08\/portrait-african-american-man-01.jpg\" class=\"jet-team-member__img-tag\" alt=\"portrait-african-american-man - 01\" srcset=\"https:\/\/lismoiunavenir.org\/wp-content\/uploads\/2023\/08\/portrait-african-american-man-01.jpg 1440w, https:\/\/lismoiunavenir.org\/wp-content\/uploads\/2023\/08\/portrait-african-american-man-01-300x200.jpg 300w, https:\/\/lismoiunavenir.org\/wp-content\/uploads\/2023\/08\/portrait-african-american-man-01-1024x683.jpg 1024w, https:\/\/lismoiunavenir.org\/wp-content\/uploads\/2023\/08\/portrait-african-american-man-01-768x512.jpg 768w\" sizes=\"(max-width: 1440px) 100vw, 1440px\" \/><\/figure>\t\t<\/div>\n\t\t<div class=\"jet-team-member__content\"><h3 class=\"jet-team-member__name\"><span class=\"jet-team-member__name-first\">John<\/span><span class=\"jet-team-member__name-last\"> Borthwick<\/span><\/h3><div class=\"jet-team-member__position\"><span>Position<\/span><\/div><p class=\"jet-team-member__desc\">Team member personal information<\/p><div class=\"jet-team-member__socials\"><\/div><\/div>\n\t<\/div>\n\t<\/div>\n<\/div>\t\t\t\t<\/div>\n\t\t\t\t<\/div>\n\t\t\t\t\t<\/div>\n\t\t\t\t<\/div>\n\t\t<div class=\"elementor-element elementor-element-bedfb50 e-flex e-con-boxed e-con e-parent\" data-id=\"bedfb50\" data-element_type=\"container\" data-e-type=\"container\" data-settings=\"{&quot;background_background&quot;:&quot;classic&quot;,&quot;jet_parallax_layout_list&quot;:[]}\">\n\t\t\t\t\t<div class=\"e-con-inner\">\n\t\t\t\t<div class=\"elementor-element elementor-element-a06bbc2 elementor-widget elementor-widget-spacer\" data-id=\"a06bbc2\" data-element_type=\"widget\" data-e-type=\"widget\" data-widget_type=\"spacer.default\">\n\t\t\t\t<div class=\"elementor-widget-container\">\n\t\t\t\t\t\t\t<div class=\"elementor-spacer\">\n\t\t\t<div class=\"elementor-spacer-inner\"><\/div>\n\t\t<\/div>\n\t\t\t\t\t\t<\/div>\n\t\t\t\t<\/div>\n\t\t\t\t\t<\/div>\n\t\t\t\t<\/div>\n\t\t<div class=\"elementor-element elementor-element-39767ef e-flex e-con-boxed e-con e-parent\" data-id=\"39767ef\" data-element_type=\"container\" data-e-type=\"container\" data-settings=\"{&quot;jet_parallax_layout_list&quot;:[]}\">\n\t\t\t\t\t<div class=\"e-con-inner\">\n\t\t\t\t<div class=\"elementor-element elementor-element-5f889c9 elementor-widget elementor-widget-spacer\" data-id=\"5f889c9\" data-element_type=\"widget\" data-e-type=\"widget\" data-widget_type=\"spacer.default\">\n\t\t\t\t<div class=\"elementor-widget-container\">\n\t\t\t\t\t\t\t<div class=\"elementor-spacer\">\n\t\t\t<div class=\"elementor-spacer-inner\"><\/div>\n\t\t<\/div>\n\t\t\t\t\t\t<\/div>\n\t\t\t\t<\/div>\n\t\t\t\t<div class=\"elementor-element elementor-element-84ff7dc elementor-widget elementor-widget-heading\" data-id=\"84ff7dc\" data-element_type=\"widget\" data-e-type=\"widget\" data-widget_type=\"heading.default\">\n\t\t\t\t<div class=\"elementor-widget-container\">\n\t\t\t\t\t<h2 class=\"elementor-heading-title elementor-size-default\">Notre \u00e9quipe<\/h2>\t\t\t\t<\/div>\n\t\t\t\t<\/div>\n\t\t\t\t<div class=\"elementor-element elementor-element-c3c0bf9 elementor-widget elementor-widget-text-editor\" data-id=\"c3c0bf9\" data-element_type=\"widget\" data-e-type=\"widget\" data-widget_type=\"text-editor.default\">\n\t\t\t\t<div class=\"elementor-widget-container\">\n\t\t\t\t\t\t\t\t\t<p>Sur le terrain, notre \u00e9quipe compos\u00e9e de femmes et d&rsquo;hommes de terrain accompagnent nos b\u00e9n\u00e9ficiaires dans leur parcours.<\/p>\t\t\t\t\t\t\t\t<\/div>\n\t\t\t\t<\/div>\n\t\t\t\t\t<\/div>\n\t\t\t\t<\/div>\n\t\t<div class=\"elementor-element elementor-element-97b740b e-flex e-con-boxed e-con e-parent\" data-id=\"97b740b\" data-element_type=\"container\" data-e-type=\"container\" data-settings=\"{&quot;jet_parallax_layout_list&quot;:[],&quot;background_background&quot;:&quot;classic&quot;}\">\n\t\t\t\t\t<div class=\"e-con-inner\">\n\t\t\t\t<div class=\"elementor-element elementor-element-fb658e6 elementor-widget__width-initial elementor-widget elementor-widget-jet-team-member\" data-id=\"fb658e6\" data-element_type=\"widget\" data-e-type=\"widget\" data-widget_type=\"jet-team-member.default\">\n\t\t\t\t<div class=\"elementor-widget-container\">\n\t\t\t\t\t<div class=\"elementor-jet-team-member jet-elements\"><div class=\"jet-team-member\">\n\t<div class=\"jet-team-member__inner\">\n\t\t\t<div class=\"jet-team-member__image\">\n\t\t\t<div class=\"jet-team-member__cover\"><\/div>\n\t\t\t<figure class=\"jet-team-member__figure\"><img decoding=\"async\" width=\"1440\" height=\"960\" src=\"https:\/\/lismoiunavenir.org\/wp-content\/uploads\/2023\/08\/portrait-african-american-man-01.jpg\" class=\"jet-team-member__img-tag\" alt=\"portrait-african-american-man - 01\" srcset=\"https:\/\/lismoiunavenir.org\/wp-content\/uploads\/2023\/08\/portrait-african-american-man-01.jpg 1440w, https:\/\/lismoiunavenir.org\/wp-content\/uploads\/2023\/08\/portrait-african-american-man-01-300x200.jpg 300w, https:\/\/lismoiunavenir.org\/wp-content\/uploads\/2023\/08\/portrait-african-american-man-01-1024x683.jpg 1024w, https:\/\/lismoiunavenir.org\/wp-content\/uploads\/2023\/08\/portrait-african-american-man-01-768x512.jpg 768w\" sizes=\"(max-width: 1440px) 100vw, 1440px\" \/><\/figure>\t\t<\/div>\n\t\t<div class=\"jet-team-member__content\"><h3 class=\"jet-team-member__name\"><span class=\"jet-team-member__name-first\">Isabelle<\/span><span class=\"jet-team-member__name-last\"> Zongo<\/span><\/h3><div class=\"jet-team-member__position\"><span>Coordinatrice Projets et Programmes <\/span><\/div><p class=\"jet-team-member__desc\">Team member personal information<\/p><div class=\"jet-team-member__socials\"><\/div><\/div>\n\t<\/div>\n\t<\/div>\n<\/div>\t\t\t\t<\/div>\n\t\t\t\t<\/div>\n\t\t\t\t<div class=\"elementor-element elementor-element-619b3b1 elementor-widget__width-initial elementor-widget elementor-widget-jet-team-member\" data-id=\"619b3b1\" data-element_type=\"widget\" data-e-type=\"widget\" data-widget_type=\"jet-team-member.default\">\n\t\t\t\t<div class=\"elementor-widget-container\">\n\t\t\t\t\t<div class=\"elementor-jet-team-member jet-elements\"><div class=\"jet-team-member\">\n\t<div class=\"jet-team-member__inner\">\n\t\t\t<div class=\"jet-team-member__image\">\n\t\t\t<div class=\"jet-team-member__cover\"><\/div>\n\t\t\t<figure class=\"jet-team-member__figure\"><img decoding=\"async\" width=\"1440\" height=\"960\" src=\"https:\/\/lismoiunavenir.org\/wp-content\/uploads\/2023\/08\/portrait-african-american-man-01.jpg\" class=\"jet-team-member__img-tag\" alt=\"portrait-african-american-man - 01\" srcset=\"https:\/\/lismoiunavenir.org\/wp-content\/uploads\/2023\/08\/portrait-african-american-man-01.jpg 1440w, https:\/\/lismoiunavenir.org\/wp-content\/uploads\/2023\/08\/portrait-african-american-man-01-300x200.jpg 300w, https:\/\/lismoiunavenir.org\/wp-content\/uploads\/2023\/08\/portrait-african-american-man-01-1024x683.jpg 1024w, https:\/\/lismoiunavenir.org\/wp-content\/uploads\/2023\/08\/portrait-african-american-man-01-768x512.jpg 768w\" sizes=\"(max-width: 1440px) 100vw, 1440px\" \/><\/figure>\t\t<\/div>\n\t\t<div class=\"jet-team-member__content\"><h3 class=\"jet-team-member__name\"><span class=\"jet-team-member__name-first\">Oboucl\u00e9  <\/span><span class=\"jet-team-member__name-last\"> Patricia<\/span><\/h3><div class=\"jet-team-member__position\"><span>Enseignante en Alphab\u00e9tisation - Niveau 2<\/span><\/div><p class=\"jet-team-member__desc\">Team member personal information<\/p><div class=\"jet-team-member__socials\"><\/div><\/div>\n\t<\/div>\n\t<\/div>\n<\/div>\t\t\t\t<\/div>\n\t\t\t\t<\/div>\n\t\t\t\t<div class=\"elementor-element elementor-element-c04c5fb elementor-widget__width-initial elementor-widget elementor-widget-jet-team-member\" data-id=\"c04c5fb\" data-element_type=\"widget\" data-e-type=\"widget\" data-widget_type=\"jet-team-member.default\">\n\t\t\t\t<div class=\"elementor-widget-container\">\n\t\t\t\t\t<div class=\"elementor-jet-team-member jet-elements\"><div class=\"jet-team-member\">\n\t<div class=\"jet-team-member__inner\">\n\t\t\t<div class=\"jet-team-member__image\">\n\t\t\t<div class=\"jet-team-member__cover\"><\/div>\n\t\t\t<figure class=\"jet-team-member__figure\"><img decoding=\"async\" width=\"1440\" height=\"960\" src=\"https:\/\/lismoiunavenir.org\/wp-content\/uploads\/2023\/08\/portrait-african-american-man-01.jpg\" class=\"jet-team-member__img-tag\" alt=\"portrait-african-american-man - 01\" srcset=\"https:\/\/lismoiunavenir.org\/wp-content\/uploads\/2023\/08\/portrait-african-american-man-01.jpg 1440w, https:\/\/lismoiunavenir.org\/wp-content\/uploads\/2023\/08\/portrait-african-american-man-01-300x200.jpg 300w, https:\/\/lismoiunavenir.org\/wp-content\/uploads\/2023\/08\/portrait-african-american-man-01-1024x683.jpg 1024w, https:\/\/lismoiunavenir.org\/wp-content\/uploads\/2023\/08\/portrait-african-american-man-01-768x512.jpg 768w\" sizes=\"(max-width: 1440px) 100vw, 1440px\" \/><\/figure>\t\t<\/div>\n\t\t<div class=\"jet-team-member__content\"><h3 class=\"jet-team-member__name\"><span class=\"jet-team-member__name-first\">Chantal <\/span><span class=\"jet-team-member__name-last\"> Borthwick<\/span><\/h3><div class=\"jet-team-member__position\"><span>Enseignante en Alphab\u00e9tisation -  Niveau 1<\/span><\/div><p class=\"jet-team-member__desc\">Team member personal information<\/p><div class=\"jet-team-member__socials\"><\/div><\/div>\n\t<\/div>\n\t<\/div>\n<\/div>\t\t\t\t<\/div>\n\t\t\t\t<\/div>\n\t\t\t\t\t<\/div>\n\t\t\t\t<\/div>\n\t\t<div class=\"elementor-element elementor-element-945c808 e-flex e-con-boxed e-con e-parent\" data-id=\"945c808\" data-element_type=\"container\" data-e-type=\"container\" data-settings=\"{&quot;jet_parallax_layout_list&quot;:[],&quot;background_background&quot;:&quot;classic&quot;}\">\n\t\t\t\t\t<div class=\"e-con-inner\">\n\t\t\t\t<div class=\"elementor-element elementor-element-a16ddea elementor-widget__width-initial elementor-widget elementor-widget-jet-team-member\" data-id=\"a16ddea\" data-element_type=\"widget\" data-e-type=\"widget\" data-widget_type=\"jet-team-member.default\">\n\t\t\t\t<div class=\"elementor-widget-container\">\n\t\t\t\t\t<div class=\"elementor-jet-team-member jet-elements\"><div class=\"jet-team-member\">\n\t<div class=\"jet-team-member__inner\">\n\t\t\t<div class=\"jet-team-member__image\">\n\t\t\t<div class=\"jet-team-member__cover\"><\/div>\n\t\t\t<figure class=\"jet-team-member__figure\"><img decoding=\"async\" width=\"1440\" height=\"960\" src=\"https:\/\/lismoiunavenir.org\/wp-content\/uploads\/2023\/08\/portrait-african-american-man-01.jpg\" class=\"jet-team-member__img-tag\" alt=\"portrait-african-american-man - 01\" srcset=\"https:\/\/lismoiunavenir.org\/wp-content\/uploads\/2023\/08\/portrait-african-american-man-01.jpg 1440w, https:\/\/lismoiunavenir.org\/wp-content\/uploads\/2023\/08\/portrait-african-american-man-01-300x200.jpg 300w, https:\/\/lismoiunavenir.org\/wp-content\/uploads\/2023\/08\/portrait-african-american-man-01-1024x683.jpg 1024w, https:\/\/lismoiunavenir.org\/wp-content\/uploads\/2023\/08\/portrait-african-american-man-01-768x512.jpg 768w\" sizes=\"(max-width: 1440px) 100vw, 1440px\" \/><\/figure>\t\t<\/div>\n\t\t<div class=\"jet-team-member__content\"><h3 class=\"jet-team-member__name\"><span class=\"jet-team-member__name-first\">Salimatou<\/span><span class=\"jet-team-member__name-last\"> Borthwick<\/span><\/h3><div class=\"jet-team-member__position\"><span>Office Manager - Enseignante en Alphab\u00e9tisation Niveau 0<\/span><\/div><p class=\"jet-team-member__desc\">Team member personal information<\/p><div class=\"jet-team-member__socials\"><\/div><\/div>\n\t<\/div>\n\t<\/div>\n<\/div>\t\t\t\t<\/div>\n\t\t\t\t<\/div>\n\t\t\t\t<div class=\"elementor-element elementor-element-fbe0e19 elementor-widget__width-initial elementor-widget elementor-widget-jet-team-member\" data-id=\"fbe0e19\" data-element_type=\"widget\" data-e-type=\"widget\" data-widget_type=\"jet-team-member.default\">\n\t\t\t\t<div class=\"elementor-widget-container\">\n\t\t\t\t\t<div class=\"elementor-jet-team-member jet-elements\"><div class=\"jet-team-member\">\n\t<div class=\"jet-team-member__inner\">\n\t\t\t<div class=\"jet-team-member__image\">\n\t\t\t<div class=\"jet-team-member__cover\"><\/div>\n\t\t\t<figure class=\"jet-team-member__figure\"><img decoding=\"async\" width=\"1440\" height=\"960\" src=\"https:\/\/lismoiunavenir.org\/wp-content\/uploads\/2023\/08\/portrait-african-american-man-01.jpg\" class=\"jet-team-member__img-tag\" alt=\"portrait-african-american-man - 01\" srcset=\"https:\/\/lismoiunavenir.org\/wp-content\/uploads\/2023\/08\/portrait-african-american-man-01.jpg 1440w, https:\/\/lismoiunavenir.org\/wp-content\/uploads\/2023\/08\/portrait-african-american-man-01-300x200.jpg 300w, https:\/\/lismoiunavenir.org\/wp-content\/uploads\/2023\/08\/portrait-african-american-man-01-1024x683.jpg 1024w, https:\/\/lismoiunavenir.org\/wp-content\/uploads\/2023\/08\/portrait-african-american-man-01-768x512.jpg 768w\" sizes=\"(max-width: 1440px) 100vw, 1440px\" \/><\/figure>\t\t<\/div>\n\t\t<div class=\"jet-team-member__content\"><h3 class=\"jet-team-member__name\"><span class=\"jet-team-member__name-first\">Akapo Koffi <\/span><span class=\"jet-team-member__name-last\"> Arnaud<\/span><\/h3><div class=\"jet-team-member__position\"><span>Couturier Styliste mod\u00e9liste - Formateur en Couture <\/span><\/div><p class=\"jet-team-member__desc\">Team member personal information<\/p><div class=\"jet-team-member__socials\"><\/div><\/div>\n\t<\/div>\n\t<\/div>\n<\/div>\t\t\t\t<\/div>\n\t\t\t\t<\/div>\n\t\t\t\t<div class=\"elementor-element elementor-element-6e13a86 elementor-widget__width-initial elementor-widget elementor-widget-jet-team-member\" data-id=\"6e13a86\" data-element_type=\"widget\" data-e-type=\"widget\" data-widget_type=\"jet-team-member.default\">\n\t\t\t\t<div class=\"elementor-widget-container\">\n\t\t\t\t\t<div class=\"elementor-jet-team-member jet-elements\"><div class=\"jet-team-member\">\n\t<div class=\"jet-team-member__inner\">\n\t\t\t<div class=\"jet-team-member__image\">\n\t\t\t<div class=\"jet-team-member__cover\"><\/div>\n\t\t\t<figure class=\"jet-team-member__figure\"><img decoding=\"async\" width=\"1440\" height=\"960\" src=\"https:\/\/lismoiunavenir.org\/wp-content\/uploads\/2023\/08\/portrait-african-american-man-01.jpg\" class=\"jet-team-member__img-tag\" alt=\"portrait-african-american-man - 01\" srcset=\"https:\/\/lismoiunavenir.org\/wp-content\/uploads\/2023\/08\/portrait-african-american-man-01.jpg 1440w, https:\/\/lismoiunavenir.org\/wp-content\/uploads\/2023\/08\/portrait-african-american-man-01-300x200.jpg 300w, https:\/\/lismoiunavenir.org\/wp-content\/uploads\/2023\/08\/portrait-african-american-man-01-1024x683.jpg 1024w, https:\/\/lismoiunavenir.org\/wp-content\/uploads\/2023\/08\/portrait-african-american-man-01-768x512.jpg 768w\" sizes=\"(max-width: 1440px) 100vw, 1440px\" \/><\/figure>\t\t<\/div>\n\t\t<div class=\"jet-team-member__content\"><h3 class=\"jet-team-member__name\"><span class=\"jet-team-member__name-first\">In\u00e8s  <\/span><span class=\"jet-team-member__name-last\"> Ogou<\/span><\/h3><div class=\"jet-team-member__position\"><span>Formatrice Coiffure <\/span><\/div><p class=\"jet-team-member__desc\">Team member personal information<\/p><div class=\"jet-team-member__socials\"><\/div><\/div>\n\t<\/div>\n\t<\/div>\n<\/div>\t\t\t\t<\/div>\n\t\t\t\t<\/div>\n\t\t\t\t\t<\/div>\n\t\t\t\t<\/div>\n\t\t<div class=\"elementor-element elementor-element-d8a6ecf e-flex e-con-boxed e-con e-parent\" data-id=\"d8a6ecf\" data-element_type=\"container\" data-e-type=\"container\" data-settings=\"{&quot;jet_parallax_layout_list&quot;:[]}\">\n\t\t\t\t\t<div class=\"e-con-inner\">\n\t\t\t\t<div class=\"elementor-element elementor-element-0b1d3d7 elementor-widget elementor-widget-spacer\" data-id=\"0b1d3d7\" data-element_type=\"widget\" data-e-type=\"widget\" data-widget_type=\"spacer.default\">\n\t\t\t\t<div class=\"elementor-widget-container\">\n\t\t\t\t\t\t\t<div class=\"elementor-spacer\">\n\t\t\t<div class=\"elementor-spacer-inner\"><\/div>\n\t\t<\/div>\n\t\t\t\t\t\t<\/div>\n\t\t\t\t<\/div>\n\t\t\t\t\t<\/div>\n\t\t\t\t<\/div>\n\t\t\t\t<\/div>\n\t\t","protected":false},"excerpt":{"rendered":"<p>MOT DE LA PR\u00c9SIDENTE La Fondation Nady Rayess &#8211; Lis moi un avenir a pour projet de contribuer \u00e0 l\u2019\u00e9mancipation f\u00e9minine \u00e0 travers l\u2019alphab\u00e9tisation, la scolarisation et la formation \u00e0 un m\u00e9tier de jeunes filles d\u00e9favoris\u00e9es et de femmes en C\u00f4te d\u2019Ivoire. L\u2019alphab\u00e9tisation et la formation \u00e0 un m\u00e9tier sont de puissants leviers pour appuyer [&hellip;]<\/p>\n","protected":false},"author":1,"featured_media":0,"parent":50,"menu_order":14,"comment_status":"closed","ping_status":"closed","template":"","meta":{"footnotes":""},"class_list":["post-62","page","type-page","status-publish","hentry"],"_links":{"self":[{"href":"https:\/\/lismoiunavenir.org\/index.php?rest_route=\/wp\/v2\/pages\/62","targetHints":{"allow":["GET"]}}],"collection":[{"href":"https:\/\/lismoiunavenir.org\/index.php?rest_route=\/wp\/v2\/pages"}],"about":[{"href":"https:\/\/lismoiunavenir.org\/index.php?rest_route=\/wp\/v2\/types\/page"}],"author":[{"embeddable":true,"href":"https:\/\/lismoiunavenir.org\/index.php?rest_route=\/wp\/v2\/users\/1"}],"replies":[{"embeddable":true,"href":"https:\/\/lismoiunavenir.org\/index.php?rest_route=%2Fwp%2Fv2%2Fcomments&post=62"}],"version-history":[{"count":39,"href":"https:\/\/lismoiunavenir.org\/index.php?rest_route=\/wp\/v2\/pages\/62\/revisions"}],"predecessor-version":[{"id":1775,"href":"https:\/\/lismoiunavenir.org\/index.php?rest_route=\/wp\/v2\/pages\/62\/revisions\/1775"}],"up":[{"embeddable":true,"href":"https:\/\/lismoiunavenir.org\/index.php?rest_route=\/wp\/v2\/pages\/50"}],"wp:attachment":[{"href":"https:\/\/lismoiunavenir.org\/index.php?rest_route=%2Fwp%2Fv2%2Fmedia&parent=62"}],"curies":[{"name":"wp","href":"https:\/\/api.w.org\/{rel}","templated":true}]}}