{"id":58,"date":"2023-08-03T06:27:37","date_gmt":"2023-08-03T06:27:37","guid":{"rendered":"https:\/\/staging.lismoiunavenir.org\/?page_id=58"},"modified":"2025-09-19T17:58:41","modified_gmt":"2025-09-19T17:58:41","slug":"la-fondation-rayess","status":"publish","type":"page","link":"https:\/\/lismoiunavenir.org\/?page_id=58","title":{"rendered":"La fondation Rayess"},"content":{"rendered":"\t\t<div data-elementor-type=\"wp-page\" data-elementor-id=\"58\" class=\"elementor elementor-58\" data-elementor-post-type=\"page\">\n\t\t\t\t<div class=\"elementor-element elementor-element-f86eaf8 e-flex e-con-boxed e-con e-parent\" data-id=\"f86eaf8\" data-element_type=\"container\" data-e-type=\"container\" data-settings=\"{&quot;background_background&quot;:&quot;classic&quot;,&quot;jet_parallax_layout_list&quot;:[]}\">\n\t\t\t\t\t<div class=\"e-con-inner\">\n\t\t\t\t<div class=\"elementor-element elementor-element-bcf6474 elementor-widget elementor-widget-heading\" data-id=\"bcf6474\" data-element_type=\"widget\" data-e-type=\"widget\" data-widget_type=\"heading.default\">\n\t\t\t\t<div class=\"elementor-widget-container\">\n\t\t\t\t\t<h2 class=\"elementor-heading-title elementor-size-default\">La fondation Rayess<\/h2>\t\t\t\t<\/div>\n\t\t\t\t<\/div>\n\t\t\t\t\t<\/div>\n\t\t\t\t<\/div>\n\t\t<div class=\"elementor-element elementor-element-e4851ed e-flex e-con-boxed e-con e-parent\" data-id=\"e4851ed\" data-element_type=\"container\" data-e-type=\"container\" data-settings=\"{&quot;jet_parallax_layout_list&quot;:[],&quot;background_background&quot;:&quot;classic&quot;}\">\n\t\t\t\t\t<div class=\"e-con-inner\">\n\t\t\t\t<div class=\"elementor-element elementor-element-7f5cb39 elementor-widget elementor-widget-heading\" data-id=\"7f5cb39\" data-element_type=\"widget\" data-e-type=\"widget\" data-widget_type=\"heading.default\">\n\t\t\t\t<div class=\"elementor-widget-container\">\n\t\t\t\t\t<h2 class=\"elementor-heading-title elementor-size-default\">Accompagner les filles et les femmes a\u0300 se prendre en charge par elles-me\u0302mes<\/h2>\t\t\t\t<\/div>\n\t\t\t\t<\/div>\n\t\t\t\t<div class=\"elementor-element elementor-element-2c2758c elementor-widget elementor-widget-video\" data-id=\"2c2758c\" data-element_type=\"widget\" data-e-type=\"widget\" data-settings=\"{&quot;youtube_url&quot;:&quot;https:\\\/\\\/youtu.be\\\/k5iSOvNkIOQ?si=qAoQYMSHCmaMq5OR&quot;,&quot;video_type&quot;:&quot;youtube&quot;,&quot;controls&quot;:&quot;yes&quot;}\" data-widget_type=\"video.default\">\n\t\t\t\t<div class=\"elementor-widget-container\">\n\t\t\t\t\t\t\t<div class=\"elementor-wrapper elementor-open-inline\">\n\t\t\t<div class=\"elementor-video\"><\/div>\t\t<\/div>\n\t\t\t\t\t\t<\/div>\n\t\t\t\t<\/div>\n\t\t\t\t\t<\/div>\n\t\t\t\t<\/div>\n\t\t<div class=\"elementor-element elementor-element-ee97938 e-flex e-con-boxed e-con e-parent\" data-id=\"ee97938\" data-element_type=\"container\" data-e-type=\"container\" data-settings=\"{&quot;background_background&quot;:&quot;classic&quot;,&quot;jet_parallax_layout_list&quot;:[]}\">\n\t\t\t\t\t<div class=\"e-con-inner\">\n\t\t<div class=\"elementor-element elementor-element-a4b1f61 e-con-full e-flex e-con e-child\" data-id=\"a4b1f61\" data-element_type=\"container\" data-e-type=\"container\" data-settings=\"{&quot;background_background&quot;:&quot;classic&quot;,&quot;jet_parallax_layout_list&quot;:[]}\">\n\t\t\t\t<\/div>\n\t\t<div class=\"elementor-element elementor-element-4632125 e-con-full e-flex e-con e-child\" data-id=\"4632125\" data-element_type=\"container\" data-e-type=\"container\" data-settings=\"{&quot;jet_parallax_layout_list&quot;:[]}\">\n\t\t\t\t<div class=\"elementor-element elementor-element-18f3d3f elementor-widget elementor-widget-text-editor\" data-id=\"18f3d3f\" data-element_type=\"widget\" data-e-type=\"widget\" data-widget_type=\"text-editor.default\">\n\t\t\t\t<div class=\"elementor-widget-container\">\n\t\t\t\t\t\t\t\t\t<div class=\"page\" title=\"Page 2\"><div class=\"layoutArea\"><div class=\"column\"><p><strong>La Fondation Rayess a de\u0301bute\u0301 ses activite\u0301s en 2015 en re\u0301alisant des dons de denre\u0301es alimentaires au profit des plus de\u0301munis et en organisant des arbres de Noe\u0308l.<\/strong><\/p><p>Chemin faisant, elle a constate\u0301 un degre\u0301 e\u0301leve\u0301 de vulne\u0301rabilite\u0301 des jeunes filles en Co\u0302te d\u2019Ivoire et identifie\u0301 leurs besoins en accompagnement. Des salles de classes et de formations ont donc e\u0301te\u0301 ame\u0301nage\u0301es dans des conteneurs et c\u2019est ainsi qu\u2019en 2016, le premier programme d\u2019e\u0301ducation et de formation est ne\u0301 pour accueillir les filles et les femmes du Village de YapoKro. Malheureusement, ce village a e\u0301te\u0301 rase\u0301 par les autorite\u0301s publiques. Les formations et l\u2019accompagnement ont du\u0302 prendre fin.<\/p><p>Pour pallier la situation, la Fondation Nady Rayess s\u2019est lance\u0301e le de\u0301fi d\u2019acque\u0301rir un terrain \u00e0 Koumassi pour construire un cadre sain, propice a\u0300 l\u2019apprentissage. Les travaux ont de\u0301bute\u0301 en 2019 et ont e\u0301te\u0301 ralenti par la crise de covid 19 puis par le de\u0301ce\u0300s de la Pre\u0301sidente survenu en 2021.<\/p><p>La nouvelle Pre\u0301sidente soucieuse de poursuivre le projet a entame\u0301 une refonte du programme d\u2019incubation afin de l\u2019inscrire dans la dure\u0301e.<\/p><\/div><\/div><\/div>\t\t\t\t\t\t\t\t<\/div>\n\t\t\t\t<\/div>\n\t\t\t\t<\/div>\n\t\t\t\t\t<\/div>\n\t\t\t\t<\/div>\n\t\t<div class=\"elementor-element elementor-element-7aaa790 e-flex e-con-boxed e-con e-parent\" data-id=\"7aaa790\" data-element_type=\"container\" data-e-type=\"container\" data-settings=\"{&quot;background_background&quot;:&quot;classic&quot;,&quot;jet_parallax_layout_list&quot;:[]}\">\n\t\t\t\t\t<div class=\"e-con-inner\">\n\t\t<div class=\"elementor-element elementor-element-4bb0c74 e-con-full e-flex e-con e-child\" data-id=\"4bb0c74\" data-element_type=\"container\" data-e-type=\"container\" data-settings=\"{&quot;jet_parallax_layout_list&quot;:[]}\">\n\t\t\t\t<div class=\"elementor-element elementor-element-042c330 elementor-widget elementor-widget-heading\" data-id=\"042c330\" data-element_type=\"widget\" data-e-type=\"widget\" data-widget_type=\"heading.default\">\n\t\t\t\t<div class=\"elementor-widget-container\">\n\t\t\t\t\t<h2 class=\"elementor-heading-title elementor-size-default\">NOTRE VISION<\/h2>\t\t\t\t<\/div>\n\t\t\t\t<\/div>\n\t\t\t\t<div class=\"elementor-element elementor-element-9c1e168 elementor-widget elementor-widget-text-editor\" data-id=\"9c1e168\" data-element_type=\"widget\" data-e-type=\"widget\" data-widget_type=\"text-editor.default\">\n\t\t\t\t<div class=\"elementor-widget-container\">\n\t\t\t\t\t\t\t\t\t<div class=\"page\" title=\"Page 2\"><div class=\"layoutArea\"><div class=\"column\"><p><b>La Fondation Nady Rayess &#8211; Lis moi un avenir a pour projet de contribuer a\u0300 l\u2019e\u0301mancipation fe\u0301minine a\u0300 travers l\u2019alphabe\u0301tisation, la scolarisation et la formation a\u0300 un me\u0301tier de jeunes filles de\u0301favorise\u0301es et de femmes en Co\u0302te d\u2019Ivoire.<\/b><\/p><p>Convaincu.e.s que l\u2019alphabe\u0301tisation et la formation a\u0300 un me\u0301tier sont de puissants leviers pour appuyer l\u2019e\u0301mancipation des femmes et renforcer leur pleine participation au de\u0301veloppement de leur communaute\u0301, notre approche vise a\u0300 de\u0301ployer des solutions d\u2019accompagnement et d\u2019e\u0301ducation innovantes et adapte\u0301es au contexte et aux besoins des femmes, pour un e\u0301mancipation et autonomisation des femmes plus durable et pour un e\u0301cosyste\u0300me plus inclusif valorisant notamment l\u2019e\u0301galite\u0301 des sexes et des chances.<\/p><\/div><\/div><\/div>\t\t\t\t\t\t\t\t<\/div>\n\t\t\t\t<\/div>\n\t\t\t\t<\/div>\n\t\t<div class=\"elementor-element elementor-element-929936e e-con-full e-flex e-con e-child\" data-id=\"929936e\" data-element_type=\"container\" data-e-type=\"container\" data-settings=\"{&quot;background_background&quot;:&quot;classic&quot;,&quot;jet_parallax_layout_list&quot;:[]}\">\n\t\t\t\t<\/div>\n\t\t\t\t\t<\/div>\n\t\t\t\t<\/div>\n\t\t<div class=\"elementor-element elementor-element-828f49a e-flex e-con-boxed e-con e-parent\" data-id=\"828f49a\" data-element_type=\"container\" data-e-type=\"container\" data-settings=\"{&quot;background_background&quot;:&quot;classic&quot;,&quot;jet_parallax_layout_list&quot;:[]}\">\n\t\t\t\t\t<div class=\"e-con-inner\">\n\t\t<div class=\"elementor-element elementor-element-e80b17c e-con-full e-flex e-con e-child\" data-id=\"e80b17c\" data-element_type=\"container\" data-e-type=\"container\" data-settings=\"{&quot;background_background&quot;:&quot;classic&quot;,&quot;jet_parallax_layout_list&quot;:[]}\">\n\t\t\t\t<\/div>\n\t\t<div class=\"elementor-element elementor-element-f0dd596 e-con-full e-flex e-con e-child\" data-id=\"f0dd596\" data-element_type=\"container\" data-e-type=\"container\" data-settings=\"{&quot;jet_parallax_layout_list&quot;:[]}\">\n\t\t\t\t<div class=\"elementor-element elementor-element-51eef08 elementor-widget elementor-widget-heading\" data-id=\"51eef08\" data-element_type=\"widget\" data-e-type=\"widget\" data-widget_type=\"heading.default\">\n\t\t\t\t<div class=\"elementor-widget-container\">\n\t\t\t\t\t<h2 class=\"elementor-heading-title elementor-size-default\">NOTRE MISSION<\/h2>\t\t\t\t<\/div>\n\t\t\t\t<\/div>\n\t\t\t\t<div class=\"elementor-element elementor-element-d1c7b8f elementor-widget elementor-widget-heading\" data-id=\"d1c7b8f\" data-element_type=\"widget\" data-e-type=\"widget\" data-widget_type=\"heading.default\">\n\t\t\t\t<div class=\"elementor-widget-container\">\n\t\t\t\t\t<h2 class=\"elementor-heading-title elementor-size-default\">Pourquoi et comment nous travaillons <\/h2>\t\t\t\t<\/div>\n\t\t\t\t<\/div>\n\t\t\t\t<div class=\"elementor-element elementor-element-fb0bfb1 elementor-widget elementor-widget-text-editor\" data-id=\"fb0bfb1\" data-element_type=\"widget\" data-e-type=\"widget\" data-widget_type=\"text-editor.default\">\n\t\t\t\t<div class=\"elementor-widget-container\">\n\t\t\t\t\t\t\t\t\t<div title=\"Page 2\"><div><div><div title=\"Page 2\"><div><div><p><b>Les taux de scolarisation des filles sont les plus faibles en Afrique Subsaharienne. En effet, en 2013, le rapport mondial de suivi de l\u2019EPT indiquait que la Co\u0302te d\u2019Ivoire se plac\u0327ait parmi les 10 pays les moins bien place\u0301s en terme\u00a0<\/b><span style=\"color: var( --e-global-color-primary ); font-family: var( --e-global-typography-text-font-family ), Sans-serif; font-weight: var( --e-global-typography-text-font-weight ); text-align: var(--text-align); font-size: 1rem;\">d\u2019e\u0301ducation des filles, en particulier parmi le pourcentage de filles a\u0302ge\u0301es de 7 a\u0300 16 ans qui n\u2019ont jamais e\u0301te\u0301 scolarise\u0301es.<\/span><\/p><div title=\"Page 3\"><div><div><p>Notre mission principale est de recueillir et aider les filles qui n\u2019ont jamais e\u0301te\u0301 scolarise\u0301es ou qui ont e\u0301te\u0301 de\u0301scolarise\u0301es. Elles se placent en premie\u0300re ligne dans le combat pour l\u2019e\u0301mancipation fe\u0301minine et l\u2019e\u0301galite\u0301 des sexes.<\/p><p>C\u2019est pourquoi, nous de\u0301veloppons des projets et programmes d\u2019alphabe\u0301tisation et de formation des jeunes filles de\u0301favorise\u0301es en Co\u0302te d\u2019Ivoire en privile\u0301giant une approche holistique et en engageant un large e\u0301ventail de parties prenantes en vue de cre\u0301er un e\u0301cosyste\u0300me plus inclusif.<\/p><\/div><\/div><\/div><\/div><\/div><\/div><\/div><\/div><\/div>\t\t\t\t\t\t\t\t<\/div>\n\t\t\t\t<\/div>\n\t\t\t\t<\/div>\n\t\t\t\t\t<\/div>\n\t\t\t\t<\/div>\n\t\t<div class=\"elementor-element elementor-element-041172a e-flex e-con-boxed e-con e-parent\" data-id=\"041172a\" data-element_type=\"container\" data-e-type=\"container\" data-settings=\"{&quot;background_background&quot;:&quot;classic&quot;,&quot;jet_parallax_layout_list&quot;:[]}\">\n\t\t\t\t\t<div class=\"e-con-inner\">\n\t\t<div class=\"elementor-element elementor-element-4a95e1b e-con-full e-flex e-con e-child\" data-id=\"4a95e1b\" data-element_type=\"container\" data-e-type=\"container\" data-settings=\"{&quot;jet_parallax_layout_list&quot;:[]}\">\n\t\t\t\t<div class=\"elementor-element elementor-element-5b37ad0 elementor-widget elementor-widget-heading\" data-id=\"5b37ad0\" data-element_type=\"widget\" data-e-type=\"widget\" data-widget_type=\"heading.default\">\n\t\t\t\t<div class=\"elementor-widget-container\">\n\t\t\t\t\t<h2 class=\"elementor-heading-title elementor-size-default\">Ce que nous faisons<\/h2>\t\t\t\t<\/div>\n\t\t\t\t<\/div>\n\t\t\t\t<div class=\"elementor-element elementor-element-a3e9d76 elementor-widget elementor-widget-heading\" data-id=\"a3e9d76\" data-element_type=\"widget\" data-e-type=\"widget\" data-widget_type=\"heading.default\">\n\t\t\t\t<div class=\"elementor-widget-container\">\n\t\t\t\t\t<h2 class=\"elementor-heading-title elementor-size-default\">Accompagner et soutenir les filles et les femmes<br>est notre mission principale<\/h2>\t\t\t\t<\/div>\n\t\t\t\t<\/div>\n\t\t\t\t<div class=\"elementor-element elementor-element-e7c9423 elementor-widget elementor-widget-text-editor\" data-id=\"e7c9423\" data-element_type=\"widget\" data-e-type=\"widget\" data-widget_type=\"text-editor.default\">\n\t\t\t\t<div class=\"elementor-widget-container\">\n\t\t\t\t\t\t\t\t\t<div class=\"page\" title=\"Page 3\"><div class=\"layoutArea\"><div class=\"column\"><p>Pour les accompagner, il est ne\u0301cessaire de prendre en compte toutes les composantes sociales puisque les proble\u0300mes et ine\u0301galite\u0301s qu\u2019elles rencontrent sont syste\u0301miques. L\u2019e\u0301galite\u0301 des chances par l\u2019e\u0301ducation, l\u2019alphabe\u0301tisation et la formation a\u0300 un me\u0301tier et la sensibilisation des acteurs de l\u2019e\u0301cosyste\u0300me sont donc les bases de notre engagement pour la re\u0301duction durable des ine\u0301galite\u0301s que rencontrent nos be\u0301ne\u0301ficiaires en Co\u0302te d\u2019Ivoire.<\/p><\/div><\/div><\/div>\t\t\t\t\t\t\t\t<\/div>\n\t\t\t\t<\/div>\n\t\t\t\t<div class=\"elementor-element elementor-element-e583c0e elementor-widget elementor-widget-template\" data-id=\"e583c0e\" data-element_type=\"widget\" data-e-type=\"widget\" data-widget_type=\"template.default\">\n\t\t\t\t<div class=\"elementor-widget-container\">\n\t\t\t\t\t\t\t<div class=\"elementor-template\">\n\t\t\t\t\t<div data-elementor-type=\"container\" data-elementor-id=\"236\" class=\"elementor elementor-236\" data-elementor-post-type=\"elementor_library\">\n\t\t\t\t<div class=\"elementor-element elementor-element-34f8e6d e-flex e-con-boxed e-con e-parent\" data-id=\"34f8e6d\" data-element_type=\"container\" data-e-type=\"container\" data-settings=\"{&quot;background_background&quot;:&quot;classic&quot;,&quot;jet_parallax_layout_list&quot;:[]}\">\n\t\t\t\t\t<div class=\"e-con-inner\">\n\t\t<div class=\"elementor-element elementor-element-564f2eb e-con-full e-flex e-con e-child\" data-id=\"564f2eb\" data-element_type=\"container\" data-e-type=\"container\" data-settings=\"{&quot;jet_parallax_layout_list&quot;:[]}\">\n\t\t\t\t<div class=\"elementor-element elementor-element-1f972af elementor-widget elementor-widget-image\" data-id=\"1f972af\" data-element_type=\"widget\" data-e-type=\"widget\" data-widget_type=\"image.default\">\n\t\t\t\t<div class=\"elementor-widget-container\">\n\t\t\t\t\t\t\t\t\t\t\t\t\t\t\t<img decoding=\"async\" src=\"https:\/\/lismoiunavenir.org\/wp-content\/uploads\/elementor\/thumbs\/fondation-nady-rayess-lis-moi-un-avenir-icone-empower-qawouhhohoi0f3sm4xo8xqe0ghrz30uuevrec62jfs.png\" title=\"fondation-nady-rayess-lis-moi-un-avenir-icone-empower\" alt=\"fondation-nady-rayess-lis-moi-un-avenir-icone-empower\" loading=\"lazy\" \/>\t\t\t\t\t\t\t\t\t\t\t\t\t\t\t<\/div>\n\t\t\t\t<\/div>\n\t\t\t\t<\/div>\n\t\t<div class=\"elementor-element elementor-element-7c4c843 e-con-full e-flex e-con e-child\" data-id=\"7c4c843\" data-element_type=\"container\" data-e-type=\"container\" data-settings=\"{&quot;jet_parallax_layout_list&quot;:[]}\">\n\t\t\t\t<div class=\"elementor-element elementor-element-bec3590 elementor-widget elementor-widget-heading\" data-id=\"bec3590\" data-element_type=\"widget\" data-e-type=\"widget\" data-widget_type=\"heading.default\">\n\t\t\t\t<div class=\"elementor-widget-container\">\n\t\t\t\t\t<h2 class=\"elementor-heading-title elementor-size-default\">Soutenir directement les filles et les femmes<\/h2>\t\t\t\t<\/div>\n\t\t\t\t<\/div>\n\t\t\t\t<div class=\"elementor-element elementor-element-676b24c elementor-widget elementor-widget-text-editor\" data-id=\"676b24c\" data-element_type=\"widget\" data-e-type=\"widget\" data-widget_type=\"text-editor.default\">\n\t\t\t\t<div class=\"elementor-widget-container\">\n\t\t\t\t\t\t\t\t\t<p>pour d\u00e9velopper leurs capacit\u00e9s \u00e0 se prendre en charge elles-m\u00eames<\/p>\t\t\t\t\t\t\t\t<\/div>\n\t\t\t\t<\/div>\n\t\t\t\t<\/div>\n\t\t\t\t\t<\/div>\n\t\t\t\t<\/div>\n\t\t<div class=\"elementor-element elementor-element-3e030fe e-flex e-con-boxed e-con e-parent\" data-id=\"3e030fe\" data-element_type=\"container\" data-e-type=\"container\" data-settings=\"{&quot;background_background&quot;:&quot;classic&quot;,&quot;jet_parallax_layout_list&quot;:[]}\">\n\t\t\t\t\t<div class=\"e-con-inner\">\n\t\t<div class=\"elementor-element elementor-element-b7229a5 e-con-full e-flex e-con e-child\" data-id=\"b7229a5\" data-element_type=\"container\" data-e-type=\"container\" data-settings=\"{&quot;jet_parallax_layout_list&quot;:[]}\">\n\t\t\t\t<div class=\"elementor-element elementor-element-bc581e6 elementor-widget elementor-widget-image\" data-id=\"bc581e6\" data-element_type=\"widget\" data-e-type=\"widget\" data-widget_type=\"image.default\">\n\t\t\t\t<div class=\"elementor-widget-container\">\n\t\t\t\t\t\t\t\t\t\t\t\t\t\t\t<img decoding=\"async\" src=\"https:\/\/lismoiunavenir.org\/wp-content\/uploads\/elementor\/thumbs\/fondation-nady-rayess-lis-moi-un-avenir-icone-emploi-qawougjuaugq3htzaf9md8mjv3wlvbr42r3wuw3xm0.png\" title=\"fondation-nady-rayess-lis-moi-un-avenir-icone-emploi\" alt=\"fondation-nady-rayess-lis-moi-un-avenir-icone-emploi\" loading=\"lazy\" \/>\t\t\t\t\t\t\t\t\t\t\t\t\t\t\t<\/div>\n\t\t\t\t<\/div>\n\t\t\t\t<\/div>\n\t\t<div class=\"elementor-element elementor-element-88d18d0 e-con-full e-flex e-con e-child\" data-id=\"88d18d0\" data-element_type=\"container\" data-e-type=\"container\" data-settings=\"{&quot;jet_parallax_layout_list&quot;:[]}\">\n\t\t\t\t<div class=\"elementor-element elementor-element-e9bcf9b elementor-widget elementor-widget-heading\" data-id=\"e9bcf9b\" data-element_type=\"widget\" data-e-type=\"widget\" data-widget_type=\"heading.default\">\n\t\t\t\t<div class=\"elementor-widget-container\">\n\t\t\t\t\t<h2 class=\"elementor-heading-title elementor-size-default\">Contribuer \u00e0 l'employabilit\u00e9 des femmes<\/h2>\t\t\t\t<\/div>\n\t\t\t\t<\/div>\n\t\t\t\t<div class=\"elementor-element elementor-element-d3af6b6 elementor-widget elementor-widget-text-editor\" data-id=\"d3af6b6\" data-element_type=\"widget\" data-e-type=\"widget\" data-widget_type=\"text-editor.default\">\n\t\t\t\t<div class=\"elementor-widget-container\">\n\t\t\t\t\t\t\t\t\t<p>en les formant \u00e0 un m\u00e9tier et<span style=\"font-weight: 400;\">\u00a0\u00e0 la cr\u00e9ation d\u2019activit\u00e9 g\u00e9n\u00e9ratrice de revenues <\/span><\/p>\t\t\t\t\t\t\t\t<\/div>\n\t\t\t\t<\/div>\n\t\t\t\t<\/div>\n\t\t\t\t\t<\/div>\n\t\t\t\t<\/div>\n\t\t<div class=\"elementor-element elementor-element-3c6b750 e-flex e-con-boxed e-con e-parent\" data-id=\"3c6b750\" data-element_type=\"container\" data-e-type=\"container\" data-settings=\"{&quot;background_background&quot;:&quot;classic&quot;,&quot;jet_parallax_layout_list&quot;:[]}\">\n\t\t\t\t\t<div class=\"e-con-inner\">\n\t\t<div class=\"elementor-element elementor-element-ac9cb1c e-con-full e-flex e-con e-child\" data-id=\"ac9cb1c\" data-element_type=\"container\" data-e-type=\"container\" data-settings=\"{&quot;jet_parallax_layout_list&quot;:[]}\">\n\t\t\t\t<div class=\"elementor-element elementor-element-31da014 elementor-widget elementor-widget-image\" data-id=\"31da014\" data-element_type=\"widget\" data-e-type=\"widget\" data-widget_type=\"image.default\">\n\t\t\t\t<div class=\"elementor-widget-container\">\n\t\t\t\t\t\t\t\t\t\t\t\t\t\t\t<img decoding=\"async\" src=\"https:\/\/lismoiunavenir.org\/wp-content\/uploads\/elementor\/thumbs\/fondation-nady-rayess-lis-moi-un-avenir-icone-education-qawoueo5x6e5g9wplegd893moc5vfxjnehsxwc6pyg.png\" title=\"fondation-nady-rayess-lis-moi-un-avenir-icone-education\" alt=\"fondation-nady-rayess-lis-moi-un-avenir-icone-education\" loading=\"lazy\" \/>\t\t\t\t\t\t\t\t\t\t\t\t\t\t\t<\/div>\n\t\t\t\t<\/div>\n\t\t\t\t<\/div>\n\t\t<div class=\"elementor-element elementor-element-d20e169 e-con-full e-flex e-con e-child\" data-id=\"d20e169\" data-element_type=\"container\" data-e-type=\"container\" data-settings=\"{&quot;jet_parallax_layout_list&quot;:[]}\">\n\t\t\t\t<div class=\"elementor-element elementor-element-73f1812 elementor-widget elementor-widget-heading\" data-id=\"73f1812\" data-element_type=\"widget\" data-e-type=\"widget\" data-widget_type=\"heading.default\">\n\t\t\t\t<div class=\"elementor-widget-container\">\n\t\t\t\t\t<h2 class=\"elementor-heading-title elementor-size-default\">Am\u00e9liorer l'\u00e9ducation des jeunes filles <\/h2>\t\t\t\t<\/div>\n\t\t\t\t<\/div>\n\t\t\t\t<div class=\"elementor-element elementor-element-68aa6f9 elementor-widget elementor-widget-text-editor\" data-id=\"68aa6f9\" data-element_type=\"widget\" data-e-type=\"widget\" data-widget_type=\"text-editor.default\">\n\t\t\t\t<div class=\"elementor-widget-container\">\n\t\t\t\t\t\t\t\t\t<p>en leur offrant une deuxi\u00e8me chance \u00e0 travers l\u2019alphab\u00e9tisation<\/p>\t\t\t\t\t\t\t\t<\/div>\n\t\t\t\t<\/div>\n\t\t\t\t<\/div>\n\t\t\t\t\t<\/div>\n\t\t\t\t<\/div>\n\t\t<div class=\"elementor-element elementor-element-2296783 e-flex e-con-boxed e-con e-parent\" data-id=\"2296783\" data-element_type=\"container\" data-e-type=\"container\" data-settings=\"{&quot;background_background&quot;:&quot;classic&quot;,&quot;jet_parallax_layout_list&quot;:[]}\">\n\t\t\t\t\t<div class=\"e-con-inner\">\n\t\t<div class=\"elementor-element elementor-element-aa69f3d e-con-full e-flex e-con e-child\" data-id=\"aa69f3d\" data-element_type=\"container\" data-e-type=\"container\" data-settings=\"{&quot;jet_parallax_layout_list&quot;:[]}\">\n\t\t\t\t<div class=\"elementor-element elementor-element-e2f90ad elementor-widget elementor-widget-image\" data-id=\"e2f90ad\" data-element_type=\"widget\" data-e-type=\"widget\" data-widget_type=\"image.default\">\n\t\t\t\t<div class=\"elementor-widget-container\">\n\t\t\t\t\t\t\t\t\t\t\t\t\t\t\t<img decoding=\"async\" src=\"https:\/\/lismoiunavenir.org\/wp-content\/uploads\/elementor\/thumbs\/fondation-nady-rayess-lis-moi-un-avenir-icone-sensibilisation-qawoujdcvckl2bpvtyhi2pwxn9ipif2b352dapzr3c.png\" title=\"fondation-nady-rayess-lis-moi-un-avenir-icone-sensibilisation\" alt=\"fondation-nady-rayess-lis-moi-un-avenir-icone-sensibilisation\" loading=\"lazy\" \/>\t\t\t\t\t\t\t\t\t\t\t\t\t\t\t<\/div>\n\t\t\t\t<\/div>\n\t\t\t\t<\/div>\n\t\t<div class=\"elementor-element elementor-element-1da4c6a e-con-full e-flex e-con e-child\" data-id=\"1da4c6a\" data-element_type=\"container\" data-e-type=\"container\" data-settings=\"{&quot;jet_parallax_layout_list&quot;:[]}\">\n\t\t\t\t<div class=\"elementor-element elementor-element-dc99c04 elementor-widget elementor-widget-heading\" data-id=\"dc99c04\" data-element_type=\"widget\" data-e-type=\"widget\" data-widget_type=\"heading.default\">\n\t\t\t\t<div class=\"elementor-widget-container\">\n\t\t\t\t\t<h2 class=\"elementor-heading-title elementor-size-default\">Renforcer la sensibilisation<\/h2>\t\t\t\t<\/div>\n\t\t\t\t<\/div>\n\t\t\t\t<div class=\"elementor-element elementor-element-4b29e71 elementor-widget elementor-widget-text-editor\" data-id=\"4b29e71\" data-element_type=\"widget\" data-e-type=\"widget\" data-widget_type=\"text-editor.default\">\n\t\t\t\t<div class=\"elementor-widget-container\">\n\t\t\t\t\t\t\t\t\t<p><span style=\"font-weight: 400;\">\u00e0 l\u2019int\u00e9rieur de l\u2019\u00e9cosyst\u00e8me, des communaut\u00e9s et des cercles proches qui entourent les femmes<\/span><\/p>\t\t\t\t\t\t\t\t<\/div>\n\t\t\t\t<\/div>\n\t\t\t\t<\/div>\n\t\t\t\t\t<\/div>\n\t\t\t\t<\/div>\n\t\t<div class=\"elementor-element elementor-element-b66acd2 e-flex e-con-boxed e-con e-parent\" data-id=\"b66acd2\" data-element_type=\"container\" data-e-type=\"container\" data-settings=\"{&quot;background_background&quot;:&quot;classic&quot;,&quot;jet_parallax_layout_list&quot;:[]}\">\n\t\t\t\t\t<div class=\"e-con-inner\">\n\t\t<div class=\"elementor-element elementor-element-933f2a2 e-con-full e-flex e-con e-child\" data-id=\"933f2a2\" data-element_type=\"container\" data-e-type=\"container\" data-settings=\"{&quot;jet_parallax_layout_list&quot;:[]}\">\n\t\t\t\t<div class=\"elementor-element elementor-element-6c64ba9 elementor-widget elementor-widget-image\" data-id=\"6c64ba9\" data-element_type=\"widget\" data-e-type=\"widget\" data-widget_type=\"image.default\">\n\t\t\t\t<div class=\"elementor-widget-container\">\n\t\t\t\t\t\t\t\t\t\t\t\t\t\t\t<img decoding=\"async\" src=\"https:\/\/lismoiunavenir.org\/wp-content\/uploads\/elementor\/thumbs\/fondation-nady-rayess-lis-moi-un-avenir-icone-ecosysteme-inclusif-qawoubuncoaahg0t1v8hirt8w6jrsu8ge3uhgiawh4.png\" title=\"fondation-nady-rayess-lis-moi-un-avenir-icone-ecosysteme-inclusif\" alt=\"fondation-nady-rayess-lis-moi-un-avenir-icone-ecosysteme-inclusif\" loading=\"lazy\" \/>\t\t\t\t\t\t\t\t\t\t\t\t\t\t\t<\/div>\n\t\t\t\t<\/div>\n\t\t\t\t<\/div>\n\t\t<div class=\"elementor-element elementor-element-a52cc4b e-con-full e-flex e-con e-child\" data-id=\"a52cc4b\" data-element_type=\"container\" data-e-type=\"container\" data-settings=\"{&quot;jet_parallax_layout_list&quot;:[]}\">\n\t\t\t\t<div class=\"elementor-element elementor-element-fcbb0c6 elementor-widget elementor-widget-heading\" data-id=\"fcbb0c6\" data-element_type=\"widget\" data-e-type=\"widget\" data-widget_type=\"heading.default\">\n\t\t\t\t<div class=\"elementor-widget-container\">\n\t\t\t\t\t<h2 class=\"elementor-heading-title elementor-size-default\">Cr\u00e9er un \u00e9cosyst\u00e8me inclusif<\/h2>\t\t\t\t<\/div>\n\t\t\t\t<\/div>\n\t\t\t\t<div class=\"elementor-element elementor-element-4ffaf22 elementor-widget elementor-widget-text-editor\" data-id=\"4ffaf22\" data-element_type=\"widget\" data-e-type=\"widget\" data-widget_type=\"text-editor.default\">\n\t\t\t\t<div class=\"elementor-widget-container\">\n\t\t\t\t\t\t\t\t\t<p><span style=\"font-weight: 400;\">avec des parties prenantes publiques et priv\u00e9es pour qu\u2019elles puissent \u00e0 leur tour devenir des leviers du changement<\/span><\/p>\t\t\t\t\t\t\t\t<\/div>\n\t\t\t\t<\/div>\n\t\t\t\t<\/div>\n\t\t\t\t\t<\/div>\n\t\t\t\t<\/div>\n\t\t\t\t<\/div>\n\t\t\t\t<\/div>\n\t\t\t\t\t\t<\/div>\n\t\t\t\t<\/div>\n\t\t\t\t<\/div>\n\t\t\t\t\t<\/div>\n\t\t\t\t<\/div>\n\t\t<div class=\"elementor-element elementor-element-cea3b94 e-flex e-con-boxed e-con e-parent\" data-id=\"cea3b94\" data-element_type=\"container\" data-e-type=\"container\" data-settings=\"{&quot;background_background&quot;:&quot;classic&quot;,&quot;jet_parallax_layout_list&quot;:[]}\">\n\t\t\t\t\t<div class=\"e-con-inner\">\n\t\t\t\t<div class=\"elementor-element elementor-element-03b52ea elementor-widget elementor-widget-heading\" data-id=\"03b52ea\" data-element_type=\"widget\" data-e-type=\"widget\" data-widget_type=\"heading.default\">\n\t\t\t\t<div class=\"elementor-widget-container\">\n\t\t\t\t\t<h2 class=\"elementor-heading-title elementor-size-default\">Notre mission depuis le d\u00e9but<\/h2>\t\t\t\t<\/div>\n\t\t\t\t<\/div>\n\t\t\t\t<div class=\"elementor-element elementor-element-846d7ab elementor-widget elementor-widget-jet-horizontal-timeline\" data-id=\"846d7ab\" data-element_type=\"widget\" data-e-type=\"widget\" data-settings=\"{&quot;columns&quot;:3,&quot;columns_tablet&quot;:2,&quot;columns_mobile&quot;:1}\" data-widget_type=\"jet-horizontal-timeline.default\">\n\t\t\t\t<div class=\"elementor-widget-container\">\n\t\t\t\t\t<div class=\"elementor-jet-horizontal-timeline jet-elements\">\n<div class=\"jet-hor-timeline jet-hor-timeline--layout-bottom jet-hor-timeline--align-center jet-hor-timeline--scroll-bar\">\n\t<div class=\"jet-hor-timeline-inner\">\n\t\t<div class=\"jet-hor-timeline-track\">\n\t\t\t<div class=\"jet-hor-timeline-list jet-hor-timeline-list--top\">\n<div class=\"jet-hor-timeline-item elementor-repeater-item-eb9ecf7 is-active\" data-item-id=\"eb9ecf7\">\n\t\t\t<div class=\"jet-hor-timeline-item__meta\">2014<\/div>\t<\/div>\n\n<div class=\"jet-hor-timeline-item elementor-repeater-item-bcf2c46 is-active\" data-item-id=\"bcf2c46\">\n\t\t\t<div class=\"jet-hor-timeline-item__meta\">2015<\/div>\t<\/div>\n\n<div class=\"jet-hor-timeline-item elementor-repeater-item-710c576 is-active\" data-item-id=\"710c576\">\n\t\t\t<div class=\"jet-hor-timeline-item__meta\">2017<\/div>\t<\/div>\n\n<div class=\"jet-hor-timeline-item elementor-repeater-item-8fdb708 is-active\" data-item-id=\"8fdb708\">\n\t\t\t<div class=\"jet-hor-timeline-item__meta\">2019<\/div>\t<\/div>\n\n<div class=\"jet-hor-timeline-item elementor-repeater-item-50bc9d5 is-active\" data-item-id=\"50bc9d5\">\n\t\t\t<div class=\"jet-hor-timeline-item__meta\">2022<\/div>\t<\/div>\n\n<div class=\"jet-hor-timeline-item elementor-repeater-item-97098e9 is-active\" data-item-id=\"97098e9\">\n\t\t\t<div class=\"jet-hor-timeline-item__meta\">2022<\/div>\t<\/div>\n\n<div class=\"jet-hor-timeline-item elementor-repeater-item-d7ff042 is-active\" data-item-id=\"d7ff042\">\n\t\t\t<div class=\"jet-hor-timeline-item__meta\">2023<\/div>\t<\/div>\n<\/div>\t\t\t<div class=\"jet-hor-timeline-list jet-hor-timeline-list--middle\">\n\t<div class=\"jet-hor-timeline__line\"><\/div>\n\n<div class=\"jet-hor-timeline-item elementor-repeater-item-eb9ecf7 is-active\" data-item-id=\"eb9ecf7\">\n\t<div class=\"jet-hor-timeline-item__point\"><div class=\"jet-hor-timeline-item__point-content\"><span class=\"jet-elements-icon\"><i aria-hidden=\"true\" class=\"fas fa-rocket\"><\/i><\/span><\/div><\/div><\/div>\n\n<div class=\"jet-hor-timeline-item elementor-repeater-item-bcf2c46 is-active\" data-item-id=\"bcf2c46\">\n\t<div class=\"jet-hor-timeline-item__point\"><div class=\"jet-hor-timeline-item__point-content\"><span class=\"jet-elements-icon\"><i aria-hidden=\"true\" class=\"fas fa-circle\"><\/i><\/span><\/div><\/div><\/div>\n\n<div class=\"jet-hor-timeline-item elementor-repeater-item-710c576 is-active\" data-item-id=\"710c576\">\n\t<div class=\"jet-hor-timeline-item__point\"><div class=\"jet-hor-timeline-item__point-content\"><span class=\"jet-elements-icon\"><i aria-hidden=\"true\" class=\"fas fa-circle\"><\/i><\/span><\/div><\/div><\/div>\n\n<div class=\"jet-hor-timeline-item elementor-repeater-item-8fdb708 is-active\" data-item-id=\"8fdb708\">\n\t<div class=\"jet-hor-timeline-item__point\"><div class=\"jet-hor-timeline-item__point-content\"><span class=\"jet-elements-icon\"><i aria-hidden=\"true\" class=\"fas fa-circle\"><\/i><\/span><\/div><\/div><\/div>\n\n<div class=\"jet-hor-timeline-item elementor-repeater-item-50bc9d5 is-active\" data-item-id=\"50bc9d5\">\n\t<div class=\"jet-hor-timeline-item__point\"><div class=\"jet-hor-timeline-item__point-content\"><span class=\"jet-elements-icon\"><i aria-hidden=\"true\" class=\"fas fa-circle\"><\/i><\/span><\/div><\/div><\/div>\n\n<div class=\"jet-hor-timeline-item elementor-repeater-item-97098e9 is-active\" data-item-id=\"97098e9\">\n\t<div class=\"jet-hor-timeline-item__point\"><div class=\"jet-hor-timeline-item__point-content\"><span class=\"jet-elements-icon\"><i aria-hidden=\"true\" class=\"fas fa-circle\"><\/i><\/span><\/div><\/div><\/div>\n\n<div class=\"jet-hor-timeline-item elementor-repeater-item-d7ff042 is-active\" data-item-id=\"d7ff042\">\n\t<div class=\"jet-hor-timeline-item__point\"><div class=\"jet-hor-timeline-item__point-content\"><span class=\"jet-elements-icon\"><i aria-hidden=\"true\" class=\"fas fa-circle\"><\/i><\/span><\/div><\/div><\/div>\n<\/div>\t\t\t<div class=\"jet-hor-timeline-list jet-hor-timeline-list--bottom\">\n<div class=\"jet-hor-timeline-item elementor-repeater-item-eb9ecf7 is-active\" data-item-id=\"eb9ecf7\">\n\t\t\t\n<div class=\"jet-hor-timeline-item__card\">\n\t<div class=\"jet-hor-timeline-item__card-inner\">\n\t\t<h5 class=\"jet-hor-timeline-item__card-title\">Cr\u00e9ation de la Fondation Nady Rayess<\/h5><div class=\"jet-hor-timeline-item__card-desc\">Le lundi 2 janvier 2012, Nady Rayess, PDG du groupe de presse ivoirien ind\u00e9pendant Olympe, est d\u00e9c\u00e9d\u00e9 dans le crash de son petit avion \u00e0 Grand-Bassam, \u00e0 40 km d\u2019Abidjan. Profond\u00e9ment engag\u00e9 pour l\u2019\u00e9mancipation des femmes, son \u00e9pouse Imane Rayess d\u00e9cide de cr\u00e9er la Fondation Nady Rayess - Lis moi un avenir pour lui rendre un hommage et continuer \u00e0 mener son combat visant \u00e0 accompagner les jeunes filles et les femmes \u00e0 se prendre en charge par elles-m\u00eame.<\/div>\t<\/div>\n\t\t\t<div class=\"jet-hor-timeline-item__card-arrow\"><\/div>\n\t<\/div>\n\t<\/div>\n\n<div class=\"jet-hor-timeline-item elementor-repeater-item-bcf2c46 is-active\" data-item-id=\"bcf2c46\">\n\t\t\t\n<div class=\"jet-hor-timeline-item__card\">\n\t<div class=\"jet-hor-timeline-item__card-inner\">\n\t\t<h5 class=\"jet-hor-timeline-item__card-title\">Ouverture des salles de classes dans des conteneurs am\u00e9nag\u00e9s<\/h5><div class=\"jet-hor-timeline-item__card-desc\">La Fondation Nady Rayess, pour avoir un impact aupr\u00e8s de sa communaut\u00e9 locale directe, am\u00e9nage des conteneurs en salles de classes pour accueillir les jeunes filles et les femmes habitant dans le village avoisinant l\u2019entreprise.<\/div>\t<\/div>\n\t\t\t<div class=\"jet-hor-timeline-item__card-arrow\"><\/div>\n\t<\/div>\n\t<\/div>\n\n<div class=\"jet-hor-timeline-item elementor-repeater-item-710c576 is-active\" data-item-id=\"710c576\">\n\t\t\t\n<div class=\"jet-hor-timeline-item__card\">\n\t<div class=\"jet-hor-timeline-item__card-inner\">\n\t\t<h5 class=\"jet-hor-timeline-item__card-title\">Destruction du village <\/h5><div class=\"jet-hor-timeline-item__card-desc\">Suite \u00e0 un arr\u00eat\u00e9 gouvernemental, le village avoisinant l\u2019entreprise est d\u00e9truit. Les b\u00e9n\u00e9ficiaires accueillis se retrouvent localis\u00e9s dans une autre zone de la commune de Koumassi. La Fondation Nady Rayess est contrainte d\u2019arr\u00eater ses activit\u00e9s d\u2019alphab\u00e9tisation, de renforcement de capacit\u00e9s et de formation \u00e0 un m\u00e9tier sur le site.<\/div>\t<\/div>\n\t\t\t<div class=\"jet-hor-timeline-item__card-arrow\"><\/div>\n\t<\/div>\n\t<\/div>\n\n<div class=\"jet-hor-timeline-item elementor-repeater-item-8fdb708 is-active\" data-item-id=\"8fdb708\">\n\t\t\t\n<div class=\"jet-hor-timeline-item__card\">\n\t<div class=\"jet-hor-timeline-item__card-inner\">\n\t\t<h5 class=\"jet-hor-timeline-item__card-title\">D\u00e9marrage de la construction de l'\u00c9cole de la deuxi\u00e8me chance et Crise du Covid<\/h5><div class=\"jet-hor-timeline-item__card-desc\">Apr\u00e8s m\u00fbres r\u00e9flexions, la Fondation Nady Rayess d\u00e9cide de se lancer dans la construction d\u2019une \u201c\u00c9cole de la deuxi\u00e8me chance\u201d situ\u00e9e dans la commune de Koumassi. Elle identifie un terrain et entreprend les d\u00e9marches administratives. La crise du Covid 19 se d\u00e9clenche et oblige la fondation \u00e0 revoir son mode op\u00e9ratoire et \u00e0 se concentrer sur des actions de remises de dons alimentaires pour am\u00e9liorer les conditions des plus d\u00e9munis tout en continuant ses investissements pour la construction de l\u2019\u00e9cole.<\/div>\t<\/div>\n\t\t\t<div class=\"jet-hor-timeline-item__card-arrow\"><\/div>\n\t<\/div>\n\t<\/div>\n\n<div class=\"jet-hor-timeline-item elementor-repeater-item-50bc9d5 is-active\" data-item-id=\"50bc9d5\">\n\t\t\t\n<div class=\"jet-hor-timeline-item__card\">\n\t<div class=\"jet-hor-timeline-item__card-inner\">\n\t\t<h5 class=\"jet-hor-timeline-item__card-title\">D\u00e9c\u00e8s de Imane Rayess la Pr\u00e9sidente de la Fondation<\/h5><div class=\"jet-hor-timeline-item__card-desc\">10 ans apr\u00e8s le rappel \u00e0 Dieu de son \u00e9poux Nady Rayess, Imane Rayess, son \u00e9pouse, Directrice G\u00e9n\u00e9rale du site internet Linfodrome et de Olympe M\u00e9dia et Pr\u00e9sidente de la Fondation Nady Rayess ainsi que PDG de la soci\u00e9t\u00e9 Afriq Tp d\u00e9c\u00e8de, le 17 avril 2022, \u00e0 Paris o\u00f9 elle s\u2019y \u00e9tait rendue pour des soins.<\/div>\t<\/div>\n\t\t\t<div class=\"jet-hor-timeline-item__card-arrow\"><\/div>\n\t<\/div>\n\t<\/div>\n\n<div class=\"jet-hor-timeline-item elementor-repeater-item-97098e9 is-active\" data-item-id=\"97098e9\">\n\t\t\t\n<div class=\"jet-hor-timeline-item__card\">\n\t<div class=\"jet-hor-timeline-item__card-inner\">\n\t\t<h5 class=\"jet-hor-timeline-item__card-title\">Fondation Nady Rayess devient Fondation Rayess<\/h5><div class=\"jet-hor-timeline-item__card-desc\">Kenza  et Jade Rayess, leurs filles, ont d\u00e9cid\u00e9 de poursuivre l'\u0153uvre initi\u00e9e par leur m\u00e8re. \nAinsi, la Fondation Nady Rayess devient la Fondation Rayess en hommage \u00e0 Nady et Imane Rayess leurs parents. Leur ambition est de faire vivre la m\u00e9moire de leurs parents, tous les deux, profond\u00e9ment engag\u00e9s pour l\u2019\u00e9mancipation de la jeune fille et de la femme ivoirienne.<\/div>\t<\/div>\n\t\t\t<div class=\"jet-hor-timeline-item__card-arrow\"><\/div>\n\t<\/div>\n\t<\/div>\n\n<div class=\"jet-hor-timeline-item elementor-repeater-item-d7ff042 is-active\" data-item-id=\"d7ff042\">\n\t\t\t\n<div class=\"jet-hor-timeline-item__card\">\n\t<div class=\"jet-hor-timeline-item__card-inner\">\n\t\t<h5 class=\"jet-hor-timeline-item__card-title\">Inauguration de l'\u00c9cole de la deuxi\u00e8me chance<\/h5><div class=\"jet-hor-timeline-item__card-desc\">Les travaux de l\u2019\u00c9cole de la deuxi\u00e8me en chance sont en cours et l\u2019inauguration est pr\u00e9vue pour\nl\u2019ann\u00e9e 2023.<\/div>\t<\/div>\n\t\t\t<div class=\"jet-hor-timeline-item__card-arrow\"><\/div>\n\t<\/div>\n\t<\/div>\n<\/div>\t\t<\/div>\n\t<\/div>\n\t<\/div><\/div>\t\t\t\t<\/div>\n\t\t\t\t<\/div>\n\t\t\t\t\t<\/div>\n\t\t\t\t<\/div>\n\t\t<div class=\"elementor-element elementor-element-c06a425 e-flex e-con-boxed e-con e-parent\" data-id=\"c06a425\" data-element_type=\"container\" data-e-type=\"container\" data-settings=\"{&quot;background_background&quot;:&quot;classic&quot;,&quot;jet_parallax_layout_list&quot;:[]}\">\n\t\t\t\t\t<div class=\"e-con-inner\">\n\t\t<div class=\"elementor-element elementor-element-a3ab29c e-con-full e-flex e-con e-child\" data-id=\"a3ab29c\" data-element_type=\"container\" data-e-type=\"container\" data-settings=\"{&quot;jet_parallax_layout_list&quot;:[]}\">\n\t\t\t\t<div class=\"elementor-element elementor-element-0f87b04 elementor-widget elementor-widget-heading\" data-id=\"0f87b04\" data-element_type=\"widget\" data-e-type=\"widget\" data-widget_type=\"heading.default\">\n\t\t\t\t<div class=\"elementor-widget-container\">\n\t\t\t\t\t<h1 class=\"elementor-heading-title elementor-size-default\"><a href=\"https:\/\/staging.lismoiunavenir.org\/?page_id=53\">ENGAGEZ-VOUS \u00c0 NOS C\u00d4T\u00c9S<\/a><\/h1>\t\t\t\t<\/div>\n\t\t\t\t<\/div>\n\t\t\t\t<div class=\"elementor-element elementor-element-c772dd9 elementor-widget elementor-widget-button\" data-id=\"c772dd9\" data-element_type=\"widget\" data-e-type=\"widget\" data-widget_type=\"button.default\">\n\t\t\t\t<div class=\"elementor-widget-container\">\n\t\t\t\t\t\t\t\t\t<div class=\"elementor-button-wrapper\">\n\t\t\t\t\t<a class=\"elementor-button elementor-button-link elementor-size-md\" href=\"https:\/\/lismoiunavenir.org\/?page_id=53\">\n\t\t\t\t\t\t<span class=\"elementor-button-content-wrapper\">\n\t\t\t\t\t\t\t\t\t<span class=\"elementor-button-text\">Rejoignez l\u2019aventure<\/span>\n\t\t\t\t\t<\/span>\n\t\t\t\t\t<\/a>\n\t\t\t\t<\/div>\n\t\t\t\t\t\t\t\t<\/div>\n\t\t\t\t<\/div>\n\t\t\t\t<\/div>\n\t\t<div class=\"elementor-element elementor-element-991679f e-con-full e-flex e-con e-child\" data-id=\"991679f\" data-element_type=\"container\" data-e-type=\"container\" data-settings=\"{&quot;background_background&quot;:&quot;classic&quot;,&quot;jet_parallax_layout_list&quot;:[]}\">\n\t\t\t\t<div class=\"elementor-element elementor-element-52e480a elementor-widget elementor-widget-image\" data-id=\"52e480a\" data-element_type=\"widget\" data-e-type=\"widget\" data-widget_type=\"image.default\">\n\t\t\t\t<div class=\"elementor-widget-container\">\n\t\t\t\t\t\t\t\t\t\t\t\t\t\t\t<img fetchpriority=\"high\" decoding=\"async\" width=\"1229\" height=\"1536\" src=\"https:\/\/lismoiunavenir.org\/wp-content\/uploads\/2023\/08\/medium-shot-smiley-girl-writing-notebook-1229x1536.jpg\" class=\"attachment-1536x1536 size-1536x1536 wp-image-608\" alt=\"\" srcset=\"https:\/\/lismoiunavenir.org\/wp-content\/uploads\/2023\/08\/medium-shot-smiley-girl-writing-notebook-1229x1536.jpg 1229w, https:\/\/lismoiunavenir.org\/wp-content\/uploads\/2023\/08\/medium-shot-smiley-girl-writing-notebook-240x300.jpg 240w, https:\/\/lismoiunavenir.org\/wp-content\/uploads\/2023\/08\/medium-shot-smiley-girl-writing-notebook-819x1024.jpg 819w, https:\/\/lismoiunavenir.org\/wp-content\/uploads\/2023\/08\/medium-shot-smiley-girl-writing-notebook-768x960.jpg 768w, https:\/\/lismoiunavenir.org\/wp-content\/uploads\/2023\/08\/medium-shot-smiley-girl-writing-notebook-1638x2048.jpg 1638w, https:\/\/lismoiunavenir.org\/wp-content\/uploads\/2023\/08\/medium-shot-smiley-girl-writing-notebook-scaled.jpg 2048w\" sizes=\"(max-width: 1229px) 100vw, 1229px\" \/>\t\t\t\t\t\t\t\t\t\t\t\t\t\t\t<\/div>\n\t\t\t\t<\/div>\n\t\t\t\t<\/div>\n\t\t\t\t\t<\/div>\n\t\t\t\t<\/div>\n\t\t<div class=\"elementor-element elementor-element-474b8e9 e-flex e-con-boxed e-con e-parent\" data-id=\"474b8e9\" data-element_type=\"container\" data-e-type=\"container\" data-settings=\"{&quot;jet_parallax_layout_list&quot;:[],&quot;background_background&quot;:&quot;classic&quot;}\">\n\t\t\t\t\t<div class=\"e-con-inner\">\n\t\t\t\t<div class=\"elementor-element elementor-element-886ca8c elementor-widget elementor-widget-template\" data-id=\"886ca8c\" data-element_type=\"widget\" data-e-type=\"widget\" data-widget_type=\"template.default\">\n\t\t\t\t<div class=\"elementor-widget-container\">\n\t\t\t\t\t\t\t<div class=\"elementor-template\">\n\t\t\t\t\t<div data-elementor-type=\"container\" data-elementor-id=\"225\" class=\"elementor elementor-225\" data-elementor-post-type=\"elementor_library\">\n\t\t\t\t<div class=\"elementor-element elementor-element-7610b9f7 e-con-full e-flex e-con e-parent\" data-id=\"7610b9f7\" data-element_type=\"container\" data-e-type=\"container\" data-settings=\"{&quot;jet_parallax_layout_list&quot;:[],&quot;background_background&quot;:&quot;classic&quot;}\">\n\t\t\t\t<div class=\"elementor-element elementor-element-5dd2d99 elementor-widget elementor-widget-spacer\" data-id=\"5dd2d99\" data-element_type=\"widget\" data-e-type=\"widget\" data-widget_type=\"spacer.default\">\n\t\t\t\t<div class=\"elementor-widget-container\">\n\t\t\t\t\t\t\t<div class=\"elementor-spacer\">\n\t\t\t<div class=\"elementor-spacer-inner\"><\/div>\n\t\t<\/div>\n\t\t\t\t\t\t<\/div>\n\t\t\t\t<\/div>\n\t\t\t\t<div class=\"elementor-element elementor-element-4e2b756 elementor-widget elementor-widget-heading\" data-id=\"4e2b756\" data-element_type=\"widget\" data-e-type=\"widget\" data-widget_type=\"heading.default\">\n\t\t\t\t<div class=\"elementor-widget-container\">\n\t\t\t\t\t<h2 class=\"elementor-heading-title elementor-size-default\"><span style=\"font-weight:normal\"><span style=\"font-size: 12pt;font-family: Calibri, sans-serif;background-color: transparent;font-weight: 700;vertical-align: baseline\">&nbsp;<\/span><\/span>AGIR ENSEMBLE POUR UN IMPACT DURABLE<\/h2>\t\t\t\t<\/div>\n\t\t\t\t<\/div>\n\t\t\t\t<div class=\"elementor-element elementor-element-538da6f elementor-widget elementor-widget-spacer\" data-id=\"538da6f\" data-element_type=\"widget\" data-e-type=\"widget\" data-widget_type=\"spacer.default\">\n\t\t\t\t<div class=\"elementor-widget-container\">\n\t\t\t\t\t\t\t<div class=\"elementor-spacer\">\n\t\t\t<div class=\"elementor-spacer-inner\"><\/div>\n\t\t<\/div>\n\t\t\t\t\t\t<\/div>\n\t\t\t\t<\/div>\n\t\t<div class=\"elementor-element elementor-element-508a8804 e-flex e-con-boxed e-con e-child\" data-id=\"508a8804\" data-element_type=\"container\" data-e-type=\"container\" data-settings=\"{&quot;jet_parallax_layout_list&quot;:[]}\">\n\t\t\t\t\t<div class=\"e-con-inner\">\n\t\t\t\t<div class=\"elementor-element elementor-element-21a9027 elementor-position-top elementor-widget elementor-widget-image-box\" data-id=\"21a9027\" data-element_type=\"widget\" data-e-type=\"widget\" data-widget_type=\"image-box.default\">\n\t\t\t\t<div class=\"elementor-widget-container\">\n\t\t\t\t\t<div class=\"elementor-image-box-wrapper\"><figure class=\"elementor-image-box-img\"><a href=\"https:\/\/lismoiunavenir.org\/?page_id=59\" tabindex=\"-1\"><img decoding=\"async\" width=\"1080\" height=\"1080\" src=\"https:\/\/lismoiunavenir.org\/wp-content\/uploads\/2023\/08\/fondation-rayess-lis-moi-un-avenir-notre-approche.png\" class=\"attachment-full size-full wp-image-470\" alt=\"\" srcset=\"https:\/\/lismoiunavenir.org\/wp-content\/uploads\/2023\/08\/fondation-rayess-lis-moi-un-avenir-notre-approche.png 1080w, https:\/\/lismoiunavenir.org\/wp-content\/uploads\/2023\/08\/fondation-rayess-lis-moi-un-avenir-notre-approche-300x300.png 300w, https:\/\/lismoiunavenir.org\/wp-content\/uploads\/2023\/08\/fondation-rayess-lis-moi-un-avenir-notre-approche-1024x1024.png 1024w, https:\/\/lismoiunavenir.org\/wp-content\/uploads\/2023\/08\/fondation-rayess-lis-moi-un-avenir-notre-approche-150x150.png 150w, https:\/\/lismoiunavenir.org\/wp-content\/uploads\/2023\/08\/fondation-rayess-lis-moi-un-avenir-notre-approche-768x768.png 768w\" sizes=\"(max-width: 1080px) 100vw, 1080px\" \/><\/a><\/figure><div class=\"elementor-image-box-content\"><h3 class=\"elementor-image-box-title\"><a href=\"https:\/\/lismoiunavenir.org\/?page_id=59\">Notre approche<\/a><\/h3><\/div><\/div>\t\t\t\t<\/div>\n\t\t\t\t<\/div>\n\t\t\t\t<div class=\"elementor-element elementor-element-b680364 elementor-position-top elementor-widget elementor-widget-image-box\" data-id=\"b680364\" data-element_type=\"widget\" data-e-type=\"widget\" data-widget_type=\"image-box.default\">\n\t\t\t\t<div class=\"elementor-widget-container\">\n\t\t\t\t\t<div class=\"elementor-image-box-wrapper\"><figure class=\"elementor-image-box-img\"><a href=\"https:\/\/lismoiunavenir.org\/?page_id=60\" tabindex=\"-1\"><img decoding=\"async\" width=\"1080\" height=\"1080\" src=\"https:\/\/lismoiunavenir.org\/wp-content\/uploads\/2023\/08\/icone-methodologie-site-fondation-rayess.png\" class=\"attachment-full size-full wp-image-965\" alt=\"\" srcset=\"https:\/\/lismoiunavenir.org\/wp-content\/uploads\/2023\/08\/icone-methodologie-site-fondation-rayess.png 1080w, https:\/\/lismoiunavenir.org\/wp-content\/uploads\/2023\/08\/icone-methodologie-site-fondation-rayess-300x300.png 300w, https:\/\/lismoiunavenir.org\/wp-content\/uploads\/2023\/08\/icone-methodologie-site-fondation-rayess-1024x1024.png 1024w, https:\/\/lismoiunavenir.org\/wp-content\/uploads\/2023\/08\/icone-methodologie-site-fondation-rayess-150x150.png 150w, https:\/\/lismoiunavenir.org\/wp-content\/uploads\/2023\/08\/icone-methodologie-site-fondation-rayess-768x768.png 768w\" sizes=\"(max-width: 1080px) 100vw, 1080px\" \/><\/a><\/figure><div class=\"elementor-image-box-content\"><h3 class=\"elementor-image-box-title\"><a href=\"https:\/\/lismoiunavenir.org\/?page_id=60\">Notre m\u00e9thodologie<\/a><\/h3><\/div><\/div>\t\t\t\t<\/div>\n\t\t\t\t<\/div>\n\t\t\t\t<div class=\"elementor-element elementor-element-4866c0a elementor-position-top elementor-widget elementor-widget-image-box\" data-id=\"4866c0a\" data-element_type=\"widget\" data-e-type=\"widget\" data-widget_type=\"image-box.default\">\n\t\t\t\t<div class=\"elementor-widget-container\">\n\t\t\t\t\t<div class=\"elementor-image-box-wrapper\"><figure class=\"elementor-image-box-img\"><a href=\"https:\/\/lismoiunavenir.org\/?page_id=61\" tabindex=\"-1\"><img loading=\"lazy\" decoding=\"async\" width=\"1080\" height=\"1080\" src=\"https:\/\/lismoiunavenir.org\/wp-content\/uploads\/2023\/08\/fondation-rayess-lis-moi-un-avenir-notre-impact.png\" class=\"attachment-full size-full wp-image-471\" alt=\"\" srcset=\"https:\/\/lismoiunavenir.org\/wp-content\/uploads\/2023\/08\/fondation-rayess-lis-moi-un-avenir-notre-impact.png 1080w, https:\/\/lismoiunavenir.org\/wp-content\/uploads\/2023\/08\/fondation-rayess-lis-moi-un-avenir-notre-impact-300x300.png 300w, https:\/\/lismoiunavenir.org\/wp-content\/uploads\/2023\/08\/fondation-rayess-lis-moi-un-avenir-notre-impact-1024x1024.png 1024w, https:\/\/lismoiunavenir.org\/wp-content\/uploads\/2023\/08\/fondation-rayess-lis-moi-un-avenir-notre-impact-150x150.png 150w, https:\/\/lismoiunavenir.org\/wp-content\/uploads\/2023\/08\/fondation-rayess-lis-moi-un-avenir-notre-impact-768x768.png 768w\" sizes=\"(max-width: 1080px) 100vw, 1080px\" \/><\/a><\/figure><div class=\"elementor-image-box-content\"><h3 class=\"elementor-image-box-title\"><a href=\"https:\/\/lismoiunavenir.org\/?page_id=61\">Notre impact<\/a><\/h3><\/div><\/div>\t\t\t\t<\/div>\n\t\t\t\t<\/div>\n\t\t\t\t\t<\/div>\n\t\t\t\t<\/div>\n\t\t\t\t<div class=\"elementor-element elementor-element-c5e971b elementor-widget elementor-widget-spacer\" data-id=\"c5e971b\" data-element_type=\"widget\" data-e-type=\"widget\" data-widget_type=\"spacer.default\">\n\t\t\t\t<div class=\"elementor-widget-container\">\n\t\t\t\t\t\t\t<div class=\"elementor-spacer\">\n\t\t\t<div class=\"elementor-spacer-inner\"><\/div>\n\t\t<\/div>\n\t\t\t\t\t\t<\/div>\n\t\t\t\t<\/div>\n\t\t\t\t<\/div>\n\t\t\t\t<\/div>\n\t\t\t\t<\/div>\n\t\t\t\t\t\t<\/div>\n\t\t\t\t<\/div>\n\t\t\t\t\t<\/div>\n\t\t\t\t<\/div>\n\t\t\t\t<\/div>\n\t\t","protected":false},"excerpt":{"rendered":"<p>Accompagner les filles et les femmes a\u0300 se prendre en charge par elles-me\u0302mes https:\/\/youtu.be\/k5iSOvNkIOQ?si=qAoQYMSHCmaMq5OR La Fondation Rayess a de\u0301bute\u0301 ses activite\u0301s en 2015 en re\u0301alisant des dons de denre\u0301es alimentaires au profit des plus de\u0301munis et en organisant des arbres de Noe\u0308l. Chemin faisant, elle a constate\u0301 un degre\u0301 e\u0301leve\u0301 de vulne\u0301rabilite\u0301 des jeunes filles [&hellip;]<\/p>\n","protected":false},"author":1,"featured_media":0,"parent":50,"menu_order":10,"comment_status":"closed","ping_status":"closed","template":"","meta":{"footnotes":""},"class_list":["post-58","page","type-page","status-publish","hentry"],"_links":{"self":[{"href":"https:\/\/lismoiunavenir.org\/index.php?rest_route=\/wp\/v2\/pages\/58","targetHints":{"allow":["GET"]}}],"collection":[{"href":"https:\/\/lismoiunavenir.org\/index.php?rest_route=\/wp\/v2\/pages"}],"about":[{"href":"https:\/\/lismoiunavenir.org\/index.php?rest_route=\/wp\/v2\/types\/page"}],"author":[{"embeddable":true,"href":"https:\/\/lismoiunavenir.org\/index.php?rest_route=\/wp\/v2\/users\/1"}],"replies":[{"embeddable":true,"href":"https:\/\/lismoiunavenir.org\/index.php?rest_route=%2Fwp%2Fv2%2Fcomments&post=58"}],"version-history":[{"count":126,"href":"https:\/\/lismoiunavenir.org\/index.php?rest_route=\/wp\/v2\/pages\/58\/revisions"}],"predecessor-version":[{"id":1759,"href":"https:\/\/lismoiunavenir.org\/index.php?rest_route=\/wp\/v2\/pages\/58\/revisions\/1759"}],"up":[{"embeddable":true,"href":"https:\/\/lismoiunavenir.org\/index.php?rest_route=\/wp\/v2\/pages\/50"}],"wp:attachment":[{"href":"https:\/\/lismoiunavenir.org\/index.php?rest_route=%2Fwp%2Fv2%2Fmedia&parent=58"}],"curies":[{"name":"wp","href":"https:\/\/api.w.org\/{rel}","templated":true}]}}