{"id":54,"date":"2023-08-03T06:27:37","date_gmt":"2023-08-03T06:27:37","guid":{"rendered":"https:\/\/staging.lismoiunavenir.org\/?page_id=54"},"modified":"2023-12-06T12:49:24","modified_gmt":"2023-12-06T12:49:24","slug":"actualites","status":"publish","type":"page","link":"https:\/\/lismoiunavenir.org\/?page_id=54","title":{"rendered":"Actualit\u00e9s"},"content":{"rendered":"\t\t<div data-elementor-type=\"wp-page\" data-elementor-id=\"54\" class=\"elementor elementor-54\" data-elementor-post-type=\"page\">\n\t\t\t\t<div class=\"elementor-element elementor-element-c33c5ad e-flex e-con-boxed e-con e-parent\" data-id=\"c33c5ad\" data-element_type=\"container\" data-e-type=\"container\" data-settings=\"{&quot;background_background&quot;:&quot;classic&quot;,&quot;jet_parallax_layout_list&quot;:[]}\">\n\t\t\t\t\t<div class=\"e-con-inner\">\n\t\t\t\t<div class=\"elementor-element elementor-element-93549e9 elementor-widget elementor-widget-heading\" data-id=\"93549e9\" data-element_type=\"widget\" data-e-type=\"widget\" data-widget_type=\"heading.default\">\n\t\t\t\t<div class=\"elementor-widget-container\">\n\t\t\t\t\t<h2 class=\"elementor-heading-title elementor-size-default\">Actualit\u00e9s<\/h2>\t\t\t\t<\/div>\n\t\t\t\t<\/div>\n\t\t\t\t\t<\/div>\n\t\t\t\t<\/div>\n\t\t<div class=\"elementor-element elementor-element-8faff4d e-flex e-con-boxed e-con e-parent\" data-id=\"8faff4d\" data-element_type=\"container\" data-e-type=\"container\" data-settings=\"{&quot;jet_parallax_layout_list&quot;:[]}\">\n\t\t\t\t\t<div class=\"e-con-inner\">\n\t\t\t\t<div class=\"elementor-element elementor-element-52fb1cb elementor-grid-3 elementor-grid-tablet-2 elementor-grid-mobile-1 elementor-posts--thumbnail-top elementor-card-shadow-yes elementor-posts__hover-gradient elementor-widget elementor-widget-posts\" data-id=\"52fb1cb\" data-element_type=\"widget\" data-e-type=\"widget\" data-settings=\"{&quot;cards_columns&quot;:&quot;3&quot;,&quot;cards_columns_tablet&quot;:&quot;2&quot;,&quot;cards_columns_mobile&quot;:&quot;1&quot;,&quot;cards_row_gap&quot;:{&quot;unit&quot;:&quot;px&quot;,&quot;size&quot;:35,&quot;sizes&quot;:[]},&quot;cards_row_gap_tablet&quot;:{&quot;unit&quot;:&quot;px&quot;,&quot;size&quot;:&quot;&quot;,&quot;sizes&quot;:[]},&quot;cards_row_gap_mobile&quot;:{&quot;unit&quot;:&quot;px&quot;,&quot;size&quot;:&quot;&quot;,&quot;sizes&quot;:[]}}\" data-widget_type=\"posts.cards\">\n\t\t\t\t<div class=\"elementor-widget-container\">\n\t\t\t\t\t\t\t<div class=\"elementor-posts-container elementor-posts elementor-posts--skin-cards elementor-grid\" role=\"list\">\n\t\t\t\t<article class=\"elementor-post elementor-grid-item post-2112 post type-post status-publish format-standard has-post-thumbnail hentry category-a-la-une category-education category-formation category-partenariats\" role=\"listitem\">\n\t\t\t<div class=\"elementor-post__card\">\n\t\t\t\t<a class=\"elementor-post__thumbnail__link\" href=\"https:\/\/lismoiunavenir.org\/?p=2112\" tabindex=\"-1\" ><div class=\"elementor-post__thumbnail\"><img fetchpriority=\"high\" decoding=\"async\" width=\"768\" height=\"576\" src=\"https:\/\/lismoiunavenir.org\/wp-content\/uploads\/2025\/12\/fondation-rayess-lis-moi-un-avenir-club-lecture-5-768x576.jpeg\" class=\"attachment-medium_large size-medium_large wp-image-2115\" alt=\"\" srcset=\"https:\/\/lismoiunavenir.org\/wp-content\/uploads\/2025\/12\/fondation-rayess-lis-moi-un-avenir-club-lecture-5-768x576.jpeg 768w, https:\/\/lismoiunavenir.org\/wp-content\/uploads\/2025\/12\/fondation-rayess-lis-moi-un-avenir-club-lecture-5-300x225.jpeg 300w, https:\/\/lismoiunavenir.org\/wp-content\/uploads\/2025\/12\/fondation-rayess-lis-moi-un-avenir-club-lecture-5-1024x768.jpeg 1024w, https:\/\/lismoiunavenir.org\/wp-content\/uploads\/2025\/12\/fondation-rayess-lis-moi-un-avenir-club-lecture-5-600x450.jpeg 600w, https:\/\/lismoiunavenir.org\/wp-content\/uploads\/2025\/12\/fondation-rayess-lis-moi-un-avenir-club-lecture-5.jpeg 1080w\" sizes=\"(max-width: 768px) 100vw, 768px\" \/><\/div><\/a>\n\t\t\t\t<div class=\"elementor-post__text\">\n\t\t\t\t<h3 class=\"elementor-post__title\">\n\t\t\t<a href=\"https:\/\/lismoiunavenir.org\/?p=2112\" >\n\t\t\t\tLire pour grandir : le club de lecture de la Fondation Lis-moi un avenir, un espace d\u2019\u00e9mancipation et de partage\t\t\t<\/a>\n\t\t<\/h3>\n\t\t\t\t<div class=\"elementor-post__excerpt\">\n\t\t\t<p>Dans le cadre de son engagement en faveur de l\u2019\u00e9ducation globale et du bien-\u00eatre des jeunes filles, la Fondation Lis-moi un avenir, en collaboration avec<\/p>\n\t\t<\/div>\n\t\t\n\t\t<a class=\"elementor-post__read-more\" href=\"https:\/\/lismoiunavenir.org\/?p=2112\" aria-label=\"En savoir plus sur Lire pour grandir : le club de lecture de la Fondation Lis-moi un avenir, un espace d\u2019\u00e9mancipation et de partage\" tabindex=\"-1\" >\n\t\t\tLire la suite\t\t<\/a>\n\n\t\t\t\t<\/div>\n\t\t\t\t<div class=\"elementor-post__meta-data\">\n\t\t\t\t\t<span class=\"elementor-post-date\">\n\t\t\td\u00e9cembre 16, 2025\t\t<\/span>\n\t\t\t\t<span class=\"elementor-post-avatar\">\n\t\t\tAucun commentaire\t\t<\/span>\n\t\t\t\t<\/div>\n\t\t\t\t\t<\/div>\n\t\t<\/article>\n\t\t\t\t<article class=\"elementor-post elementor-grid-item post-2100 post type-post status-publish format-standard has-post-thumbnail hentry category-a-la-une category-ecosyteme category-sensibilisation\" role=\"listitem\">\n\t\t\t<div class=\"elementor-post__card\">\n\t\t\t\t<a class=\"elementor-post__thumbnail__link\" href=\"https:\/\/lismoiunavenir.org\/?p=2100\" tabindex=\"-1\" ><div class=\"elementor-post__thumbnail\"><img decoding=\"async\" width=\"768\" height=\"543\" src=\"https:\/\/lismoiunavenir.org\/wp-content\/uploads\/2025\/12\/fondation-rayess-lis-moi-un-avenir-journee-mondiale-contre-le-sida-768x543.jpg\" class=\"attachment-medium_large size-medium_large wp-image-2127\" alt=\"\" srcset=\"https:\/\/lismoiunavenir.org\/wp-content\/uploads\/2025\/12\/fondation-rayess-lis-moi-un-avenir-journee-mondiale-contre-le-sida-768x543.jpg 768w, https:\/\/lismoiunavenir.org\/wp-content\/uploads\/2025\/12\/fondation-rayess-lis-moi-un-avenir-journee-mondiale-contre-le-sida-300x212.jpg 300w, https:\/\/lismoiunavenir.org\/wp-content\/uploads\/2025\/12\/fondation-rayess-lis-moi-un-avenir-journee-mondiale-contre-le-sida-1024x724.jpg 1024w, https:\/\/lismoiunavenir.org\/wp-content\/uploads\/2025\/12\/fondation-rayess-lis-moi-un-avenir-journee-mondiale-contre-le-sida-1536x1086.jpg 1536w, https:\/\/lismoiunavenir.org\/wp-content\/uploads\/2025\/12\/fondation-rayess-lis-moi-un-avenir-journee-mondiale-contre-le-sida-600x424.jpg 600w, https:\/\/lismoiunavenir.org\/wp-content\/uploads\/2025\/12\/fondation-rayess-lis-moi-un-avenir-journee-mondiale-contre-le-sida.jpg 2000w\" sizes=\"(max-width: 768px) 100vw, 768px\" \/><\/div><\/a>\n\t\t\t\t<div class=\"elementor-post__text\">\n\t\t\t\t<h3 class=\"elementor-post__title\">\n\t\t\t<a href=\"https:\/\/lismoiunavenir.org\/?p=2100\" >\n\t\t\t\t1er d\u00e9cembre \u2013 Journ\u00e9e mondiale de lutte contre le SIDA : information, pr\u00e9vention et autonomisation au c\u0153ur de l\u2019action de la Fondation Lis-moi un avenir\t\t\t<\/a>\n\t\t<\/h3>\n\t\t\t\t<div class=\"elementor-post__excerpt\">\n\t\t\t<p>\u00c0 l\u2019occasion de la Journ\u00e9e mondiale de lutte contre le SIDA, c\u00e9l\u00e9br\u00e9e chaque 1er d\u00e9cembre, la Fondation Lis-moi un avenir a organis\u00e9 une matin\u00e9e de<\/p>\n\t\t<\/div>\n\t\t\n\t\t<a class=\"elementor-post__read-more\" href=\"https:\/\/lismoiunavenir.org\/?p=2100\" aria-label=\"En savoir plus sur 1er d\u00e9cembre \u2013 Journ\u00e9e mondiale de lutte contre le SIDA : information, pr\u00e9vention et autonomisation au c\u0153ur de l\u2019action de la Fondation Lis-moi un avenir\" tabindex=\"-1\" >\n\t\t\tLire la suite\t\t<\/a>\n\n\t\t\t\t<\/div>\n\t\t\t\t<div class=\"elementor-post__meta-data\">\n\t\t\t\t\t<span class=\"elementor-post-date\">\n\t\t\td\u00e9cembre 2, 2025\t\t<\/span>\n\t\t\t\t<span class=\"elementor-post-avatar\">\n\t\t\tAucun commentaire\t\t<\/span>\n\t\t\t\t<\/div>\n\t\t\t\t\t<\/div>\n\t\t<\/article>\n\t\t\t\t<article class=\"elementor-post elementor-grid-item post-2090 post type-post status-publish format-standard has-post-thumbnail hentry category-ecosyteme category-sensibilisation\" role=\"listitem\">\n\t\t\t<div class=\"elementor-post__card\">\n\t\t\t\t<a class=\"elementor-post__thumbnail__link\" href=\"https:\/\/lismoiunavenir.org\/?p=2090\" tabindex=\"-1\" ><div class=\"elementor-post__thumbnail\"><img decoding=\"async\" width=\"768\" height=\"576\" src=\"https:\/\/lismoiunavenir.org\/wp-content\/uploads\/2025\/12\/WhatsApp-Image-2025-12-17-at-23.47.11-768x576.jpeg\" class=\"attachment-medium_large size-medium_large wp-image-2097\" alt=\"\" srcset=\"https:\/\/lismoiunavenir.org\/wp-content\/uploads\/2025\/12\/WhatsApp-Image-2025-12-17-at-23.47.11-768x576.jpeg 768w, https:\/\/lismoiunavenir.org\/wp-content\/uploads\/2025\/12\/WhatsApp-Image-2025-12-17-at-23.47.11-300x225.jpeg 300w, https:\/\/lismoiunavenir.org\/wp-content\/uploads\/2025\/12\/WhatsApp-Image-2025-12-17-at-23.47.11-1024x768.jpeg 1024w, https:\/\/lismoiunavenir.org\/wp-content\/uploads\/2025\/12\/WhatsApp-Image-2025-12-17-at-23.47.11-600x450.jpeg 600w, https:\/\/lismoiunavenir.org\/wp-content\/uploads\/2025\/12\/WhatsApp-Image-2025-12-17-at-23.47.11.jpeg 1080w\" sizes=\"(max-width: 768px) 100vw, 768px\" \/><\/div><\/a>\n\t\t\t\t<div class=\"elementor-post__text\">\n\t\t\t\t<h3 class=\"elementor-post__title\">\n\t\t\t<a href=\"https:\/\/lismoiunavenir.org\/?p=2090\" >\n\t\t\t\tMon \u00e9cole propre : une journ\u00e9e citoyenne pour un cadre d\u2019apprentissage sain\t\t\t<\/a>\n\t\t<\/h3>\n\t\t\t\t<div class=\"elementor-post__excerpt\">\n\t\t\t<p>Le mercredi 19 novembre 2025, la Fondation Lis-moi un avenir a organis\u00e9 l\u2019activit\u00e9 \u00ab Mon \u00e9cole propre \u00bb, une journ\u00e9e de sensibilisation d\u00e9di\u00e9e \u00e0 la<\/p>\n\t\t<\/div>\n\t\t\n\t\t<a class=\"elementor-post__read-more\" href=\"https:\/\/lismoiunavenir.org\/?p=2090\" aria-label=\"En savoir plus sur Mon \u00e9cole propre : une journ\u00e9e citoyenne pour un cadre d\u2019apprentissage sain\" tabindex=\"-1\" >\n\t\t\tLire la suite\t\t<\/a>\n\n\t\t\t\t<\/div>\n\t\t\t\t<div class=\"elementor-post__meta-data\">\n\t\t\t\t\t<span class=\"elementor-post-date\">\n\t\t\tnovembre 21, 2025\t\t<\/span>\n\t\t\t\t<span class=\"elementor-post-avatar\">\n\t\t\tAucun commentaire\t\t<\/span>\n\t\t\t\t<\/div>\n\t\t\t\t\t<\/div>\n\t\t<\/article>\n\t\t\t\t<article class=\"elementor-post elementor-grid-item post-1960 post type-post status-publish format-standard has-post-thumbnail hentry category-a-la-une category-ecosyteme category-sensibilisation\" role=\"listitem\">\n\t\t\t<div class=\"elementor-post__card\">\n\t\t\t\t<a class=\"elementor-post__thumbnail__link\" href=\"https:\/\/lismoiunavenir.org\/?p=1960\" tabindex=\"-1\" ><div class=\"elementor-post__thumbnail\"><img loading=\"lazy\" decoding=\"async\" width=\"768\" height=\"512\" src=\"https:\/\/lismoiunavenir.org\/wp-content\/uploads\/2025\/11\/IMG_4979-768x512.jpg\" class=\"attachment-medium_large size-medium_large wp-image-2015\" alt=\"\" srcset=\"https:\/\/lismoiunavenir.org\/wp-content\/uploads\/2025\/11\/IMG_4979-768x512.jpg 768w, https:\/\/lismoiunavenir.org\/wp-content\/uploads\/2025\/11\/IMG_4979-300x200.jpg 300w, https:\/\/lismoiunavenir.org\/wp-content\/uploads\/2025\/11\/IMG_4979-1024x683.jpg 1024w, https:\/\/lismoiunavenir.org\/wp-content\/uploads\/2025\/11\/IMG_4979-1536x1024.jpg 1536w, https:\/\/lismoiunavenir.org\/wp-content\/uploads\/2025\/11\/IMG_4979-2048x1365.jpg 2048w, https:\/\/lismoiunavenir.org\/wp-content\/uploads\/2025\/11\/IMG_4979-600x400.jpg 600w\" sizes=\"(max-width: 768px) 100vw, 768px\" \/><\/div><\/a>\n\t\t\t\t<div class=\"elementor-post__text\">\n\t\t\t\t<h3 class=\"elementor-post__title\">\n\t\t\t<a href=\"https:\/\/lismoiunavenir.org\/?p=1960\" >\n\t\t\t\tSensibilisation au cancer du sein : un moment de partage et de pr\u00e9vention \u00e0 la Fondation Rayess \u2013 Lis Moi un Avenir\t\t\t<\/a>\n\t\t<\/h3>\n\t\t\t\t<div class=\"elementor-post__excerpt\">\n\t\t\t<p>Ce mercredi 15 octobre 2025, la Fondation Rayess Lis Moi un Avenir a eu le plaisir d\u2019accueillir ses 63 b\u00e9n\u00e9ficiaires pour une s\u00e9ance essentielle d\u00e9di\u00e9e<\/p>\n\t\t<\/div>\n\t\t\n\t\t<a class=\"elementor-post__read-more\" href=\"https:\/\/lismoiunavenir.org\/?p=1960\" aria-label=\"En savoir plus sur Sensibilisation au cancer du sein : un moment de partage et de pr\u00e9vention \u00e0 la Fondation Rayess \u2013 Lis Moi un Avenir\" tabindex=\"-1\" >\n\t\t\tLire la suite\t\t<\/a>\n\n\t\t\t\t<\/div>\n\t\t\t\t<div class=\"elementor-post__meta-data\">\n\t\t\t\t\t<span class=\"elementor-post-date\">\n\t\t\toctobre 17, 2025\t\t<\/span>\n\t\t\t\t<span class=\"elementor-post-avatar\">\n\t\t\tAucun commentaire\t\t<\/span>\n\t\t\t\t<\/div>\n\t\t\t\t\t<\/div>\n\t\t<\/article>\n\t\t\t\t<article class=\"elementor-post elementor-grid-item post-1782 post type-post status-publish format-standard has-post-thumbnail hentry category-a-la-une category-alphabetisation category-ecosyteme category-sensibilisation\" role=\"listitem\">\n\t\t\t<div class=\"elementor-post__card\">\n\t\t\t\t<a class=\"elementor-post__thumbnail__link\" href=\"https:\/\/lismoiunavenir.org\/?p=1782\" tabindex=\"-1\" ><div class=\"elementor-post__thumbnail\"><img loading=\"lazy\" decoding=\"async\" width=\"768\" height=\"512\" src=\"https:\/\/lismoiunavenir.org\/wp-content\/uploads\/2025\/09\/nadissa-2025-photo-1-768x512.jpeg\" class=\"attachment-medium_large size-medium_large wp-image-1802\" alt=\"\" srcset=\"https:\/\/lismoiunavenir.org\/wp-content\/uploads\/2025\/09\/nadissa-2025-photo-1-768x512.jpeg 768w, https:\/\/lismoiunavenir.org\/wp-content\/uploads\/2025\/09\/nadissa-2025-photo-1-300x200.jpeg 300w, https:\/\/lismoiunavenir.org\/wp-content\/uploads\/2025\/09\/nadissa-2025-photo-1-1024x683.jpeg 1024w, https:\/\/lismoiunavenir.org\/wp-content\/uploads\/2025\/09\/nadissa-2025-photo-1-1536x1024.jpeg 1536w, https:\/\/lismoiunavenir.org\/wp-content\/uploads\/2025\/09\/nadissa-2025-photo-1-600x400.jpeg 600w, https:\/\/lismoiunavenir.org\/wp-content\/uploads\/2025\/09\/nadissa-2025-photo-1.jpeg 2048w\" sizes=\"(max-width: 768px) 100vw, 768px\" \/><\/div><\/a>\n\t\t\t\t<div class=\"elementor-post__text\">\n\t\t\t\t<h3 class=\"elementor-post__title\">\n\t\t\t<a href=\"https:\/\/lismoiunavenir.org\/?p=1782\" >\n\t\t\t\tNADISSA 2025 : Quand la dignit\u00e9 et la sant\u00e9 sexuelle deviennent des droits v\u00e9cus\t\t\t<\/a>\n\t\t<\/h3>\n\t\t\t\t<div class=\"elementor-post__excerpt\">\n\t\t\t<p>Le 11 septembre 2025 restera une date marquante pour la Fondation Lis Moi un Avenir \u2013 Nady &amp; Imane Rayess. En ce jour, nous avons<\/p>\n\t\t<\/div>\n\t\t\n\t\t<a class=\"elementor-post__read-more\" href=\"https:\/\/lismoiunavenir.org\/?p=1782\" aria-label=\"En savoir plus sur NADISSA 2025 : Quand la dignit\u00e9 et la sant\u00e9 sexuelle deviennent des droits v\u00e9cus\" tabindex=\"-1\" >\n\t\t\tLire la suite\t\t<\/a>\n\n\t\t\t\t<\/div>\n\t\t\t\t<div class=\"elementor-post__meta-data\">\n\t\t\t\t\t<span class=\"elementor-post-date\">\n\t\t\tseptembre 19, 2025\t\t<\/span>\n\t\t\t\t<span class=\"elementor-post-avatar\">\n\t\t\tAucun commentaire\t\t<\/span>\n\t\t\t\t<\/div>\n\t\t\t\t\t<\/div>\n\t\t<\/article>\n\t\t\t\t<article class=\"elementor-post elementor-grid-item post-1872 post type-post status-publish format-standard has-post-thumbnail hentry category-education category-sensibilisation\" role=\"listitem\">\n\t\t\t<div class=\"elementor-post__card\">\n\t\t\t\t<a class=\"elementor-post__thumbnail__link\" href=\"https:\/\/lismoiunavenir.org\/?p=1872\" tabindex=\"-1\" ><div class=\"elementor-post__thumbnail\"><img loading=\"lazy\" decoding=\"async\" width=\"768\" height=\"419\" src=\"https:\/\/lismoiunavenir.org\/wp-content\/uploads\/2025\/09\/2-768x419.png\" class=\"attachment-medium_large size-medium_large wp-image-1855\" alt=\"\" srcset=\"https:\/\/lismoiunavenir.org\/wp-content\/uploads\/2025\/09\/2-768x419.png 768w, https:\/\/lismoiunavenir.org\/wp-content\/uploads\/2025\/09\/2-300x164.png 300w, https:\/\/lismoiunavenir.org\/wp-content\/uploads\/2025\/09\/2-1024x559.png 1024w, https:\/\/lismoiunavenir.org\/wp-content\/uploads\/2025\/09\/2-1536x839.png 1536w, https:\/\/lismoiunavenir.org\/wp-content\/uploads\/2025\/09\/2-2048x1119.png 2048w, https:\/\/lismoiunavenir.org\/wp-content\/uploads\/2025\/09\/2-600x328.png 600w\" sizes=\"(max-width: 768px) 100vw, 768px\" \/><\/div><\/a>\n\t\t\t\t<div class=\"elementor-post__text\">\n\t\t\t\t<h3 class=\"elementor-post__title\">\n\t\t\t<a href=\"https:\/\/lismoiunavenir.org\/?p=1872\" >\n\t\t\t\tSortie parascolaire : quand le fitness devient un outil de confiance et de coh\u00e9sion\t\t\t<\/a>\n\t\t<\/h3>\n\t\t\t\t<div class=\"elementor-post__excerpt\">\n\t\t\t<p>Le 06 septembre 2025, la Fondation Rayess \u2013 Lis Moi un Avenir a organis\u00e9 une sortie parascolaire originale et enrichissante au c\u0153ur de l\u2019\u00e9v\u00e9nement Es-Tu<\/p>\n\t\t<\/div>\n\t\t\n\t\t<a class=\"elementor-post__read-more\" href=\"https:\/\/lismoiunavenir.org\/?p=1872\" aria-label=\"En savoir plus sur Sortie parascolaire : quand le fitness devient un outil de confiance et de coh\u00e9sion\" tabindex=\"-1\" >\n\t\t\tLire la suite\t\t<\/a>\n\n\t\t\t\t<\/div>\n\t\t\t\t<div class=\"elementor-post__meta-data\">\n\t\t\t\t\t<span class=\"elementor-post-date\">\n\t\t\tseptembre 8, 2025\t\t<\/span>\n\t\t\t\t<span class=\"elementor-post-avatar\">\n\t\t\tAucun commentaire\t\t<\/span>\n\t\t\t\t<\/div>\n\t\t\t\t\t<\/div>\n\t\t<\/article>\n\t\t\t\t<article class=\"elementor-post elementor-grid-item post-1864 post type-post status-publish format-standard has-post-thumbnail hentry category-alphabetisation category-education category-sensibilisation\" role=\"listitem\">\n\t\t\t<div class=\"elementor-post__card\">\n\t\t\t\t<a class=\"elementor-post__thumbnail__link\" href=\"https:\/\/lismoiunavenir.org\/?p=1864\" tabindex=\"-1\" ><div class=\"elementor-post__thumbnail\"><img loading=\"lazy\" decoding=\"async\" width=\"768\" height=\"419\" src=\"https:\/\/lismoiunavenir.org\/wp-content\/uploads\/2025\/09\/1-768x419.png\" class=\"attachment-medium_large size-medium_large wp-image-1853\" alt=\"\" srcset=\"https:\/\/lismoiunavenir.org\/wp-content\/uploads\/2025\/09\/1-768x419.png 768w, https:\/\/lismoiunavenir.org\/wp-content\/uploads\/2025\/09\/1-300x164.png 300w, https:\/\/lismoiunavenir.org\/wp-content\/uploads\/2025\/09\/1-1024x559.png 1024w, https:\/\/lismoiunavenir.org\/wp-content\/uploads\/2025\/09\/1-1536x839.png 1536w, https:\/\/lismoiunavenir.org\/wp-content\/uploads\/2025\/09\/1-2048x1119.png 2048w, https:\/\/lismoiunavenir.org\/wp-content\/uploads\/2025\/09\/1-600x328.png 600w\" sizes=\"(max-width: 768px) 100vw, 768px\" \/><\/div><\/a>\n\t\t\t\t<div class=\"elementor-post__text\">\n\t\t\t\t<h3 class=\"elementor-post__title\">\n\t\t\t<a href=\"https:\/\/lismoiunavenir.org\/?p=1864\" >\n\t\t\t\tAtelier Confiance en soi \u00e0 travers les contes : quand la lecture devient un levier d\u2019autonomie\t\t\t<\/a>\n\t\t<\/h3>\n\t\t\t\t<div class=\"elementor-post__excerpt\">\n\t\t\t<p>Le 29 juillet 2025, la Fondation Rayess \u2013 Lis Moi un Avenir a organis\u00e9 un atelier original et profond\u00e9ment inspirant autour du livre \u00ab Les<\/p>\n\t\t<\/div>\n\t\t\n\t\t<a class=\"elementor-post__read-more\" href=\"https:\/\/lismoiunavenir.org\/?p=1864\" aria-label=\"En savoir plus sur Atelier Confiance en soi \u00e0 travers les contes : quand la lecture devient un levier d\u2019autonomie\" tabindex=\"-1\" >\n\t\t\tLire la suite\t\t<\/a>\n\n\t\t\t\t<\/div>\n\t\t\t\t<div class=\"elementor-post__meta-data\">\n\t\t\t\t\t<span class=\"elementor-post-date\">\n\t\t\tjuillet 30, 2025\t\t<\/span>\n\t\t\t\t<span class=\"elementor-post-avatar\">\n\t\t\tAucun commentaire\t\t<\/span>\n\t\t\t\t<\/div>\n\t\t\t\t\t<\/div>\n\t\t<\/article>\n\t\t\t\t<article class=\"elementor-post elementor-grid-item post-1587 post type-post status-publish format-standard has-post-thumbnail hentry category-a-la-une category-ecosyteme category-partenariats\" role=\"listitem\">\n\t\t\t<div class=\"elementor-post__card\">\n\t\t\t\t<a class=\"elementor-post__thumbnail__link\" href=\"https:\/\/lismoiunavenir.org\/?p=1587\" tabindex=\"-1\" ><div class=\"elementor-post__thumbnail\"><img loading=\"lazy\" decoding=\"async\" width=\"768\" height=\"432\" src=\"https:\/\/lismoiunavenir.org\/wp-content\/uploads\/2025\/07\/premiere-rencontre-des-osc-fondation-rayess-lis-moi-un-avenir-1-768x432.jpg\" class=\"attachment-medium_large size-medium_large wp-image-1597\" alt=\"\" srcset=\"https:\/\/lismoiunavenir.org\/wp-content\/uploads\/2025\/07\/premiere-rencontre-des-osc-fondation-rayess-lis-moi-un-avenir-1-768x432.jpg 768w, https:\/\/lismoiunavenir.org\/wp-content\/uploads\/2025\/07\/premiere-rencontre-des-osc-fondation-rayess-lis-moi-un-avenir-1-300x169.jpg 300w, https:\/\/lismoiunavenir.org\/wp-content\/uploads\/2025\/07\/premiere-rencontre-des-osc-fondation-rayess-lis-moi-un-avenir-1-1024x576.jpg 1024w, https:\/\/lismoiunavenir.org\/wp-content\/uploads\/2025\/07\/premiere-rencontre-des-osc-fondation-rayess-lis-moi-un-avenir-1.jpg 1440w\" sizes=\"(max-width: 768px) 100vw, 768px\" \/><\/div><\/a>\n\t\t\t\t<div class=\"elementor-post__text\">\n\t\t\t\t<h3 class=\"elementor-post__title\">\n\t\t\t<a href=\"https:\/\/lismoiunavenir.org\/?p=1587\" >\n\t\t\t\tCr\u00e9er du lien pour multiplier l\u2019impact : Retour sur la premi\u00e8re rencontre des OSC organis\u00e9e par la Fondation Rayess \u2013 Lis Moi un Avenir\t\t\t<\/a>\n\t\t<\/h3>\n\t\t\t\t<div class=\"elementor-post__excerpt\">\n\t\t\t<p>Le 3 juillet 2025, la Fondation Lis moi un avenir \u2013 Nady &amp; Imane Rayess a franchi une nouvelle \u00e9tape dans son engagement en faveur<\/p>\n\t\t<\/div>\n\t\t\n\t\t<a class=\"elementor-post__read-more\" href=\"https:\/\/lismoiunavenir.org\/?p=1587\" aria-label=\"En savoir plus sur Cr\u00e9er du lien pour multiplier l\u2019impact : Retour sur la premi\u00e8re rencontre des OSC organis\u00e9e par la Fondation Rayess \u2013 Lis Moi un Avenir\" tabindex=\"-1\" >\n\t\t\tLire la suite\t\t<\/a>\n\n\t\t\t\t<\/div>\n\t\t\t\t<div class=\"elementor-post__meta-data\">\n\t\t\t\t\t<span class=\"elementor-post-date\">\n\t\t\tjuillet 15, 2025\t\t<\/span>\n\t\t\t\t<span class=\"elementor-post-avatar\">\n\t\t\tAucun commentaire\t\t<\/span>\n\t\t\t\t<\/div>\n\t\t\t\t\t<\/div>\n\t\t<\/article>\n\t\t\t\t<article class=\"elementor-post elementor-grid-item post-1582 post type-post status-publish format-standard has-post-thumbnail hentry category-a-la-une category-partenariats\" role=\"listitem\">\n\t\t\t<div class=\"elementor-post__card\">\n\t\t\t\t<a class=\"elementor-post__thumbnail__link\" href=\"https:\/\/lismoiunavenir.org\/?p=1582\" tabindex=\"-1\" ><div class=\"elementor-post__thumbnail\"><img loading=\"lazy\" decoding=\"async\" width=\"768\" height=\"512\" src=\"https:\/\/lismoiunavenir.org\/wp-content\/uploads\/2025\/07\/signature-partenariat-fondation-rayess-lis-moi-un-avenir-et-the-etoile-foundation-1-768x512.jpg\" class=\"attachment-medium_large size-medium_large wp-image-1585\" alt=\"\" srcset=\"https:\/\/lismoiunavenir.org\/wp-content\/uploads\/2025\/07\/signature-partenariat-fondation-rayess-lis-moi-un-avenir-et-the-etoile-foundation-1-768x512.jpg 768w, https:\/\/lismoiunavenir.org\/wp-content\/uploads\/2025\/07\/signature-partenariat-fondation-rayess-lis-moi-un-avenir-et-the-etoile-foundation-1-300x200.jpg 300w, https:\/\/lismoiunavenir.org\/wp-content\/uploads\/2025\/07\/signature-partenariat-fondation-rayess-lis-moi-un-avenir-et-the-etoile-foundation-1-1024x683.jpg 1024w, https:\/\/lismoiunavenir.org\/wp-content\/uploads\/2025\/07\/signature-partenariat-fondation-rayess-lis-moi-un-avenir-et-the-etoile-foundation-1.jpg 1440w\" sizes=\"(max-width: 768px) 100vw, 768px\" \/><\/div><\/a>\n\t\t\t\t<div class=\"elementor-post__text\">\n\t\t\t\t<h3 class=\"elementor-post__title\">\n\t\t\t<a href=\"https:\/\/lismoiunavenir.org\/?p=1582\" >\n\t\t\t\tUn partenariat pour changer les r\u00e8gles : La Fondation Rayess et The Etoile Foundation s\u2019allient pour la sant\u00e9 menstruelle des jeunes filles en C\u00f4te d\u2019Ivoire\t\t\t<\/a>\n\t\t<\/h3>\n\t\t\t\t<div class=\"elementor-post__excerpt\">\n\t\t\t<p>Le 28 mai 2025, \u00e0 l\u2019occasion de la Journ\u00e9e mondiale de la sant\u00e9 et de l\u2019hygi\u00e8ne menstruelle, un pas historique a \u00e9t\u00e9 franchi en C\u00f4te<\/p>\n\t\t<\/div>\n\t\t\n\t\t<a class=\"elementor-post__read-more\" href=\"https:\/\/lismoiunavenir.org\/?p=1582\" aria-label=\"En savoir plus sur Un partenariat pour changer les r\u00e8gles : La Fondation Rayess et The Etoile Foundation s\u2019allient pour la sant\u00e9 menstruelle des jeunes filles en C\u00f4te d\u2019Ivoire\" tabindex=\"-1\" >\n\t\t\tLire la suite\t\t<\/a>\n\n\t\t\t\t<\/div>\n\t\t\t\t<div class=\"elementor-post__meta-data\">\n\t\t\t\t\t<span class=\"elementor-post-date\">\n\t\t\tjuin 6, 2025\t\t<\/span>\n\t\t\t\t<span class=\"elementor-post-avatar\">\n\t\t\tAucun commentaire\t\t<\/span>\n\t\t\t\t<\/div>\n\t\t\t\t\t<\/div>\n\t\t<\/article>\n\t\t\t\t<article class=\"elementor-post elementor-grid-item post-1570 post type-post status-publish format-standard has-post-thumbnail hentry category-a-la-une category-sensibilisation\" role=\"listitem\">\n\t\t\t<div class=\"elementor-post__card\">\n\t\t\t\t<a class=\"elementor-post__thumbnail__link\" href=\"https:\/\/lismoiunavenir.org\/?p=1570\" tabindex=\"-1\" ><div class=\"elementor-post__thumbnail\"><img loading=\"lazy\" decoding=\"async\" width=\"768\" height=\"403\" src=\"https:\/\/lismoiunavenir.org\/wp-content\/uploads\/2025\/07\/journee-internationale-de-la-sante-menstruelle-fondation-rayess-lis-moi-un-avenir-10-768x403.jpg\" class=\"attachment-medium_large size-medium_large wp-image-1571\" alt=\"\" srcset=\"https:\/\/lismoiunavenir.org\/wp-content\/uploads\/2025\/07\/journee-internationale-de-la-sante-menstruelle-fondation-rayess-lis-moi-un-avenir-10-768x403.jpg 768w, https:\/\/lismoiunavenir.org\/wp-content\/uploads\/2025\/07\/journee-internationale-de-la-sante-menstruelle-fondation-rayess-lis-moi-un-avenir-10-300x157.jpg 300w, https:\/\/lismoiunavenir.org\/wp-content\/uploads\/2025\/07\/journee-internationale-de-la-sante-menstruelle-fondation-rayess-lis-moi-un-avenir-10-1024x537.jpg 1024w, https:\/\/lismoiunavenir.org\/wp-content\/uploads\/2025\/07\/journee-internationale-de-la-sante-menstruelle-fondation-rayess-lis-moi-un-avenir-10.jpg 1440w\" sizes=\"(max-width: 768px) 100vw, 768px\" \/><\/div><\/a>\n\t\t\t\t<div class=\"elementor-post__text\">\n\t\t\t\t<h3 class=\"elementor-post__title\">\n\t\t\t<a href=\"https:\/\/lismoiunavenir.org\/?p=1570\" >\n\t\t\t\tBriser les tabous, restaurer la dignit\u00e9 : une action forte pour l\u2019hygi\u00e8ne menstruelle\t\t\t<\/a>\n\t\t<\/h3>\n\t\t\t\t<div class=\"elementor-post__excerpt\">\n\t\t\t<p>Le 28 mai 2025, \u00e0 l\u2019occasion de la Journ\u00e9e mondiale de la sant\u00e9 et de l\u2019hygi\u00e8ne menstruelle, la Fondation Rayess\u202f\u2013\u202fLis moi un avenir a uni<\/p>\n\t\t<\/div>\n\t\t\n\t\t<a class=\"elementor-post__read-more\" href=\"https:\/\/lismoiunavenir.org\/?p=1570\" aria-label=\"En savoir plus sur Briser les tabous, restaurer la dignit\u00e9 : une action forte pour l\u2019hygi\u00e8ne menstruelle\" tabindex=\"-1\" >\n\t\t\tLire la suite\t\t<\/a>\n\n\t\t\t\t<\/div>\n\t\t\t\t<div class=\"elementor-post__meta-data\">\n\t\t\t\t\t<span class=\"elementor-post-date\">\n\t\t\tjuin 5, 2025\t\t<\/span>\n\t\t\t\t<span class=\"elementor-post-avatar\">\n\t\t\tAucun commentaire\t\t<\/span>\n\t\t\t\t<\/div>\n\t\t\t\t\t<\/div>\n\t\t<\/article>\n\t\t\t\t<article class=\"elementor-post elementor-grid-item post-1548 post type-post status-publish format-standard has-post-thumbnail hentry category-a-la-une category-ecosyteme category-partenariats category-sensibilisation\" role=\"listitem\">\n\t\t\t<div class=\"elementor-post__card\">\n\t\t\t\t<a class=\"elementor-post__thumbnail__link\" href=\"https:\/\/lismoiunavenir.org\/?p=1548\" tabindex=\"-1\" ><div class=\"elementor-post__thumbnail\"><img loading=\"lazy\" decoding=\"async\" width=\"768\" height=\"512\" src=\"https:\/\/lismoiunavenir.org\/wp-content\/uploads\/2025\/05\/fondation-lis-moi-un-avenir-rencontre-commission-femmes-entrepreneures-ccilci-2-768x512.jpeg\" class=\"attachment-medium_large size-medium_large wp-image-1553\" alt=\"\" srcset=\"https:\/\/lismoiunavenir.org\/wp-content\/uploads\/2025\/05\/fondation-lis-moi-un-avenir-rencontre-commission-femmes-entrepreneures-ccilci-2-768x512.jpeg 768w, https:\/\/lismoiunavenir.org\/wp-content\/uploads\/2025\/05\/fondation-lis-moi-un-avenir-rencontre-commission-femmes-entrepreneures-ccilci-2-300x200.jpeg 300w, https:\/\/lismoiunavenir.org\/wp-content\/uploads\/2025\/05\/fondation-lis-moi-un-avenir-rencontre-commission-femmes-entrepreneures-ccilci-2-1024x682.jpeg 1024w, https:\/\/lismoiunavenir.org\/wp-content\/uploads\/2025\/05\/fondation-lis-moi-un-avenir-rencontre-commission-femmes-entrepreneures-ccilci-2-1536x1023.jpeg 1536w, https:\/\/lismoiunavenir.org\/wp-content\/uploads\/2025\/05\/fondation-lis-moi-un-avenir-rencontre-commission-femmes-entrepreneures-ccilci-2.jpeg 1600w\" sizes=\"(max-width: 768px) 100vw, 768px\" \/><\/div><\/a>\n\t\t\t\t<div class=\"elementor-post__text\">\n\t\t\t\t<h3 class=\"elementor-post__title\">\n\t\t\t<a href=\"https:\/\/lismoiunavenir.org\/?p=1548\" >\n\t\t\t\tEt si l\u2019\u00e9ducation \u00e9tait notre plus belle forme de r\u00e9sistance ?\t\t\t<\/a>\n\t\t<\/h3>\n\t\t\t\t<div class=\"elementor-post__excerpt\">\n\t\t\t<p>Une rencontre engag\u00e9e entre la Fondation Rayess et la Commission Femmes Entrepreneures de la CCILCI pour faire germer l\u2019espoir Jeudi 22 mai 2025, un d\u00e9jeuner<\/p>\n\t\t<\/div>\n\t\t\n\t\t<a class=\"elementor-post__read-more\" href=\"https:\/\/lismoiunavenir.org\/?p=1548\" aria-label=\"En savoir plus sur Et si l\u2019\u00e9ducation \u00e9tait notre plus belle forme de r\u00e9sistance ?\" tabindex=\"-1\" >\n\t\t\tLire la suite\t\t<\/a>\n\n\t\t\t\t<\/div>\n\t\t\t\t<div class=\"elementor-post__meta-data\">\n\t\t\t\t\t<span class=\"elementor-post-date\">\n\t\t\tmai 27, 2025\t\t<\/span>\n\t\t\t\t<span class=\"elementor-post-avatar\">\n\t\t\tAucun commentaire\t\t<\/span>\n\t\t\t\t<\/div>\n\t\t\t\t\t<\/div>\n\t\t<\/article>\n\t\t\t\t<article class=\"elementor-post elementor-grid-item post-1530 post type-post status-publish format-standard has-post-thumbnail hentry category-a-la-une category-alphabetisation category-ecosyteme category-formation category-partenariats\" role=\"listitem\">\n\t\t\t<div class=\"elementor-post__card\">\n\t\t\t\t<a class=\"elementor-post__thumbnail__link\" href=\"https:\/\/lismoiunavenir.org\/?p=1530\" tabindex=\"-1\" ><div class=\"elementor-post__thumbnail\"><img loading=\"lazy\" decoding=\"async\" width=\"768\" height=\"1024\" src=\"https:\/\/lismoiunavenir.org\/wp-content\/uploads\/2025\/05\/fondation-lis-moi-un-avenir-rencontre-ccil-ci-2-768x1024.jpeg\" class=\"attachment-medium_large size-medium_large wp-image-1537\" alt=\"\" srcset=\"https:\/\/lismoiunavenir.org\/wp-content\/uploads\/2025\/05\/fondation-lis-moi-un-avenir-rencontre-ccil-ci-2-768x1024.jpeg 768w, https:\/\/lismoiunavenir.org\/wp-content\/uploads\/2025\/05\/fondation-lis-moi-un-avenir-rencontre-ccil-ci-2-225x300.jpeg 225w, https:\/\/lismoiunavenir.org\/wp-content\/uploads\/2025\/05\/fondation-lis-moi-un-avenir-rencontre-ccil-ci-2.jpeg 960w\" sizes=\"(max-width: 768px) 100vw, 768px\" \/><\/div><\/a>\n\t\t\t\t<div class=\"elementor-post__text\">\n\t\t\t\t<h3 class=\"elementor-post__title\">\n\t\t\t<a href=\"https:\/\/lismoiunavenir.org\/?p=1530\" >\n\t\t\t\tQuand le monde \u00e9conomique soutient l\u2019\u00e9ducation et l&rsquo;autonomisation des femmes : la CCILCI en visite \u00e0 la Fondation Rayess \u2013 Lis Moi Un Avenir\t\t\t<\/a>\n\t\t<\/h3>\n\t\t\t\t<div class=\"elementor-post__excerpt\">\n\t\t\t<p>Une rencontre prometteuse entre engagement social et dynamisme entrepreneurial Le mardi 13 mai restera une date marquante dans le parcours de la Fondation Rayess \u2013<\/p>\n\t\t<\/div>\n\t\t\n\t\t<a class=\"elementor-post__read-more\" href=\"https:\/\/lismoiunavenir.org\/?p=1530\" aria-label=\"En savoir plus sur Quand le monde \u00e9conomique soutient l\u2019\u00e9ducation et l&rsquo;autonomisation des femmes : la CCILCI en visite \u00e0 la Fondation Rayess \u2013 Lis Moi Un Avenir\" tabindex=\"-1\" >\n\t\t\tLire la suite\t\t<\/a>\n\n\t\t\t\t<\/div>\n\t\t\t\t<div class=\"elementor-post__meta-data\">\n\t\t\t\t\t<span class=\"elementor-post-date\">\n\t\t\tmai 27, 2025\t\t<\/span>\n\t\t\t\t<span class=\"elementor-post-avatar\">\n\t\t\tAucun commentaire\t\t<\/span>\n\t\t\t\t<\/div>\n\t\t\t\t\t<\/div>\n\t\t<\/article>\n\t\t\t\t<article class=\"elementor-post elementor-grid-item post-1528 post type-post status-publish format-standard has-post-thumbnail hentry category-a-la-une category-ecosyteme category-planting\" role=\"listitem\">\n\t\t\t<div class=\"elementor-post__card\">\n\t\t\t\t<a class=\"elementor-post__thumbnail__link\" href=\"https:\/\/lismoiunavenir.org\/?p=1528\" tabindex=\"-1\" ><div class=\"elementor-post__thumbnail\"><img loading=\"lazy\" decoding=\"async\" width=\"768\" height=\"576\" src=\"https:\/\/lismoiunavenir.org\/wp-content\/uploads\/2025\/05\/fondation-lis-moi-un-avenir-planting-ulcm-1-768x576.jpeg\" class=\"attachment-medium_large size-medium_large wp-image-1545\" alt=\"\" srcset=\"https:\/\/lismoiunavenir.org\/wp-content\/uploads\/2025\/05\/fondation-lis-moi-un-avenir-planting-ulcm-1-768x576.jpeg 768w, https:\/\/lismoiunavenir.org\/wp-content\/uploads\/2025\/05\/fondation-lis-moi-un-avenir-planting-ulcm-1-300x225.jpeg 300w, https:\/\/lismoiunavenir.org\/wp-content\/uploads\/2025\/05\/fondation-lis-moi-un-avenir-planting-ulcm-1-1024x768.jpeg 1024w, https:\/\/lismoiunavenir.org\/wp-content\/uploads\/2025\/05\/fondation-lis-moi-un-avenir-planting-ulcm-1.jpeg 1080w\" sizes=\"(max-width: 768px) 100vw, 768px\" \/><\/div><\/a>\n\t\t\t\t<div class=\"elementor-post__text\">\n\t\t\t\t<h3 class=\"elementor-post__title\">\n\t\t\t<a href=\"https:\/\/lismoiunavenir.org\/?p=1528\" >\n\t\t\t\tUn arbre, un avenir : l\u2019Union Libanaise Culturelle Mondiale s\u2019engage pour la reforestation \u00e0 Koumassi\t\t\t<\/a>\n\t\t<\/h3>\n\t\t\t\t<div class=\"elementor-post__excerpt\">\n\t\t\t<p>Une action symbolique \u00e0 fort impact \u00e0 la Fondation Rayess \u2013 Lis Moi Un Avenir Dans un contexte mondial marqu\u00e9 par le changement climatique et<\/p>\n\t\t<\/div>\n\t\t\n\t\t<a class=\"elementor-post__read-more\" href=\"https:\/\/lismoiunavenir.org\/?p=1528\" aria-label=\"En savoir plus sur Un arbre, un avenir : l\u2019Union Libanaise Culturelle Mondiale s\u2019engage pour la reforestation \u00e0 Koumassi\" tabindex=\"-1\" >\n\t\t\tLire la suite\t\t<\/a>\n\n\t\t\t\t<\/div>\n\t\t\t\t<div class=\"elementor-post__meta-data\">\n\t\t\t\t\t<span class=\"elementor-post-date\">\n\t\t\tmai 27, 2025\t\t<\/span>\n\t\t\t\t<span class=\"elementor-post-avatar\">\n\t\t\tAucun commentaire\t\t<\/span>\n\t\t\t\t<\/div>\n\t\t\t\t\t<\/div>\n\t\t<\/article>\n\t\t\t\t<article class=\"elementor-post elementor-grid-item post-1523 post type-post status-publish format-standard has-post-thumbnail hentry category-a-la-une category-alphabetisation category-ecosyteme category-education category-formation category-partenariats category-sensibilisation\" role=\"listitem\">\n\t\t\t<div class=\"elementor-post__card\">\n\t\t\t\t<a class=\"elementor-post__thumbnail__link\" href=\"https:\/\/lismoiunavenir.org\/?p=1523\" tabindex=\"-1\" ><div class=\"elementor-post__thumbnail\"><img loading=\"lazy\" decoding=\"async\" width=\"768\" height=\"512\" src=\"https:\/\/lismoiunavenir.org\/wp-content\/uploads\/2025\/05\/fondation-lis-moi-un-avenir-visite-du-maire-de-koumassi-3-768x512.jpeg\" class=\"attachment-medium_large size-medium_large wp-image-1526\" alt=\"\" srcset=\"https:\/\/lismoiunavenir.org\/wp-content\/uploads\/2025\/05\/fondation-lis-moi-un-avenir-visite-du-maire-de-koumassi-3-768x512.jpeg 768w, https:\/\/lismoiunavenir.org\/wp-content\/uploads\/2025\/05\/fondation-lis-moi-un-avenir-visite-du-maire-de-koumassi-3-300x200.jpeg 300w, https:\/\/lismoiunavenir.org\/wp-content\/uploads\/2025\/05\/fondation-lis-moi-un-avenir-visite-du-maire-de-koumassi-3-1024x682.jpeg 1024w, https:\/\/lismoiunavenir.org\/wp-content\/uploads\/2025\/05\/fondation-lis-moi-un-avenir-visite-du-maire-de-koumassi-3.jpeg 1280w\" sizes=\"(max-width: 768px) 100vw, 768px\" \/><\/div><\/a>\n\t\t\t\t<div class=\"elementor-post__text\">\n\t\t\t\t<h3 class=\"elementor-post__title\">\n\t\t\t<a href=\"https:\/\/lismoiunavenir.org\/?p=1523\" >\n\t\t\t\tVisite du Maire de Koumassi \u00e0 la Fondation Lis moi un avenir\t\t\t<\/a>\n\t\t<\/h3>\n\t\t\t\t<div class=\"elementor-post__excerpt\">\n\t\t\t<p>Le 13 novembre 2024, la Fondation Rayess &#8211; Lis moi un avenir a re\u00e7u la visite de Monsieur Narcisse Balley, Maire de la commune de<\/p>\n\t\t<\/div>\n\t\t\n\t\t<a class=\"elementor-post__read-more\" href=\"https:\/\/lismoiunavenir.org\/?p=1523\" aria-label=\"En savoir plus sur Visite du Maire de Koumassi \u00e0 la Fondation Lis moi un avenir\" tabindex=\"-1\" >\n\t\t\tLire la suite\t\t<\/a>\n\n\t\t\t\t<\/div>\n\t\t\t\t<div class=\"elementor-post__meta-data\">\n\t\t\t\t\t<span class=\"elementor-post-date\">\n\t\t\tmai 27, 2025\t\t<\/span>\n\t\t\t\t<span class=\"elementor-post-avatar\">\n\t\t\tAucun commentaire\t\t<\/span>\n\t\t\t\t<\/div>\n\t\t\t\t\t<\/div>\n\t\t<\/article>\n\t\t\t\t<article class=\"elementor-post elementor-grid-item post-1451 post type-post status-publish format-standard has-post-thumbnail hentry category-a-la-une category-benevolat\" role=\"listitem\">\n\t\t\t<div class=\"elementor-post__card\">\n\t\t\t\t<a class=\"elementor-post__thumbnail__link\" href=\"https:\/\/lismoiunavenir.org\/?p=1451\" tabindex=\"-1\" ><div class=\"elementor-post__thumbnail\"><img loading=\"lazy\" decoding=\"async\" width=\"768\" height=\"512\" src=\"https:\/\/lismoiunavenir.org\/wp-content\/uploads\/2025\/05\/pexels-tima-miroshnichenko-6549371-768x512.jpg\" class=\"attachment-medium_large size-medium_large wp-image-1452\" alt=\"\" srcset=\"https:\/\/lismoiunavenir.org\/wp-content\/uploads\/2025\/05\/pexels-tima-miroshnichenko-6549371-768x512.jpg 768w, https:\/\/lismoiunavenir.org\/wp-content\/uploads\/2025\/05\/pexels-tima-miroshnichenko-6549371-300x200.jpg 300w, https:\/\/lismoiunavenir.org\/wp-content\/uploads\/2025\/05\/pexels-tima-miroshnichenko-6549371-1024x683.jpg 1024w, https:\/\/lismoiunavenir.org\/wp-content\/uploads\/2025\/05\/pexels-tima-miroshnichenko-6549371-1536x1024.jpg 1536w, https:\/\/lismoiunavenir.org\/wp-content\/uploads\/2025\/05\/pexels-tima-miroshnichenko-6549371-2048x1365.jpg 2048w\" sizes=\"(max-width: 768px) 100vw, 768px\" \/><\/div><\/a>\n\t\t\t\t<div class=\"elementor-post__text\">\n\t\t\t\t<h3 class=\"elementor-post__title\">\n\t\t\t<a href=\"https:\/\/lismoiunavenir.org\/?p=1451\" >\n\t\t\t\tMission de b\u00e9n\u00e9volat en gestion de biblioth\u00e8que\t\t\t<\/a>\n\t\t<\/h3>\n\t\t\t\t<div class=\"elementor-post__excerpt\">\n\t\t\t<p>La Fondation Rayess &#8211; Lis Moi Un Avenir, bas\u00e9e \u00e0 Koumassi, recherche un(e) b\u00e9n\u00e9vole biblioth\u00e9caire pour une mission de tri, d\u2019organisation et de gestion des<\/p>\n\t\t<\/div>\n\t\t\n\t\t<a class=\"elementor-post__read-more\" href=\"https:\/\/lismoiunavenir.org\/?p=1451\" aria-label=\"En savoir plus sur Mission de b\u00e9n\u00e9volat en gestion de biblioth\u00e8que\" tabindex=\"-1\" >\n\t\t\tLire la suite\t\t<\/a>\n\n\t\t\t\t<\/div>\n\t\t\t\t<div class=\"elementor-post__meta-data\">\n\t\t\t\t\t<span class=\"elementor-post-date\">\n\t\t\tmai 14, 2025\t\t<\/span>\n\t\t\t\t<span class=\"elementor-post-avatar\">\n\t\t\tAucun commentaire\t\t<\/span>\n\t\t\t\t<\/div>\n\t\t\t\t\t<\/div>\n\t\t<\/article>\n\t\t\t\t<article class=\"elementor-post elementor-grid-item post-1430 post type-post status-publish format-standard has-post-thumbnail hentry category-a-la-une category-alphabetisation category-education category-partenariats category-sensibilisation\" role=\"listitem\">\n\t\t\t<div class=\"elementor-post__card\">\n\t\t\t\t<a class=\"elementor-post__thumbnail__link\" href=\"https:\/\/lismoiunavenir.org\/?p=1430\" tabindex=\"-1\" ><div class=\"elementor-post__thumbnail\"><img loading=\"lazy\" decoding=\"async\" width=\"768\" height=\"432\" src=\"https:\/\/lismoiunavenir.org\/wp-content\/uploads\/2025\/05\/fondation-rayess-lis-moi-un-avenir-action-8-mars-solibra-1-768x432.jpeg\" class=\"attachment-medium_large size-medium_large wp-image-1443\" alt=\"\" srcset=\"https:\/\/lismoiunavenir.org\/wp-content\/uploads\/2025\/05\/fondation-rayess-lis-moi-un-avenir-action-8-mars-solibra-1-768x432.jpeg 768w, https:\/\/lismoiunavenir.org\/wp-content\/uploads\/2025\/05\/fondation-rayess-lis-moi-un-avenir-action-8-mars-solibra-1-300x169.jpeg 300w, https:\/\/lismoiunavenir.org\/wp-content\/uploads\/2025\/05\/fondation-rayess-lis-moi-un-avenir-action-8-mars-solibra-1-1024x576.jpeg 1024w, https:\/\/lismoiunavenir.org\/wp-content\/uploads\/2025\/05\/fondation-rayess-lis-moi-un-avenir-action-8-mars-solibra-1.jpeg 1080w\" sizes=\"(max-width: 768px) 100vw, 768px\" \/><\/div><\/a>\n\t\t\t\t<div class=\"elementor-post__text\">\n\t\t\t\t<h3 class=\"elementor-post__title\">\n\t\t\t<a href=\"https:\/\/lismoiunavenir.org\/?p=1430\" >\n\t\t\t\tSOLIBRA et la Fondation Lis Moi Un Avenir : Ensemble pour l\u2019\u00e9mancipation des femmes\t\t\t<\/a>\n\t\t<\/h3>\n\t\t\t\t<div class=\"elementor-post__excerpt\">\n\t\t\t<p>Le samedi 8 mars 2025, \u00e0 l\u2019occasion de la Journ\u00e9e Internationale des Droits des Femmes, la Fondation Nady et Imane Rayess &#8211; Lis Moi Un<\/p>\n\t\t<\/div>\n\t\t\n\t\t<a class=\"elementor-post__read-more\" href=\"https:\/\/lismoiunavenir.org\/?p=1430\" aria-label=\"En savoir plus sur SOLIBRA et la Fondation Lis Moi Un Avenir : Ensemble pour l\u2019\u00e9mancipation des femmes\" tabindex=\"-1\" >\n\t\t\tLire la suite\t\t<\/a>\n\n\t\t\t\t<\/div>\n\t\t\t\t<div class=\"elementor-post__meta-data\">\n\t\t\t\t\t<span class=\"elementor-post-date\">\n\t\t\tmai 14, 2025\t\t<\/span>\n\t\t\t\t<span class=\"elementor-post-avatar\">\n\t\t\tAucun commentaire\t\t<\/span>\n\t\t\t\t<\/div>\n\t\t\t\t\t<\/div>\n\t\t<\/article>\n\t\t\t\t<\/div>\n\t\t\n\t\t\t\t\t\t<\/div>\n\t\t\t\t<\/div>\n\t\t\t\t\t<\/div>\n\t\t\t\t<\/div>\n\t\t\t\t<\/div>\n\t\t","protected":false},"excerpt":{"rendered":"","protected":false},"author":1,"featured_media":0,"parent":0,"menu_order":6,"comment_status":"closed","ping_status":"closed","template":"","meta":{"footnotes":""},"class_list":["post-54","page","type-page","status-publish","hentry"],"_links":{"self":[{"href":"https:\/\/lismoiunavenir.org\/index.php?rest_route=\/wp\/v2\/pages\/54","targetHints":{"allow":["GET"]}}],"collection":[{"href":"https:\/\/lismoiunavenir.org\/index.php?rest_route=\/wp\/v2\/pages"}],"about":[{"href":"https:\/\/lismoiunavenir.org\/index.php?rest_route=\/wp\/v2\/types\/page"}],"author":[{"embeddable":true,"href":"https:\/\/lismoiunavenir.org\/index.php?rest_route=\/wp\/v2\/users\/1"}],"replies":[{"embeddable":true,"href":"https:\/\/lismoiunavenir.org\/index.php?rest_route=%2Fwp%2Fv2%2Fcomments&post=54"}],"version-history":[{"count":12,"href":"https:\/\/lismoiunavenir.org\/index.php?rest_route=\/wp\/v2\/pages\/54\/revisions"}],"predecessor-version":[{"id":1224,"href":"https:\/\/lismoiunavenir.org\/index.php?rest_route=\/wp\/v2\/pages\/54\/revisions\/1224"}],"wp:attachment":[{"href":"https:\/\/lismoiunavenir.org\/index.php?rest_route=%2Fwp%2Fv2%2Fmedia&parent=54"}],"curies":[{"name":"wp","href":"https:\/\/api.w.org\/{rel}","templated":true}]}}