{"id":345,"date":"2023-08-10T15:38:15","date_gmt":"2023-08-10T15:38:15","guid":{"rendered":"https:\/\/staging.lismoiunavenir.org\/?page_id=345"},"modified":"2025-12-18T01:24:59","modified_gmt":"2025-12-18T01:24:59","slug":"nos-ateliers","status":"publish","type":"page","link":"https:\/\/lismoiunavenir.org\/?page_id=345","title":{"rendered":"Nos ateliers"},"content":{"rendered":"\t\t<div data-elementor-type=\"wp-page\" data-elementor-id=\"345\" class=\"elementor elementor-345\" data-elementor-post-type=\"page\">\n\t\t\t\t<div class=\"elementor-element elementor-element-15d5adb e-flex e-con-boxed e-con e-parent\" data-id=\"15d5adb\" data-element_type=\"container\" data-e-type=\"container\" data-settings=\"{&quot;background_background&quot;:&quot;classic&quot;,&quot;jet_parallax_layout_list&quot;:[]}\">\n\t\t\t\t\t<div class=\"e-con-inner\">\n\t\t\t\t<div class=\"elementor-element elementor-element-eb1d5f4 elementor-widget elementor-widget-heading\" data-id=\"eb1d5f4\" data-element_type=\"widget\" data-e-type=\"widget\" data-widget_type=\"heading.default\">\n\t\t\t\t<div class=\"elementor-widget-container\">\n\t\t\t\t\t<h2 class=\"elementor-heading-title elementor-size-default\">Nos ateliers<\/h2>\t\t\t\t<\/div>\n\t\t\t\t<\/div>\n\t\t\t\t\t<\/div>\n\t\t\t\t<\/div>\n\t\t<div class=\"elementor-element elementor-element-c5218b2 e-flex e-con-boxed e-con e-parent\" data-id=\"c5218b2\" data-element_type=\"container\" data-e-type=\"container\" data-settings=\"{&quot;jet_parallax_layout_list&quot;:[]}\">\n\t\t\t\t\t<div class=\"e-con-inner\">\n\t\t\t\t<div class=\"elementor-element elementor-element-551e2a5 elementor-widget elementor-widget-heading\" data-id=\"551e2a5\" data-element_type=\"widget\" data-e-type=\"widget\" data-widget_type=\"heading.default\">\n\t\t\t\t<div class=\"elementor-widget-container\">\n\t\t\t\t\t<h2 class=\"elementor-heading-title elementor-size-default\">D\u00e9couvrez nos ateliers<\/h2>\t\t\t\t<\/div>\n\t\t\t\t<\/div>\n\t\t\t\t<div class=\"elementor-element elementor-element-5376d38 elementor-widget elementor-widget-text-editor\" data-id=\"5376d38\" data-element_type=\"widget\" data-e-type=\"widget\" data-widget_type=\"text-editor.default\">\n\t\t\t\t<div class=\"elementor-widget-container\">\n\t\t\t\t\t\t\t\t\tCr\u00e9er des ressources \u00e9ducatives sur le genre et l&rsquo;autonomisation des femmes en aidant les communaut\u00e9s locales \u00e0 d\u00e9velopper un \u00e9tat d&rsquo;esprit inclusif.\t\t\t\t\t\t\t\t<\/div>\n\t\t\t\t<\/div>\n\t\t\t\t\t<\/div>\n\t\t\t\t<\/div>\n\t\t<div class=\"elementor-element elementor-element-f2a92bf e-flex e-con-boxed e-con e-parent\" data-id=\"f2a92bf\" data-element_type=\"container\" data-e-type=\"container\" data-settings=\"{&quot;background_background&quot;:&quot;classic&quot;,&quot;jet_parallax_layout_list&quot;:[]}\">\n\t\t\t\t\t<div class=\"e-con-inner\">\n\t\t<div class=\"elementor-element elementor-element-1f36816 e-con-full e-flex e-con e-child\" data-id=\"1f36816\" data-element_type=\"container\" data-e-type=\"container\" data-settings=\"{&quot;background_background&quot;:&quot;classic&quot;,&quot;jet_parallax_layout_list&quot;:[]}\">\n\t\t\t\t<\/div>\n\t\t<div class=\"elementor-element elementor-element-d7e3da7 e-con-full e-flex e-con e-child\" data-id=\"d7e3da7\" data-element_type=\"container\" data-e-type=\"container\" data-settings=\"{&quot;jet_parallax_layout_list&quot;:[]}\">\n\t\t\t\t<div class=\"elementor-element elementor-element-af789c2 elementor-widget elementor-widget-heading\" data-id=\"af789c2\" data-element_type=\"widget\" data-e-type=\"widget\" data-widget_type=\"heading.default\">\n\t\t\t\t<div class=\"elementor-widget-container\">\n\t\t\t\t\t<h2 class=\"elementor-heading-title elementor-size-default\">Les rencontres th\u00e9matiques sur le genre et \u00e9quit\u00e9<\/h2>\t\t\t\t<\/div>\n\t\t\t\t<\/div>\n\t\t\t\t<div class=\"elementor-element elementor-element-f439646 elementor-widget elementor-widget-text-editor\" data-id=\"f439646\" data-element_type=\"widget\" data-e-type=\"widget\" data-widget_type=\"text-editor.default\">\n\t\t\t\t<div class=\"elementor-widget-container\">\n\t\t\t\t\t\t\t\t\tLes rencontres th\u00e9matiques que nous organisons sur le genre portent sur les violences bas\u00e9es sur le genre (VBG), l\u2019hygi\u00e8ne menstruelle et des sujets li\u00e9s \u00e0 l\u2019\u00e9galit\u00e9 des sexes et \u00e0 la masculinit\u00e9 positive.\nNotre objectif est d\u2019apporter un maximum d\u2019informations aux femmes sur les dispositions, les outils et les institutions qui existent dans leur \u00e9cosyst\u00e8me.\t\t\t\t\t\t\t\t<\/div>\n\t\t\t\t<\/div>\n\t\t\t\t<div class=\"elementor-element elementor-element-6b963b3 elementor-widget elementor-widget-heading\" data-id=\"6b963b3\" data-element_type=\"widget\" data-e-type=\"widget\" data-widget_type=\"heading.default\">\n\t\t\t\t<div class=\"elementor-widget-container\">\n\t\t\t\t\t<h2 class=\"elementor-heading-title elementor-size-default\">La sensibilisation \u00e0 la gestion du budget et de l\u2019hygi\u00e8ne alimentaire<\/h2>\t\t\t\t<\/div>\n\t\t\t\t<\/div>\n\t\t\t\t<div class=\"elementor-element elementor-element-8aea4da elementor-widget elementor-widget-text-editor\" data-id=\"8aea4da\" data-element_type=\"widget\" data-e-type=\"widget\" data-widget_type=\"text-editor.default\">\n\t\t\t\t<div class=\"elementor-widget-container\">\n\t\t\t\t\t\t\t\t\tLa majorit\u00e9 de nos b\u00e9n\u00e9ficiaires sont issus de couches sociales d\u00e9favoris\u00e9es. Par ailleurs, sachant que le premier poste de d\u00e9penses des foyers ivoiriens est le poste alimentaire. C\u2019est donc \u00e0 cet effet que les activit\u00e9s de sensibilisation \u00e0 la gestion du budget et de l\u2019hygi\u00e8ne alimentaire sont d\u00e9ploy\u00e9es.\t\t\t\t\t\t\t\t<\/div>\n\t\t\t\t<\/div>\n\t\t\t\t<div class=\"elementor-element elementor-element-6f47b43 elementor-widget elementor-widget-heading\" data-id=\"6f47b43\" data-element_type=\"widget\" data-e-type=\"widget\" data-widget_type=\"heading.default\">\n\t\t\t\t<div class=\"elementor-widget-container\">\n\t\t\t\t\t<h2 class=\"elementor-heading-title elementor-size-default\">Les mises en relation avec des structures sp\u00e9cialis\u00e9es<\/h2>\t\t\t\t<\/div>\n\t\t\t\t<\/div>\n\t\t\t\t<div class=\"elementor-element elementor-element-66cb2d3 elementor-widget elementor-widget-text-editor\" data-id=\"66cb2d3\" data-element_type=\"widget\" data-e-type=\"widget\" data-widget_type=\"text-editor.default\">\n\t\t\t\t<div class=\"elementor-widget-container\">\n\t\t\t\t\t\t\t\t\tPour faciliter l\u2019\u00e9mancipation des femmes que nous accompagnons, nous nous effor\u00e7ons de cr\u00e9er les conditions favorables \u00e0 la mise en relation de nos b\u00e9n\u00e9ficiaires avec des structures sp\u00e9cialis\u00e9es lorsqu\u2019elles rencontrent des difficult\u00e9s.\t\t\t\t\t\t\t\t<\/div>\n\t\t\t\t<\/div>\n\t\t\t\t<div class=\"elementor-element elementor-element-2a2cda8 elementor-widget elementor-widget-heading\" data-id=\"2a2cda8\" data-element_type=\"widget\" data-e-type=\"widget\" data-widget_type=\"heading.default\">\n\t\t\t\t<div class=\"elementor-widget-container\">\n\t\t\t\t\t<h2 class=\"elementor-heading-title elementor-size-default\">Les Ateliers Verts <\/h2>\t\t\t\t<\/div>\n\t\t\t\t<\/div>\n\t\t\t\t<div class=\"elementor-element elementor-element-5f18122 elementor-widget elementor-widget-text-editor\" data-id=\"5f18122\" data-element_type=\"widget\" data-e-type=\"widget\" data-widget_type=\"text-editor.default\">\n\t\t\t\t<div class=\"elementor-widget-container\">\n\t\t\t\t\t\t\t\t\t<p>Contribuer \u00e0 la reforestation et \u00e0 la pr\u00e9servation de l&rsquo;environnement sont des enjeux importants pour notre communaut\u00e9, c&rsquo;est pourquoi, nous avons d\u00e9velopp\u00e9s les Ateliers Verts. Ces ateliers consistent \u00e0 sensibiliser nos b\u00e9n\u00e9ficiaires aux gestes \u00e9co-citoyens. On citera par exemple, les activit\u00e9s de planting d&rsquo;arbres ou encore les activit\u00e9s d&rsquo;initiation \u00e0 l&rsquo;agriculture hors sol.\u00a0<\/p>\t\t\t\t\t\t\t\t<\/div>\n\t\t\t\t<\/div>\n\t\t\t\t<\/div>\n\t\t\t\t\t<\/div>\n\t\t\t\t<\/div>\n\t\t<div class=\"elementor-element elementor-element-beaa1af e-flex e-con-boxed e-con e-parent\" data-id=\"beaa1af\" data-element_type=\"container\" data-e-type=\"container\" data-settings=\"{&quot;background_background&quot;:&quot;classic&quot;,&quot;jet_parallax_layout_list&quot;:[]}\">\n\t\t\t\t\t<div class=\"e-con-inner\">\n\t\t\t\t<div class=\"elementor-element elementor-element-dbbe751 elementor-widget elementor-widget-spacer\" data-id=\"dbbe751\" data-element_type=\"widget\" data-e-type=\"widget\" data-widget_type=\"spacer.default\">\n\t\t\t\t<div class=\"elementor-widget-container\">\n\t\t\t\t\t\t\t<div class=\"elementor-spacer\">\n\t\t\t<div class=\"elementor-spacer-inner\"><\/div>\n\t\t<\/div>\n\t\t\t\t\t\t<\/div>\n\t\t\t\t<\/div>\n\t\t\t\t<div class=\"elementor-element elementor-element-a90308b elementor-widget elementor-widget-heading\" data-id=\"a90308b\" data-element_type=\"widget\" data-e-type=\"widget\" data-widget_type=\"heading.default\">\n\t\t\t\t<div class=\"elementor-widget-container\">\n\t\t\t\t\t<h2 class=\"elementor-heading-title elementor-size-default\">Retours sur des activit\u00e9s men\u00e9es<\/h2>\t\t\t\t<\/div>\n\t\t\t\t<\/div>\n\t\t\t\t<div class=\"elementor-element elementor-element-b856d53 elementor-widget elementor-widget-spacer\" data-id=\"b856d53\" data-element_type=\"widget\" data-e-type=\"widget\" data-widget_type=\"spacer.default\">\n\t\t\t\t<div class=\"elementor-widget-container\">\n\t\t\t\t\t\t\t<div class=\"elementor-spacer\">\n\t\t\t<div class=\"elementor-spacer-inner\"><\/div>\n\t\t<\/div>\n\t\t\t\t\t\t<\/div>\n\t\t\t\t<\/div>\n\t\t\t\t\t<\/div>\n\t\t\t\t<\/div>\n\t\t<div class=\"elementor-element elementor-element-5af07ca e-grid e-con-boxed e-con e-parent\" data-id=\"5af07ca\" data-element_type=\"container\" data-e-type=\"container\" data-settings=\"{&quot;background_background&quot;:&quot;classic&quot;,&quot;jet_parallax_layout_list&quot;:[]}\">\n\t\t\t\t\t<div class=\"e-con-inner\">\n\t\t\t\t<div class=\"elementor-element elementor-element-bbf8d48 elementor-widget elementor-widget-image\" data-id=\"bbf8d48\" data-element_type=\"widget\" data-e-type=\"widget\" data-widget_type=\"image.default\">\n\t\t\t\t<div class=\"elementor-widget-container\">\n\t\t\t\t\t\t\t\t\t\t\t\t\t\t\t<img fetchpriority=\"high\" decoding=\"async\" width=\"768\" height=\"576\" src=\"https:\/\/lismoiunavenir.org\/wp-content\/uploads\/2025\/12\/fondation-rayess-lis-moi-un-avenir-club-lecture-5-768x576.jpeg\" class=\"attachment-medium_large size-medium_large wp-image-2115\" alt=\"\" srcset=\"https:\/\/lismoiunavenir.org\/wp-content\/uploads\/2025\/12\/fondation-rayess-lis-moi-un-avenir-club-lecture-5-768x576.jpeg 768w, https:\/\/lismoiunavenir.org\/wp-content\/uploads\/2025\/12\/fondation-rayess-lis-moi-un-avenir-club-lecture-5-300x225.jpeg 300w, https:\/\/lismoiunavenir.org\/wp-content\/uploads\/2025\/12\/fondation-rayess-lis-moi-un-avenir-club-lecture-5-1024x768.jpeg 1024w, https:\/\/lismoiunavenir.org\/wp-content\/uploads\/2025\/12\/fondation-rayess-lis-moi-un-avenir-club-lecture-5-600x450.jpeg 600w, https:\/\/lismoiunavenir.org\/wp-content\/uploads\/2025\/12\/fondation-rayess-lis-moi-un-avenir-club-lecture-5.jpeg 1080w\" sizes=\"(max-width: 768px) 100vw, 768px\" \/>\t\t\t\t\t\t\t\t\t\t\t\t\t\t\t<\/div>\n\t\t\t\t<\/div>\n\t\t\t\t<div class=\"elementor-element elementor-element-7bd1cce elementor-widget elementor-widget-image\" data-id=\"7bd1cce\" data-element_type=\"widget\" data-e-type=\"widget\" data-widget_type=\"image.default\">\n\t\t\t\t<div class=\"elementor-widget-container\">\n\t\t\t\t\t\t\t\t\t\t\t\t\t\t\t<img decoding=\"async\" width=\"768\" height=\"543\" src=\"https:\/\/lismoiunavenir.org\/wp-content\/uploads\/2025\/12\/fondation-rayess-lis-moi-un-avenir-journee-mondiale-contre-le-sida-768x543.jpg\" class=\"attachment-medium_large size-medium_large wp-image-2127\" alt=\"\" srcset=\"https:\/\/lismoiunavenir.org\/wp-content\/uploads\/2025\/12\/fondation-rayess-lis-moi-un-avenir-journee-mondiale-contre-le-sida-768x543.jpg 768w, https:\/\/lismoiunavenir.org\/wp-content\/uploads\/2025\/12\/fondation-rayess-lis-moi-un-avenir-journee-mondiale-contre-le-sida-300x212.jpg 300w, https:\/\/lismoiunavenir.org\/wp-content\/uploads\/2025\/12\/fondation-rayess-lis-moi-un-avenir-journee-mondiale-contre-le-sida-1024x724.jpg 1024w, https:\/\/lismoiunavenir.org\/wp-content\/uploads\/2025\/12\/fondation-rayess-lis-moi-un-avenir-journee-mondiale-contre-le-sida-1536x1086.jpg 1536w, https:\/\/lismoiunavenir.org\/wp-content\/uploads\/2025\/12\/fondation-rayess-lis-moi-un-avenir-journee-mondiale-contre-le-sida-600x424.jpg 600w, https:\/\/lismoiunavenir.org\/wp-content\/uploads\/2025\/12\/fondation-rayess-lis-moi-un-avenir-journee-mondiale-contre-le-sida.jpg 2000w\" sizes=\"(max-width: 768px) 100vw, 768px\" \/>\t\t\t\t\t\t\t\t\t\t\t\t\t\t\t<\/div>\n\t\t\t\t<\/div>\n\t\t\t\t<div class=\"elementor-element elementor-element-85fdbab elementor-widget elementor-widget-image\" data-id=\"85fdbab\" data-element_type=\"widget\" data-e-type=\"widget\" data-widget_type=\"image.default\">\n\t\t\t\t<div class=\"elementor-widget-container\">\n\t\t\t\t\t\t\t\t\t\t\t\t\t\t\t<img decoding=\"async\" width=\"768\" height=\"576\" src=\"https:\/\/lismoiunavenir.org\/wp-content\/uploads\/2025\/12\/WhatsApp-Image-2025-12-17-at-23.47.11-768x576.jpeg\" class=\"attachment-medium_large size-medium_large wp-image-2097\" alt=\"\" srcset=\"https:\/\/lismoiunavenir.org\/wp-content\/uploads\/2025\/12\/WhatsApp-Image-2025-12-17-at-23.47.11-768x576.jpeg 768w, https:\/\/lismoiunavenir.org\/wp-content\/uploads\/2025\/12\/WhatsApp-Image-2025-12-17-at-23.47.11-300x225.jpeg 300w, https:\/\/lismoiunavenir.org\/wp-content\/uploads\/2025\/12\/WhatsApp-Image-2025-12-17-at-23.47.11-1024x768.jpeg 1024w, https:\/\/lismoiunavenir.org\/wp-content\/uploads\/2025\/12\/WhatsApp-Image-2025-12-17-at-23.47.11-600x450.jpeg 600w, https:\/\/lismoiunavenir.org\/wp-content\/uploads\/2025\/12\/WhatsApp-Image-2025-12-17-at-23.47.11.jpeg 1080w\" sizes=\"(max-width: 768px) 100vw, 768px\" \/>\t\t\t\t\t\t\t\t\t\t\t\t\t\t\t<\/div>\n\t\t\t\t<\/div>\n\t\t\t\t<div class=\"elementor-element elementor-element-fd452f5 elementor-widget elementor-widget-text-editor\" data-id=\"fd452f5\" data-element_type=\"widget\" data-e-type=\"widget\" data-widget_type=\"text-editor.default\">\n\t\t\t\t<div class=\"elementor-widget-container\">\n\t\t\t\t\t\t\t\t\t<p><strong>Lire pour grandir : Lancement du Club de Lecture\u00a0<\/strong><br \/>25 b\u00e9n\u00e9ficiaires du Programme d&rsquo;alphab\u00e9tisation et d&rsquo;apprentissage d&rsquo;un m\u00e9tier sont aujourd&rsquo;hui membres du Club de Lecture de la Biblioth\u00e8que de l&rsquo;Ecole de la Deuxi\u00e8me Chance.<br \/><em>15 D\u00e9cembre 2025\u00a0<br \/><a href=\"https:\/\/lismoiunavenir.org\/?p=2112\"><span style=\"text-decoration: underline;\">en savoir plus<\/span><\/a><\/em><\/p>\t\t\t\t\t\t\t\t<\/div>\n\t\t\t\t<\/div>\n\t\t\t\t<div class=\"elementor-element elementor-element-44e0966 elementor-widget elementor-widget-text-editor\" data-id=\"44e0966\" data-element_type=\"widget\" data-e-type=\"widget\" data-widget_type=\"text-editor.default\">\n\t\t\t\t<div class=\"elementor-widget-container\">\n\t\t\t\t\t\t\t\t\t<p><strong>Journ\u00e9e mondiale de lutte contre le SIDA : Sensibilisation, pr\u00e9vention et d\u00e9pistage<\/strong><br \/>Les 75 b\u00e9n\u00e9ficiaires du Programme d&rsquo;alphab\u00e9tisation et d&rsquo;apprentissage d&rsquo;un m\u00e9tier ont particip\u00e9 \u00e0 une journ\u00e9e de sensibilisation \u00e0 la lutte contre le SIDA\u00a0<br \/><em>01 D\u00e9cembre 2025\u00a0<br \/><a href=\"https:\/\/lismoiunavenir.org\/?p=2100\"><span style=\"text-decoration: underline;\">en savoir plus<\/span><\/a><\/em><\/p>\t\t\t\t\t\t\t\t<\/div>\n\t\t\t\t<\/div>\n\t\t\t\t<div class=\"elementor-element elementor-element-f8f3f1e elementor-widget elementor-widget-text-editor\" data-id=\"f8f3f1e\" data-element_type=\"widget\" data-e-type=\"widget\" data-widget_type=\"text-editor.default\">\n\t\t\t\t<div class=\"elementor-widget-container\">\n\t\t\t\t\t\t\t\t\t<p><em><strong>Mon \u00e9cole propre : Journ\u00e9e citoyenne pour un cadre d&rsquo;apprentissage sain<\/strong>\u00a0<br \/>75 b\u00e9n\u00e9ficiaires du Programme d&rsquo;alphab\u00e9tisation et d&rsquo;apprentissage ont particip\u00e9 \u00e0 une journ\u00e9e de nettoyage du site de l&rsquo;Ecole de la Deuxi\u00e8me Chance.<br \/>19 Novembre 2025\u00a0<br \/><a href=\"https:\/\/lismoiunavenir.org\/?p=2090\"><span style=\"text-decoration: underline;\">en savoir plus<\/span><\/a><\/em><\/p>\t\t\t\t\t\t\t\t<\/div>\n\t\t\t\t<\/div>\n\t\t\t\t\t<\/div>\n\t\t\t\t<\/div>\n\t\t<div class=\"elementor-element elementor-element-59e41da e-grid e-con-boxed e-con e-parent\" data-id=\"59e41da\" data-element_type=\"container\" data-e-type=\"container\" data-settings=\"{&quot;background_background&quot;:&quot;classic&quot;,&quot;jet_parallax_layout_list&quot;:[]}\">\n\t\t\t\t\t<div class=\"e-con-inner\">\n\t\t\t\t<div class=\"elementor-element elementor-element-f08628f elementor-widget elementor-widget-image\" data-id=\"f08628f\" data-element_type=\"widget\" data-e-type=\"widget\" data-widget_type=\"image.default\">\n\t\t\t\t<div class=\"elementor-widget-container\">\n\t\t\t\t\t\t\t\t\t\t\t\t\t\t\t<img loading=\"lazy\" decoding=\"async\" width=\"768\" height=\"512\" src=\"https:\/\/lismoiunavenir.org\/wp-content\/uploads\/2025\/11\/IMG_4930-768x512.jpg\" class=\"attachment-medium_large size-medium_large wp-image-1966\" alt=\"\" srcset=\"https:\/\/lismoiunavenir.org\/wp-content\/uploads\/2025\/11\/IMG_4930-768x512.jpg 768w, https:\/\/lismoiunavenir.org\/wp-content\/uploads\/2025\/11\/IMG_4930-300x200.jpg 300w, https:\/\/lismoiunavenir.org\/wp-content\/uploads\/2025\/11\/IMG_4930-1024x683.jpg 1024w, https:\/\/lismoiunavenir.org\/wp-content\/uploads\/2025\/11\/IMG_4930-1536x1024.jpg 1536w, https:\/\/lismoiunavenir.org\/wp-content\/uploads\/2025\/11\/IMG_4930-2048x1365.jpg 2048w, https:\/\/lismoiunavenir.org\/wp-content\/uploads\/2025\/11\/IMG_4930-600x400.jpg 600w\" sizes=\"(max-width: 768px) 100vw, 768px\" \/>\t\t\t\t\t\t\t\t\t\t\t\t\t\t\t<\/div>\n\t\t\t\t<\/div>\n\t\t\t\t<div class=\"elementor-element elementor-element-848f585 elementor-widget elementor-widget-image\" data-id=\"848f585\" data-element_type=\"widget\" data-e-type=\"widget\" data-widget_type=\"image.default\">\n\t\t\t\t<div class=\"elementor-widget-container\">\n\t\t\t\t\t\t\t\t\t\t\t\t\t\t\t<img loading=\"lazy\" decoding=\"async\" width=\"768\" height=\"419\" src=\"https:\/\/lismoiunavenir.org\/wp-content\/uploads\/2025\/09\/illustration-lis-moi-un-avenir-768x419.png\" class=\"attachment-medium_large size-medium_large wp-image-1856\" alt=\"\" srcset=\"https:\/\/lismoiunavenir.org\/wp-content\/uploads\/2025\/09\/illustration-lis-moi-un-avenir-768x419.png 768w, https:\/\/lismoiunavenir.org\/wp-content\/uploads\/2025\/09\/illustration-lis-moi-un-avenir-300x164.png 300w, https:\/\/lismoiunavenir.org\/wp-content\/uploads\/2025\/09\/illustration-lis-moi-un-avenir-1024x559.png 1024w, https:\/\/lismoiunavenir.org\/wp-content\/uploads\/2025\/09\/illustration-lis-moi-un-avenir-1536x839.png 1536w, https:\/\/lismoiunavenir.org\/wp-content\/uploads\/2025\/09\/illustration-lis-moi-un-avenir-2048x1119.png 2048w, https:\/\/lismoiunavenir.org\/wp-content\/uploads\/2025\/09\/illustration-lis-moi-un-avenir-600x328.png 600w\" sizes=\"(max-width: 768px) 100vw, 768px\" \/>\t\t\t\t\t\t\t\t\t\t\t\t\t\t\t<\/div>\n\t\t\t\t<\/div>\n\t\t\t\t<div class=\"elementor-element elementor-element-fedf511 elementor-widget elementor-widget-image\" data-id=\"fedf511\" data-element_type=\"widget\" data-e-type=\"widget\" data-widget_type=\"image.default\">\n\t\t\t\t<div class=\"elementor-widget-container\">\n\t\t\t\t\t\t\t\t\t\t\t\t\t\t\t<img loading=\"lazy\" decoding=\"async\" width=\"768\" height=\"419\" src=\"https:\/\/lismoiunavenir.org\/wp-content\/uploads\/2025\/09\/2-768x419.png\" class=\"attachment-medium_large size-medium_large wp-image-1855\" alt=\"\" srcset=\"https:\/\/lismoiunavenir.org\/wp-content\/uploads\/2025\/09\/2-768x419.png 768w, https:\/\/lismoiunavenir.org\/wp-content\/uploads\/2025\/09\/2-300x164.png 300w, https:\/\/lismoiunavenir.org\/wp-content\/uploads\/2025\/09\/2-1024x559.png 1024w, https:\/\/lismoiunavenir.org\/wp-content\/uploads\/2025\/09\/2-1536x839.png 1536w, https:\/\/lismoiunavenir.org\/wp-content\/uploads\/2025\/09\/2-2048x1119.png 2048w, https:\/\/lismoiunavenir.org\/wp-content\/uploads\/2025\/09\/2-600x328.png 600w\" sizes=\"(max-width: 768px) 100vw, 768px\" \/>\t\t\t\t\t\t\t\t\t\t\t\t\t\t\t<\/div>\n\t\t\t\t<\/div>\n\t\t\t\t<div class=\"elementor-element elementor-element-73c4aa1 elementor-widget elementor-widget-text-editor\" data-id=\"73c4aa1\" data-element_type=\"widget\" data-e-type=\"widget\" data-widget_type=\"text-editor.default\">\n\t\t\t\t<div class=\"elementor-widget-container\">\n\t\t\t\t\t\t\t\t\t<p><strong>Octobre Rose : Sensibilisation au Cancer du Sein\u00a0<\/strong><br \/>63 b\u00e9n\u00e9ficiaires du Programme d&rsquo;alphab\u00e9tisation et d&rsquo;apprentissage d&rsquo;un m\u00e9tier ont particip\u00e9 \u00e0 une journ\u00e9e de sensibilisation et de pr\u00e9vention au cancer du sein.<br \/><em>15 Octobre 2025\u00a0<br \/><a href=\"https:\/\/lismoiunavenir.org\/?p=1960\"><span style=\"text-decoration: underline;\">en savoir plus<\/span><\/a><\/em><\/p>\t\t\t\t\t\t\t\t<\/div>\n\t\t\t\t<\/div>\n\t\t\t\t<div class=\"elementor-element elementor-element-fe2608e elementor-widget elementor-widget-text-editor\" data-id=\"fe2608e\" data-element_type=\"widget\" data-e-type=\"widget\" data-widget_type=\"text-editor.default\">\n\t\t\t\t<div class=\"elementor-widget-container\">\n\t\t\t\t\t\t\t\t\t<p><strong>NADISSA 2025 : Activit\u00e9 de sensibilisation \u00e0 la sant\u00e9 et dignit\u00e9 sexuelle<\/strong>\u00a0<br \/>Les 75 b\u00e9n\u00e9ficiaires du Programme d&rsquo;alphab\u00e9tisation et d&rsquo;apprentissage d&rsquo;un m\u00e9tier ont particip\u00e9 \u00e0 une journ\u00e9e de sensibilisation \u00e0 la sant\u00e9 et dignit\u00e9 sexuelle dans le cadre de la c\u00e9l\u00e9bration de la Journ\u00e9e Internationale de la Sant\u00e9 Sexuelle.\u00a0<br \/><em>11 Septembre 2025\u00a0<br \/><a href=\"https:\/\/lismoiunavenir.org\/?p=1782\"><span style=\"text-decoration: underline;\">en savoir plus<\/span><\/a><\/em><\/p>\t\t\t\t\t\t\t\t<\/div>\n\t\t\t\t<\/div>\n\t\t\t\t<div class=\"elementor-element elementor-element-f6f900f elementor-widget elementor-widget-text-editor\" data-id=\"f6f900f\" data-element_type=\"widget\" data-e-type=\"widget\" data-widget_type=\"text-editor.default\">\n\t\t\t\t<div class=\"elementor-widget-container\">\n\t\t\t\t\t\t\t\t\t<p><em><strong>Activit\u00e9 sportive et r\u00e9cr\u00e9ative<\/strong>\u00a0: <br \/>10 b\u00e9n\u00e9ficiaires du Programme d&rsquo;alphab\u00e9tisation et d&rsquo;apprentissage d&rsquo;un m\u00e9tier sensibiliser au fitness.<br \/>06 Septembre 2025\u00a0<br \/><a href=\"https:\/\/lismoiunavenir.org\/?p=1872\"><span style=\"text-decoration: underline;\">en savoir plus<\/span><\/a><\/em><\/p>\t\t\t\t\t\t\t\t<\/div>\n\t\t\t\t<\/div>\n\t\t\t\t\t<\/div>\n\t\t\t\t<\/div>\n\t\t<div class=\"elementor-element elementor-element-c3d0007 e-grid e-con-boxed e-con e-parent\" data-id=\"c3d0007\" data-element_type=\"container\" data-e-type=\"container\" data-settings=\"{&quot;background_background&quot;:&quot;classic&quot;,&quot;jet_parallax_layout_list&quot;:[]}\">\n\t\t\t\t\t<div class=\"e-con-inner\">\n\t\t\t\t<div class=\"elementor-element elementor-element-5f9dda5 elementor-widget elementor-widget-image\" data-id=\"5f9dda5\" data-element_type=\"widget\" data-e-type=\"widget\" data-widget_type=\"image.default\">\n\t\t\t\t<div class=\"elementor-widget-container\">\n\t\t\t\t\t\t\t\t\t\t\t\t\t\t\t<img loading=\"lazy\" decoding=\"async\" width=\"768\" height=\"419\" src=\"https:\/\/lismoiunavenir.org\/wp-content\/uploads\/2025\/09\/1-768x419.png\" class=\"attachment-medium_large size-medium_large wp-image-1853\" alt=\"\" srcset=\"https:\/\/lismoiunavenir.org\/wp-content\/uploads\/2025\/09\/1-768x419.png 768w, https:\/\/lismoiunavenir.org\/wp-content\/uploads\/2025\/09\/1-300x164.png 300w, https:\/\/lismoiunavenir.org\/wp-content\/uploads\/2025\/09\/1-1024x559.png 1024w, https:\/\/lismoiunavenir.org\/wp-content\/uploads\/2025\/09\/1-1536x839.png 1536w, https:\/\/lismoiunavenir.org\/wp-content\/uploads\/2025\/09\/1-2048x1119.png 2048w, https:\/\/lismoiunavenir.org\/wp-content\/uploads\/2025\/09\/1-600x328.png 600w\" sizes=\"(max-width: 768px) 100vw, 768px\" \/>\t\t\t\t\t\t\t\t\t\t\t\t\t\t\t<\/div>\n\t\t\t\t<\/div>\n\t\t\t\t<div class=\"elementor-element elementor-element-83f9adf elementor-widget elementor-widget-image\" data-id=\"83f9adf\" data-element_type=\"widget\" data-e-type=\"widget\" data-widget_type=\"image.default\">\n\t\t\t\t<div class=\"elementor-widget-container\">\n\t\t\t\t\t\t\t\t\t\t\t\t\t\t\t<img loading=\"lazy\" decoding=\"async\" width=\"768\" height=\"419\" src=\"https:\/\/lismoiunavenir.org\/wp-content\/uploads\/2025\/09\/Capture-decran-2025-09-20-a-14.44.39-768x419.png\" class=\"attachment-medium_large size-medium_large wp-image-1848\" alt=\"\" srcset=\"https:\/\/lismoiunavenir.org\/wp-content\/uploads\/2025\/09\/Capture-decran-2025-09-20-a-14.44.39-768x419.png 768w, https:\/\/lismoiunavenir.org\/wp-content\/uploads\/2025\/09\/Capture-decran-2025-09-20-a-14.44.39-300x164.png 300w, https:\/\/lismoiunavenir.org\/wp-content\/uploads\/2025\/09\/Capture-decran-2025-09-20-a-14.44.39-1024x559.png 1024w, https:\/\/lismoiunavenir.org\/wp-content\/uploads\/2025\/09\/Capture-decran-2025-09-20-a-14.44.39-1536x839.png 1536w, https:\/\/lismoiunavenir.org\/wp-content\/uploads\/2025\/09\/Capture-decran-2025-09-20-a-14.44.39-2048x1119.png 2048w, https:\/\/lismoiunavenir.org\/wp-content\/uploads\/2025\/09\/Capture-decran-2025-09-20-a-14.44.39-600x328.png 600w\" sizes=\"(max-width: 768px) 100vw, 768px\" \/>\t\t\t\t\t\t\t\t\t\t\t\t\t\t\t<\/div>\n\t\t\t\t<\/div>\n\t\t\t\t<div class=\"elementor-element elementor-element-7e2e87f elementor-widget elementor-widget-image\" data-id=\"7e2e87f\" data-element_type=\"widget\" data-e-type=\"widget\" data-widget_type=\"image.default\">\n\t\t\t\t<div class=\"elementor-widget-container\">\n\t\t\t\t\t\t\t\t\t\t\t\t\t\t\t<img loading=\"lazy\" decoding=\"async\" width=\"800\" height=\"442\" src=\"https:\/\/lismoiunavenir.org\/wp-content\/uploads\/2025\/09\/Capture-decran-2025-09-20-a-14.41.12-1024x566.png\" class=\"attachment-large size-large wp-image-1847\" alt=\"\" srcset=\"https:\/\/lismoiunavenir.org\/wp-content\/uploads\/2025\/09\/Capture-decran-2025-09-20-a-14.41.12-1024x566.png 1024w, https:\/\/lismoiunavenir.org\/wp-content\/uploads\/2025\/09\/Capture-decran-2025-09-20-a-14.41.12-300x166.png 300w, https:\/\/lismoiunavenir.org\/wp-content\/uploads\/2025\/09\/Capture-decran-2025-09-20-a-14.41.12-768x425.png 768w, https:\/\/lismoiunavenir.org\/wp-content\/uploads\/2025\/09\/Capture-decran-2025-09-20-a-14.41.12-1536x849.png 1536w, https:\/\/lismoiunavenir.org\/wp-content\/uploads\/2025\/09\/Capture-decran-2025-09-20-a-14.41.12-2048x1132.png 2048w, https:\/\/lismoiunavenir.org\/wp-content\/uploads\/2025\/09\/Capture-decran-2025-09-20-a-14.41.12-600x332.png 600w\" sizes=\"(max-width: 800px) 100vw, 800px\" \/>\t\t\t\t\t\t\t\t\t\t\t\t\t\t\t<\/div>\n\t\t\t\t<\/div>\n\t\t\t\t<div class=\"elementor-element elementor-element-744c5e8 elementor-widget elementor-widget-text-editor\" data-id=\"744c5e8\" data-element_type=\"widget\" data-e-type=\"widget\" data-widget_type=\"text-editor.default\">\n\t\t\t\t<div class=\"elementor-widget-container\">\n\t\t\t\t\t\t\t\t\t<p><strong>Atelier ludique et \u00e9ducatif<\/strong>\u00a0: <br \/>Les 75 b\u00e9n\u00e9ficiaires du Programme d&rsquo;alphab\u00e9tisation et d&rsquo;apprentissage d&rsquo;un m\u00e9tier ont eu un atelier de confiance en soi \u00e0 travers la lecture d&rsquo;un libre \u00ab\u00a0Les Contes du P\u00e8re Voil\u00e0 Pourquoi\u00a0\u00bb<br \/>29 Juillet 2025<em><br \/><a href=\"https:\/\/lismoiunavenir.org\/?p=1864\"><span style=\"text-decoration: underline;\">en savoir plus<\/span><\/a><br \/><\/em><\/p>\t\t\t\t\t\t\t\t<\/div>\n\t\t\t\t<\/div>\n\t\t\t\t<div class=\"elementor-element elementor-element-d6a220f elementor-widget elementor-widget-text-editor\" data-id=\"d6a220f\" data-element_type=\"widget\" data-e-type=\"widget\" data-widget_type=\"text-editor.default\">\n\t\t\t\t<div class=\"elementor-widget-container\">\n\t\t\t\t\t\t\t\t\t<p><b>Journ\u00e9e des droits des femmes\u00a0 <\/b>:<br \/>La Fondation a particip\u00e9 \u00e0 un afterwork de valorisation des r\u00e9alisation de ses b\u00e9n\u00e9ficiaires du programme d&rsquo;apprentissage aux m\u00e9tiers de la couture.\u00a0<br \/>08 Mars 2021<em><br \/><a href=\"https:\/\/youtu.be\/ePJ2FT4RWJ8?si=2uX67RZxSebdZtgZ\"><span style=\"text-decoration: underline;\">en savoir plus<\/span><\/a><br \/><\/em><\/p>\t\t\t\t\t\t\t\t<\/div>\n\t\t\t\t<\/div>\n\t\t\t\t<div class=\"elementor-element elementor-element-1b68977 elementor-widget elementor-widget-text-editor\" data-id=\"1b68977\" data-element_type=\"widget\" data-e-type=\"widget\" data-widget_type=\"text-editor.default\">\n\t\t\t\t<div class=\"elementor-widget-container\">\n\t\t\t\t\t\t\t\t\t<p><b>Arbre de No\u00ebl <\/b>: <br \/>10 femmes et filles du programme d&rsquo;alphab\u00e9tisation, d&rsquo;\u00e9ducation et d&rsquo;apprentissage d&rsquo;un m\u00e9tier ont c\u00e9l\u00e9br\u00e9s la f\u00eate de No\u00ebl.\u00a0<br \/><em>23 D\u00e9cembre 2020<br \/><a href=\"https:\/\/youtu.be\/ePJ2FT4RWJ8?si=2uX67RZxSebdZtgZ\"><span style=\"text-decoration: underline;\">en savoir plus<\/span><\/a><br \/><\/em><\/p>\t\t\t\t\t\t\t\t<\/div>\n\t\t\t\t<\/div>\n\t\t\t\t\t<\/div>\n\t\t\t\t<\/div>\n\t\t<div class=\"elementor-element elementor-element-fe7d193 e-grid e-con-boxed e-con e-parent\" data-id=\"fe7d193\" data-element_type=\"container\" data-e-type=\"container\" data-settings=\"{&quot;background_background&quot;:&quot;classic&quot;,&quot;jet_parallax_layout_list&quot;:[]}\">\n\t\t\t\t\t<div class=\"e-con-inner\">\n\t\t\t\t<div class=\"elementor-element elementor-element-c94ac0a elementor-widget elementor-widget-image\" data-id=\"c94ac0a\" data-element_type=\"widget\" data-e-type=\"widget\" data-widget_type=\"image.default\">\n\t\t\t\t<div class=\"elementor-widget-container\">\n\t\t\t\t\t\t\t\t\t\t\t\t\t\t\t<img loading=\"lazy\" decoding=\"async\" width=\"768\" height=\"419\" src=\"https:\/\/lismoiunavenir.org\/wp-content\/uploads\/2025\/09\/Capture-decran-2025-09-20-a-14.34.05-768x419.png\" class=\"attachment-medium_large size-medium_large wp-image-1846\" alt=\"\" srcset=\"https:\/\/lismoiunavenir.org\/wp-content\/uploads\/2025\/09\/Capture-decran-2025-09-20-a-14.34.05-768x419.png 768w, https:\/\/lismoiunavenir.org\/wp-content\/uploads\/2025\/09\/Capture-decran-2025-09-20-a-14.34.05-300x164.png 300w, https:\/\/lismoiunavenir.org\/wp-content\/uploads\/2025\/09\/Capture-decran-2025-09-20-a-14.34.05-1024x559.png 1024w, https:\/\/lismoiunavenir.org\/wp-content\/uploads\/2025\/09\/Capture-decran-2025-09-20-a-14.34.05-1536x838.png 1536w, https:\/\/lismoiunavenir.org\/wp-content\/uploads\/2025\/09\/Capture-decran-2025-09-20-a-14.34.05-2048x1118.png 2048w, https:\/\/lismoiunavenir.org\/wp-content\/uploads\/2025\/09\/Capture-decran-2025-09-20-a-14.34.05-600x327.png 600w\" sizes=\"(max-width: 768px) 100vw, 768px\" \/>\t\t\t\t\t\t\t\t\t\t\t\t\t\t\t<\/div>\n\t\t\t\t<\/div>\n\t\t\t\t<div class=\"elementor-element elementor-element-a70f35c elementor-widget elementor-widget-image\" data-id=\"a70f35c\" data-element_type=\"widget\" data-e-type=\"widget\" data-widget_type=\"image.default\">\n\t\t\t\t<div class=\"elementor-widget-container\">\n\t\t\t\t\t\t\t\t\t\t\t\t\t\t\t<img loading=\"lazy\" decoding=\"async\" width=\"768\" height=\"423\" src=\"https:\/\/lismoiunavenir.org\/wp-content\/uploads\/2025\/09\/Capture-decran-2025-09-20-a-14.23.29-768x423.png\" class=\"attachment-medium_large size-medium_large wp-image-1844\" alt=\"\" srcset=\"https:\/\/lismoiunavenir.org\/wp-content\/uploads\/2025\/09\/Capture-decran-2025-09-20-a-14.23.29-768x423.png 768w, https:\/\/lismoiunavenir.org\/wp-content\/uploads\/2025\/09\/Capture-decran-2025-09-20-a-14.23.29-300x165.png 300w, https:\/\/lismoiunavenir.org\/wp-content\/uploads\/2025\/09\/Capture-decran-2025-09-20-a-14.23.29-1024x564.png 1024w, https:\/\/lismoiunavenir.org\/wp-content\/uploads\/2025\/09\/Capture-decran-2025-09-20-a-14.23.29-1536x846.png 1536w, https:\/\/lismoiunavenir.org\/wp-content\/uploads\/2025\/09\/Capture-decran-2025-09-20-a-14.23.29-2048x1127.png 2048w, https:\/\/lismoiunavenir.org\/wp-content\/uploads\/2025\/09\/Capture-decran-2025-09-20-a-14.23.29-600x330.png 600w\" sizes=\"(max-width: 768px) 100vw, 768px\" \/>\t\t\t\t\t\t\t\t\t\t\t\t\t\t\t<\/div>\n\t\t\t\t<\/div>\n\t\t\t\t<div class=\"elementor-element elementor-element-1626776 elementor-widget elementor-widget-image\" data-id=\"1626776\" data-element_type=\"widget\" data-e-type=\"widget\" data-widget_type=\"image.default\">\n\t\t\t\t<div class=\"elementor-widget-container\">\n\t\t\t\t\t\t\t\t\t\t\t\t\t\t\t<img loading=\"lazy\" decoding=\"async\" width=\"768\" height=\"420\" src=\"https:\/\/lismoiunavenir.org\/wp-content\/uploads\/2025\/09\/Capture-decran-2025-09-20-a-14.22.43-768x420.png\" class=\"attachment-medium_large size-medium_large wp-image-1845\" alt=\"\" srcset=\"https:\/\/lismoiunavenir.org\/wp-content\/uploads\/2025\/09\/Capture-decran-2025-09-20-a-14.22.43-768x420.png 768w, https:\/\/lismoiunavenir.org\/wp-content\/uploads\/2025\/09\/Capture-decran-2025-09-20-a-14.22.43-300x164.png 300w, https:\/\/lismoiunavenir.org\/wp-content\/uploads\/2025\/09\/Capture-decran-2025-09-20-a-14.22.43-1024x560.png 1024w, https:\/\/lismoiunavenir.org\/wp-content\/uploads\/2025\/09\/Capture-decran-2025-09-20-a-14.22.43-1536x841.png 1536w, https:\/\/lismoiunavenir.org\/wp-content\/uploads\/2025\/09\/Capture-decran-2025-09-20-a-14.22.43-2048x1121.png 2048w, https:\/\/lismoiunavenir.org\/wp-content\/uploads\/2025\/09\/Capture-decran-2025-09-20-a-14.22.43-600x328.png 600w\" sizes=\"(max-width: 768px) 100vw, 768px\" \/>\t\t\t\t\t\t\t\t\t\t\t\t\t\t\t<\/div>\n\t\t\t\t<\/div>\n\t\t\t\t<div class=\"elementor-element elementor-element-7325445 elementor-widget elementor-widget-text-editor\" data-id=\"7325445\" data-element_type=\"widget\" data-e-type=\"widget\" data-widget_type=\"text-editor.default\">\n\t\t\t\t<div class=\"elementor-widget-container\">\n\t\t\t\t\t\t\t\t\t<p><strong>Lutte contre la d\u00e9forestation :\u00a0<\/strong><br \/>Les b\u00e9n\u00e9ficiaires de la Fondation ont particip\u00e9 \u00e0 une activit\u00e9 de planting d&rsquo;arbres avec le Minist\u00e8re des eaux et for\u00eats.<br \/><em>31 Octobre 2020<br \/><\/em><a href=\"https:\/\/youtu.be\/31wh0sHt4Vo?si=XksNCmlvqRGI7WF8\"><span style=\"text-decoration: underline;\">en savoir plus<\/span><\/a><\/p>\t\t\t\t\t\t\t\t<\/div>\n\t\t\t\t<\/div>\n\t\t\t\t<div class=\"elementor-element elementor-element-45ddd97 elementor-widget elementor-widget-text-editor\" data-id=\"45ddd97\" data-element_type=\"widget\" data-e-type=\"widget\" data-widget_type=\"text-editor.default\">\n\t\t\t\t<div class=\"elementor-widget-container\">\n\t\t\t\t\t\t\t\t\t<p><strong>Lutte contre la d\u00e9forestation :\u00a0<\/strong><br \/>Les b\u00e9n\u00e9ficiaires de la Fondation ont particip\u00e9 \u00e0 une activit\u00e9 de planting d&rsquo;arbres avec le Minist\u00e8re des eaux et for\u00eats.<br \/><em>24 Juillet 2020<br \/><\/em><a href=\"https:\/\/youtu.be\/b8NBiFY5n4k?si=vMboonfjo-QvQPQ1\"><span style=\"text-decoration: underline;\">en savoir plus\u00a0<\/span><\/a><\/p>\t\t\t\t\t\t\t\t<\/div>\n\t\t\t\t<\/div>\n\t\t\t\t<div class=\"elementor-element elementor-element-fae4c48 elementor-widget elementor-widget-text-editor\" data-id=\"fae4c48\" data-element_type=\"widget\" data-e-type=\"widget\" data-widget_type=\"text-editor.default\">\n\t\t\t\t<div class=\"elementor-widget-container\">\n\t\t\t\t\t\t\t\t\t<p><strong>Arbre de No\u00ebl \u00e0 Yapokro:\u00a0<\/strong><br \/>La Fondation a offert \u00e0 ses b\u00e9n\u00e9ificiaires et aux familles de leur village un arbre de No\u00ebl avec 680 cadeaux et 350 repas offerts.<br \/><em>23 D\u00e9cembre 2017<br \/><\/em><a href=\"https:\/\/youtu.be\/xA6qaEaifxM?si=YPBsYMenKZKlvZvD\"><span style=\"text-decoration: underline;\">en savoir plus\u00a0<\/span><\/a><\/p>\t\t\t\t\t\t\t\t<\/div>\n\t\t\t\t<\/div>\n\t\t\t\t\t<\/div>\n\t\t\t\t<\/div>\n\t\t<div class=\"elementor-element elementor-element-74c8a76 e-flex e-con-boxed e-con e-parent\" data-id=\"74c8a76\" data-element_type=\"container\" data-e-type=\"container\" data-settings=\"{&quot;background_background&quot;:&quot;classic&quot;,&quot;jet_parallax_layout_list&quot;:[]}\">\n\t\t\t\t\t<div class=\"e-con-inner\">\n\t\t\t\t<div class=\"elementor-element elementor-element-cfefba5 elementor-widget elementor-widget-spacer\" data-id=\"cfefba5\" data-element_type=\"widget\" data-e-type=\"widget\" data-widget_type=\"spacer.default\">\n\t\t\t\t<div class=\"elementor-widget-container\">\n\t\t\t\t\t\t\t<div class=\"elementor-spacer\">\n\t\t\t<div class=\"elementor-spacer-inner\"><\/div>\n\t\t<\/div>\n\t\t\t\t\t\t<\/div>\n\t\t\t\t<\/div>\n\t\t\t\t\t<\/div>\n\t\t\t\t<\/div>\n\t\t<div class=\"elementor-element elementor-element-9bf6b47 e-flex e-con-boxed e-con e-parent\" data-id=\"9bf6b47\" data-element_type=\"container\" data-e-type=\"container\" data-settings=\"{&quot;jet_parallax_layout_list&quot;:[],&quot;background_background&quot;:&quot;classic&quot;}\">\n\t\t\t\t\t<div class=\"e-con-inner\">\n\t\t\t\t<div class=\"elementor-element elementor-element-60a8d1e elementor-widget elementor-widget-template\" data-id=\"60a8d1e\" data-element_type=\"widget\" data-e-type=\"widget\" data-widget_type=\"template.default\">\n\t\t\t\t<div class=\"elementor-widget-container\">\n\t\t\t\t\t\t\t<div class=\"elementor-template\">\n\t\t\t\t\t<div data-elementor-type=\"container\" data-elementor-id=\"370\" class=\"elementor elementor-370\" data-elementor-post-type=\"elementor_library\">\n\t\t\t\t<div class=\"elementor-element elementor-element-7cb2265f e-flex e-con-boxed e-con e-parent\" data-id=\"7cb2265f\" data-element_type=\"container\" data-e-type=\"container\" data-settings=\"{&quot;background_background&quot;:&quot;classic&quot;,&quot;jet_parallax_layout_list&quot;:[]}\">\n\t\t\t\t\t<div class=\"e-con-inner\">\n\t\t\t\t<div class=\"elementor-element elementor-element-3d21933e elementor-widget elementor-widget-heading\" data-id=\"3d21933e\" data-element_type=\"widget\" data-e-type=\"widget\" data-widget_type=\"heading.default\">\n\t\t\t\t<div class=\"elementor-widget-container\">\n\t\t\t\t\t<h2 class=\"elementor-heading-title elementor-size-default\">NOS BELLES HISTOIRES<\/h2>\t\t\t\t<\/div>\n\t\t\t\t<\/div>\n\t\t\t\t<div class=\"elementor-element elementor-element-fa9c916 elementor-testimonial--skin-default elementor-testimonial--layout-image_inline elementor-testimonial--align-center elementor-arrows-yes elementor-pagination-type-bullets elementor-widget elementor-widget-testimonial-carousel\" data-id=\"fa9c916\" data-element_type=\"widget\" data-e-type=\"widget\" data-settings=\"{&quot;show_arrows&quot;:&quot;yes&quot;,&quot;pagination&quot;:&quot;bullets&quot;,&quot;speed&quot;:500,&quot;autoplay&quot;:&quot;yes&quot;,&quot;autoplay_speed&quot;:5000,&quot;loop&quot;:&quot;yes&quot;,&quot;pause_on_hover&quot;:&quot;yes&quot;,&quot;pause_on_interaction&quot;:&quot;yes&quot;,&quot;space_between&quot;:{&quot;unit&quot;:&quot;px&quot;,&quot;size&quot;:10,&quot;sizes&quot;:[]},&quot;space_between_tablet&quot;:{&quot;unit&quot;:&quot;px&quot;,&quot;size&quot;:10,&quot;sizes&quot;:[]},&quot;space_between_mobile&quot;:{&quot;unit&quot;:&quot;px&quot;,&quot;size&quot;:10,&quot;sizes&quot;:[]}}\" data-widget_type=\"testimonial-carousel.default\">\n\t\t\t\t<div class=\"elementor-widget-container\">\n\t\t\t\t\t\t\t\t\t<div class=\"elementor-swiper\">\n\t\t\t\t\t<div class=\"elementor-main-swiper swiper\" role=\"region\" aria-roledescription=\"carousel\" aria-label=\"Diapositives\">\n\t\t\t\t<div class=\"swiper-wrapper\">\n\t\t\t\t\t\t\t\t\t\t\t<div class=\"swiper-slide\" role=\"group\" aria-roledescription=\"slide\">\n\t\t\t\t\t\t\t\t\t<div class=\"elementor-testimonial\">\n\t\t\t\t\t\t\t<div class=\"elementor-testimonial__content\">\n\t\t\t\t\t<div class=\"elementor-testimonial__text\">\n\t\t\t\t\t\tElle a d\u00e9but\u00e9 ses pas au sein de la fondation pour rattraper son retard puis la fondation a pay\u00e9 ses frais de scolarit\u00e9 pour lui permettre d\u2019int\u00e9grer le cursus normal. Elle a pass\u00e9 l\u2019examen d\u2019entr\u00e9e en 6\u00e8me de l\u2019ann\u00e9e 2022 avec brio et \u00e0 re\u00e7u les f\u00e9licitations de son \u00e9cole pour ses r\u00e9sultats. \t\t\t\t\t<\/div>\n\t\t\t\t\t\t\t\t\t<\/div>\n\t\t\t\t\t\t<div class=\"elementor-testimonial__footer\">\n\t\t\t\t\t\t\t\t\t<div class=\"elementor-testimonial__image\">\n\t\t\t\t\t\t<img decoding=\"async\" src=\"https:\/\/lismoiunavenir.org\/wp-content\/uploads\/2023\/08\/fondation-rayess-lis-moi-un-avenir-rabiatou.png\" alt=\"Rabiatou\">\n\t\t\t\t\t\t\t\t\t\t\t<\/div>\n\t\t\t\t\t\t\t\t<cite class=\"elementor-testimonial__cite\"><span class=\"elementor-testimonial__name\">Rabiatou<\/span><span class=\"elementor-testimonial__title\">Prise en charge de la scolaris\u00e9e durant 5 ann\u00e9es<\/span><\/cite>\t\t\t<\/div>\n\t\t<\/div>\n\t\t\t\t\t\t\t\t<\/div>\n\t\t\t\t\t\t\t\t\t\t\t<div class=\"swiper-slide\" role=\"group\" aria-roledescription=\"slide\">\n\t\t\t\t\t\t\t\t\t<div class=\"elementor-testimonial\">\n\t\t\t\t\t\t\t<div class=\"elementor-testimonial__content\">\n\t\t\t\t\t<div class=\"elementor-testimonial__text\">\n\t\t\t\t\t\tA l\u2019issue de sa formation en coiffure et esth\u00e9tisme, Epiphanie a d\u00e9croch\u00e9 par l\u2019interm\u00e9diaire de la fondation un emploi au salon de coiffure Chez Xavier bas\u00e9 \u00e0 Marcory o\u00f9 elle continue d\u2019exercer.  \t\t\t\t\t<\/div>\n\t\t\t\t\t\t\t\t\t<\/div>\n\t\t\t\t\t\t<div class=\"elementor-testimonial__footer\">\n\t\t\t\t\t\t\t\t\t<div class=\"elementor-testimonial__image\">\n\t\t\t\t\t\t<img decoding=\"async\" src=\"https:\/\/lismoiunavenir.org\/wp-content\/uploads\/2023\/08\/fondation-rayess-lis-moi-un-avenir-epiphanie.png\" alt=\"Epiphanie \">\n\t\t\t\t\t\t\t\t\t\t\t<\/div>\n\t\t\t\t\t\t\t\t<cite class=\"elementor-testimonial__cite\"><span class=\"elementor-testimonial__name\">Epiphanie <\/span><span class=\"elementor-testimonial__title\">Programme de Coiffure (ann\u00e9e 2017)<\/span><\/cite>\t\t\t<\/div>\n\t\t<\/div>\n\t\t\t\t\t\t\t\t<\/div>\n\t\t\t\t\t\t\t\t\t\t\t<div class=\"swiper-slide\" role=\"group\" aria-roledescription=\"slide\">\n\t\t\t\t\t\t\t\t\t<div class=\"elementor-testimonial\">\n\t\t\t\t\t\t\t<div class=\"elementor-testimonial__content\">\n\t\t\t\t\t<div class=\"elementor-testimonial__text\">\n\t\t\t\t\t\tA l\u2019issue de sa formation en couture, Mariam a mont\u00e9 sa propre activit\u00e9 g\u00e9n\u00e9ratrice de revenue. En effet, elle dispose depuis lors d\u2019un stand de v\u00eatement pour hommes \u00e0 Koumassi. \t\t\t\t\t<\/div>\n\t\t\t\t\t\t\t\t\t<\/div>\n\t\t\t\t\t\t<div class=\"elementor-testimonial__footer\">\n\t\t\t\t\t\t\t\t\t<div class=\"elementor-testimonial__image\">\n\t\t\t\t\t\t<img decoding=\"async\" src=\"https:\/\/lismoiunavenir.org\/wp-content\/uploads\/2023\/08\/fondation-rayess-lis-moi-un-avenir-mariam.png\" alt=\"Mariam\">\n\t\t\t\t\t\t\t\t\t\t\t<\/div>\n\t\t\t\t\t\t\t\t<cite class=\"elementor-testimonial__cite\"><span class=\"elementor-testimonial__name\">Mariam<\/span><span class=\"elementor-testimonial__title\">Programme  de Couture (ann\u00e9e 2018) <\/span><\/cite>\t\t\t<\/div>\n\t\t<\/div>\n\t\t\t\t\t\t\t\t<\/div>\n\t\t\t\t\t\t\t\t\t\t\t<div class=\"swiper-slide\" role=\"group\" aria-roledescription=\"slide\">\n\t\t\t\t\t\t\t\t\t<div class=\"elementor-testimonial\">\n\t\t\t\t\t\t\t<div class=\"elementor-testimonial__content\">\n\t\t\t\t\t<div class=\"elementor-testimonial__text\">\n\t\t\t\t\t\tA 34 ans, V\u00e9ronique est une m\u00e8re c\u00e9libataire de 2 enfants et commer\u00e7ante. Elle r\u00eave de faire quelque chose pour elle m\u00eame et de devenir entrepreneure et indepedante.\t\t\t\t\t<\/div>\n\t\t\t\t\t\t\t\t\t<\/div>\n\t\t\t\t\t\t<div class=\"elementor-testimonial__footer\">\n\t\t\t\t\t\t\t\t\t<div class=\"elementor-testimonial__image\">\n\t\t\t\t\t\t<img decoding=\"async\" src=\"https:\/\/lismoiunavenir.org\/wp-content\/uploads\/2023\/08\/52.jpg\" alt=\"V\u00e9ronique\">\n\t\t\t\t\t\t\t\t\t\t\t<\/div>\n\t\t\t\t\t\t\t\t<cite class=\"elementor-testimonial__cite\"><span class=\"elementor-testimonial__name\">V\u00e9ronique<\/span><span class=\"elementor-testimonial__title\">B\u00e9n\u00e9ficiaire en classe d'alphab\u00e9tisation Niveau 2 et en formation Couture (ann\u00e9e 2025)<\/span><\/cite>\t\t\t<\/div>\n\t\t<\/div>\n\t\t\t\t\t\t\t\t<\/div>\n\t\t\t\t\t\t\t\t\t\t\t<div class=\"swiper-slide\" role=\"group\" aria-roledescription=\"slide\">\n\t\t\t\t\t\t\t\t\t<div class=\"elementor-testimonial\">\n\t\t\t\t\t\t\t<div class=\"elementor-testimonial__content\">\n\t\t\t\t\t<div class=\"elementor-testimonial__text\">\n\t\t\t\t\t\tA 38 ans, Z\u00e9ha, m\u00e8re au foyer de 4 enfants souhaite continuer l\u2019ecole pour \u00e9voluer, devenir quelqu\u2019un et pouvoir me battre pour elle m\u00eame.\t\t\t\t\t<\/div>\n\t\t\t\t\t\t\t\t\t<\/div>\n\t\t\t\t\t\t<div class=\"elementor-testimonial__footer\">\n\t\t\t\t\t\t\t\t\t<div class=\"elementor-testimonial__image\">\n\t\t\t\t\t\t<img decoding=\"async\" src=\"https:\/\/lismoiunavenir.org\/wp-content\/uploads\/2023\/08\/53.jpg\" alt=\"Z\u00e9ha\">\n\t\t\t\t\t\t\t\t\t\t\t<\/div>\n\t\t\t\t\t\t\t\t<cite class=\"elementor-testimonial__cite\"><span class=\"elementor-testimonial__name\">Z\u00e9ha<\/span><span class=\"elementor-testimonial__title\">B\u00e9n\u00e9ficiaire en classe d'alphab\u00e9tisation Niveau 2 et en formation Couture (ann\u00e9e 2025)<\/span><\/cite>\t\t\t<\/div>\n\t\t<\/div>\n\t\t\t\t\t\t\t\t<\/div>\n\t\t\t\t\t\t\t\t\t\t\t<div class=\"swiper-slide\" role=\"group\" aria-roledescription=\"slide\">\n\t\t\t\t\t\t\t\t\t<div class=\"elementor-testimonial\">\n\t\t\t\t\t\t\t<div class=\"elementor-testimonial__content\">\n\t\t\t\t\t<div class=\"elementor-testimonial__text\">\n\t\t\t\t\t\tFatoumata est une maman c\u00e9libataire d'un enfant \u00e2g\u00e9e de 26ans. Elle est vendeuse dans une quincaillerie \u00e0 Koumassi. Son r\u00eave est de devenir une grande couturi\u00e8re. \t\t\t\t\t<\/div>\n\t\t\t\t\t\t\t\t\t<\/div>\n\t\t\t\t\t\t<div class=\"elementor-testimonial__footer\">\n\t\t\t\t\t\t\t\t\t<div class=\"elementor-testimonial__image\">\n\t\t\t\t\t\t<img decoding=\"async\" src=\"https:\/\/lismoiunavenir.org\/wp-content\/uploads\/2023\/08\/54.jpg\" alt=\"Fatoumata\">\n\t\t\t\t\t\t\t\t\t\t\t<\/div>\n\t\t\t\t\t\t\t\t<cite class=\"elementor-testimonial__cite\"><span class=\"elementor-testimonial__name\">Fatoumata<\/span><span class=\"elementor-testimonial__title\">B\u00e9n\u00e9ficiaire en classe d'alphab\u00e9tisation Niveau 2 et en formation Couture (ann\u00e9e 2025)<\/span><\/cite>\t\t\t<\/div>\n\t\t<\/div>\n\t\t\t\t\t\t\t\t<\/div>\n\t\t\t\t\t\t\t\t\t\t\t<div class=\"swiper-slide\" role=\"group\" aria-roledescription=\"slide\">\n\t\t\t\t\t\t\t\t\t<div class=\"elementor-testimonial\">\n\t\t\t\t\t\t\t<div class=\"elementor-testimonial__content\">\n\t\t\t\t\t<div class=\"elementor-testimonial__text\">\n\t\t\t\t\t\tDj\u00e9n\u00e9ba a 30 ans et est m\u00e8re c\u00e9libataire d'un enfant. Elle est vendeuse de fruits au march\u00e9 et souhaite de devenir ind\u00e9pendante financierement pour pouvoir aider ses parents.\t\t\t\t\t<\/div>\n\t\t\t\t\t\t\t\t\t<\/div>\n\t\t\t\t\t\t<div class=\"elementor-testimonial__footer\">\n\t\t\t\t\t\t\t\t\t<div class=\"elementor-testimonial__image\">\n\t\t\t\t\t\t<img decoding=\"async\" src=\"https:\/\/lismoiunavenir.org\/wp-content\/uploads\/2023\/08\/55.jpg\" alt=\"Dj\u00e9n\u00e9ba\">\n\t\t\t\t\t\t\t\t\t\t\t<\/div>\n\t\t\t\t\t\t\t\t<cite class=\"elementor-testimonial__cite\"><span class=\"elementor-testimonial__name\">Dj\u00e9n\u00e9ba<\/span><span class=\"elementor-testimonial__title\">B\u00e9n\u00e9ficiaire en classe d'alphab\u00e9tisation Niveau 0 et en formation Couture (ann\u00e9e 2025)<\/span><\/cite>\t\t\t<\/div>\n\t\t<\/div>\n\t\t\t\t\t\t\t\t<\/div>\n\t\t\t\t\t\t\t\t\t\t\t<div class=\"swiper-slide\" role=\"group\" aria-roledescription=\"slide\">\n\t\t\t\t\t\t\t\t\t<div class=\"elementor-testimonial\">\n\t\t\t\t\t\t\t<div class=\"elementor-testimonial__content\">\n\t\t\t\t\t<div class=\"elementor-testimonial__text\">\n\t\t\t\t\t\tBarakissa a 20 ans et vis chez ses parents. Elle est commer\u00e7ante de condiments au march\u00e9 et souhaite \u00eatre une maquilleuse et avoir son propre salon avec beaucoup de clients pour devenir ind\u00e9pendante par son travail.\t\t\t\t\t<\/div>\n\t\t\t\t\t\t\t\t\t<\/div>\n\t\t\t\t\t\t<div class=\"elementor-testimonial__footer\">\n\t\t\t\t\t\t\t\t\t<div class=\"elementor-testimonial__image\">\n\t\t\t\t\t\t<img decoding=\"async\" src=\"https:\/\/lismoiunavenir.org\/wp-content\/uploads\/2023\/08\/56.jpg\" alt=\"Barakissa\">\n\t\t\t\t\t\t\t\t\t\t\t<\/div>\n\t\t\t\t\t\t\t\t<cite class=\"elementor-testimonial__cite\"><span class=\"elementor-testimonial__name\">Barakissa<\/span><span class=\"elementor-testimonial__title\">B\u00e9n\u00e9ficiaire en classe d'alphab\u00e9tisation Niveau 2 et en formation Coiffure (ann\u00e9e 2025)<\/span><\/cite>\t\t\t<\/div>\n\t\t<\/div>\n\t\t\t\t\t\t\t\t<\/div>\n\t\t\t\t\t\t\t\t\t\t\t<div class=\"swiper-slide\" role=\"group\" aria-roledescription=\"slide\">\n\t\t\t\t\t\t\t\t\t<div class=\"elementor-testimonial\">\n\t\t\t\t\t\t\t<div class=\"elementor-testimonial__content\">\n\t\t\t\t\t<div class=\"elementor-testimonial__text\">\n\t\t\t\t\t\tA 16 ans, Fatoumata est commer\u00e7ante au march\u00e9. Elle r\u00eave de pouvoir jouer au piano et de devenir couturi\u00e8re.\t\t\t\t\t<\/div>\n\t\t\t\t\t\t\t\t\t<\/div>\n\t\t\t\t\t\t<div class=\"elementor-testimonial__footer\">\n\t\t\t\t\t\t\t\t\t<div class=\"elementor-testimonial__image\">\n\t\t\t\t\t\t<img decoding=\"async\" src=\"https:\/\/lismoiunavenir.org\/wp-content\/uploads\/2023\/08\/57.jpg\" alt=\"Fatoumata\">\n\t\t\t\t\t\t\t\t\t\t\t<\/div>\n\t\t\t\t\t\t\t\t<cite class=\"elementor-testimonial__cite\"><span class=\"elementor-testimonial__name\">Fatoumata<\/span><span class=\"elementor-testimonial__title\">B\u00e9n\u00e9ficiaire en classe d'alphab\u00e9tisation Niveau 0 et en formation Couture (ann\u00e9e 2025)<\/span><\/cite>\t\t\t<\/div>\n\t\t<\/div>\n\t\t\t\t\t\t\t\t<\/div>\n\t\t\t\t\t\t\t\t\t\t\t<div class=\"swiper-slide\" role=\"group\" aria-roledescription=\"slide\">\n\t\t\t\t\t\t\t\t\t<div class=\"elementor-testimonial\">\n\t\t\t\t\t\t\t<div class=\"elementor-testimonial__content\">\n\t\t\t\t\t<div class=\"elementor-testimonial__text\">\n\t\t\t\t\t\tAicha, \u00e2g\u00e9e de 29 ans, est m\u00e8re au foyer de 3 enfants. Son r\u00eave est de pouvoir cr\u00e9er quelque chose pour elle-m\u00eame et \u00eatre ind\u00e9pendante.\t\t\t\t\t<\/div>\n\t\t\t\t\t\t\t\t\t<\/div>\n\t\t\t\t\t\t<div class=\"elementor-testimonial__footer\">\n\t\t\t\t\t\t\t\t\t<div class=\"elementor-testimonial__image\">\n\t\t\t\t\t\t<img decoding=\"async\" src=\"https:\/\/lismoiunavenir.org\/wp-content\/uploads\/2023\/08\/58.jpg\" alt=\"Aicha\">\n\t\t\t\t\t\t\t\t\t\t\t<\/div>\n\t\t\t\t\t\t\t\t<cite class=\"elementor-testimonial__cite\"><span class=\"elementor-testimonial__name\">Aicha<\/span><span class=\"elementor-testimonial__title\">B\u00e9n\u00e9ficiaire en classe d'alphab\u00e9tisation Niveau 0 et en formation Coiffure (ann\u00e9e 2025)<\/span><\/cite>\t\t\t<\/div>\n\t\t<\/div>\n\t\t\t\t\t\t\t\t<\/div>\n\t\t\t\t\t\t\t\t\t\t\t<div class=\"swiper-slide\" role=\"group\" aria-roledescription=\"slide\">\n\t\t\t\t\t\t\t\t\t<div class=\"elementor-testimonial\">\n\t\t\t\t\t\t\t<div class=\"elementor-testimonial__content\">\n\t\t\t\t\t<div class=\"elementor-testimonial__text\">\n\t\t\t\t\t\tA 35 ans Lucie,  m\u00e8re de 2 enfants, est commer\u00e7ante. Elle r\u00eave d\u2019avoir son propre salon de coiffure afin de pouvoir continuer \u00e0 bien s\u2019occuper de ses enfants. \t\t\t\t\t<\/div>\n\t\t\t\t\t\t\t\t\t<\/div>\n\t\t\t\t\t\t<div class=\"elementor-testimonial__footer\">\n\t\t\t\t\t\t\t\t\t<div class=\"elementor-testimonial__image\">\n\t\t\t\t\t\t<img decoding=\"async\" src=\"https:\/\/lismoiunavenir.org\/wp-content\/uploads\/2023\/08\/59.jpg\" alt=\"Lucie\">\n\t\t\t\t\t\t\t\t\t\t\t<\/div>\n\t\t\t\t\t\t\t\t<cite class=\"elementor-testimonial__cite\"><span class=\"elementor-testimonial__name\">Lucie<\/span><span class=\"elementor-testimonial__title\">B\u00e9n\u00e9ficiaire en classe d'alphab\u00e9tisation Niveau 0 et en formation Coiffure (ann\u00e9e 2025)<\/span><\/cite>\t\t\t<\/div>\n\t\t<\/div>\n\t\t\t\t\t\t\t\t<\/div>\n\t\t\t\t\t\t\t\t\t\t\t<div class=\"swiper-slide\" role=\"group\" aria-roledescription=\"slide\">\n\t\t\t\t\t\t\t\t\t<div class=\"elementor-testimonial\">\n\t\t\t\t\t\t\t<div class=\"elementor-testimonial__content\">\n\t\t\t\t\t<div class=\"elementor-testimonial__text\">\n\t\t\t\t\t\tPatricia, \u00e2g\u00e9e de 38 ans, est m\u00e8re de 5 enfants et vendeuse d'atti\u00e9k\u00e9. Elle souhaite savoir lire et \u00e9crire, et avoir un magasin pour r\u00e9ussir dans sa vie. \t\t\t\t\t<\/div>\n\t\t\t\t\t\t\t\t\t<\/div>\n\t\t\t\t\t\t<div class=\"elementor-testimonial__footer\">\n\t\t\t\t\t\t\t\t\t<div class=\"elementor-testimonial__image\">\n\t\t\t\t\t\t<img decoding=\"async\" src=\"https:\/\/lismoiunavenir.org\/wp-content\/uploads\/2023\/08\/60.jpg\" alt=\"Patricia\">\n\t\t\t\t\t\t\t\t\t\t\t<\/div>\n\t\t\t\t\t\t\t\t<cite class=\"elementor-testimonial__cite\"><span class=\"elementor-testimonial__name\">Patricia<\/span><span class=\"elementor-testimonial__title\">B\u00e9n\u00e9ficiaire en classe d'alphab\u00e9tisation Niveau 0 et en formation Coiffure (ann\u00e9e 2025)<\/span><\/cite>\t\t\t<\/div>\n\t\t<\/div>\n\t\t\t\t\t\t\t\t<\/div>\n\t\t\t\t\t\t\t\t\t\t\t<div class=\"swiper-slide\" role=\"group\" aria-roledescription=\"slide\">\n\t\t\t\t\t\t\t\t\t<div class=\"elementor-testimonial\">\n\t\t\t\t\t\t\t<div class=\"elementor-testimonial__content\">\n\t\t\t\t\t<div class=\"elementor-testimonial__text\">\n\t\t\t\t\t\tA 44 ans, Jane est m\u00e8re c\u00e9libataire de 3 enfants et sans emploi. Son r\u00eave est d\u2019\u00eatre aide soignante et de devenir ind\u00e9pendante financi\u00e8rement pour aider ses parents et s'occuper de ses enfants.\t\t\t\t\t<\/div>\n\t\t\t\t\t\t\t\t\t<\/div>\n\t\t\t\t\t\t<div class=\"elementor-testimonial__footer\">\n\t\t\t\t\t\t\t\t\t<div class=\"elementor-testimonial__image\">\n\t\t\t\t\t\t<img decoding=\"async\" src=\"https:\/\/lismoiunavenir.org\/wp-content\/uploads\/2023\/08\/61.jpg\" alt=\"Jane\">\n\t\t\t\t\t\t\t\t\t\t\t<\/div>\n\t\t\t\t\t\t\t\t<cite class=\"elementor-testimonial__cite\"><span class=\"elementor-testimonial__name\">Jane<\/span><span class=\"elementor-testimonial__title\">B\u00e9n\u00e9ficiaire en classe d'alphab\u00e9tisation Niveau 0 et en formation Coiffure (ann\u00e9e 2025)<\/span><\/cite>\t\t\t<\/div>\n\t\t<\/div>\n\t\t\t\t\t\t\t\t<\/div>\n\t\t\t\t\t\t\t\t\t<\/div>\n\t\t\t\t\t\t\t\t\t\t\t\t\t\t\t<div class=\"elementor-swiper-button elementor-swiper-button-prev\" role=\"button\" tabindex=\"0\" aria-label=\"Pr\u00e9c\u00e9dent\">\n\t\t\t\t\t\t\t<i aria-hidden=\"true\" class=\"eicon-chevron-left\"><\/i>\t\t\t\t\t\t<\/div>\n\t\t\t\t\t\t<div class=\"elementor-swiper-button elementor-swiper-button-next\" role=\"button\" tabindex=\"0\" aria-label=\"Suivant\">\n\t\t\t\t\t\t\t<i aria-hidden=\"true\" class=\"eicon-chevron-right\"><\/i>\t\t\t\t\t\t<\/div>\n\t\t\t\t\t\t\t\t\t\t\t\t\t\t\t\t<div class=\"swiper-pagination\"><\/div>\n\t\t\t\t\t\t\t\t\t\t\t\t<\/div>\n\t\t\t\t<\/div>\n\t\t\t\t\t\t\t\t<\/div>\n\t\t\t\t<\/div>\n\t\t\t\t\t<\/div>\n\t\t\t\t<\/div>\n\t\t\t\t<\/div>\n\t\t\t\t<\/div>\n\t\t\t\t\t\t<\/div>\n\t\t\t\t<\/div>\n\t\t\t\t\t<\/div>\n\t\t\t\t<\/div>\n\t\t<div class=\"elementor-element elementor-element-7625d8a e-flex e-con-boxed e-con e-parent\" data-id=\"7625d8a\" data-element_type=\"container\" data-e-type=\"container\" data-settings=\"{&quot;background_background&quot;:&quot;classic&quot;,&quot;jet_parallax_layout_list&quot;:[]}\">\n\t\t\t\t\t<div class=\"e-con-inner\">\n\t\t<div class=\"elementor-element elementor-element-a66a3ea e-flex e-con-boxed e-con e-child\" data-id=\"a66a3ea\" data-element_type=\"container\" data-e-type=\"container\" data-settings=\"{&quot;jet_parallax_layout_list&quot;:[]}\">\n\t\t\t\t\t<div class=\"e-con-inner\">\n\t\t\t\t<div class=\"elementor-element elementor-element-c57501a elementor-widget elementor-widget-spacer\" data-id=\"c57501a\" data-element_type=\"widget\" data-e-type=\"widget\" data-widget_type=\"spacer.default\">\n\t\t\t\t<div class=\"elementor-widget-container\">\n\t\t\t\t\t\t\t<div class=\"elementor-spacer\">\n\t\t\t<div class=\"elementor-spacer-inner\"><\/div>\n\t\t<\/div>\n\t\t\t\t\t\t<\/div>\n\t\t\t\t<\/div>\n\t\t\t\t<div class=\"elementor-element elementor-element-8e0c04c elementor-widget elementor-widget-heading\" data-id=\"8e0c04c\" data-element_type=\"widget\" data-e-type=\"widget\" data-widget_type=\"heading.default\">\n\t\t\t\t<div class=\"elementor-widget-container\">\n\t\t\t\t\t<h1 class=\"elementor-heading-title elementor-size-default\">Engagez vous pour un impact durable et inclusif <\/h1>\t\t\t\t<\/div>\n\t\t\t\t<\/div>\n\t\t\t\t<div class=\"elementor-element elementor-element-9b466c8 elementor-widget elementor-widget-text-editor\" data-id=\"9b466c8\" data-element_type=\"widget\" data-e-type=\"widget\" data-widget_type=\"text-editor.default\">\n\t\t\t\t<div class=\"elementor-widget-container\">\n\t\t\t\t\t\t\t\t\t<p>En finan\u00e7ant un programme d&rsquo;alphab\u00e9tisation, de scolarisation, d&rsquo;\u00e9ducation ou de formation,&nbsp;<br><span style=\"font-family: var( --e-global-typography-text-font-family ), Sans-serif; font-weight: var( --e-global-typography-text-font-weight ); font-size: 1rem;\">vous changez durablement la vie de jeunes filles et de femmes.&nbsp;<\/span><\/p>\t\t\t\t\t\t\t\t<\/div>\n\t\t\t\t<\/div>\n\t\t\t\t<div class=\"elementor-element elementor-element-5a88e59 elementor-align-center elementor-widget elementor-widget-button\" data-id=\"5a88e59\" data-element_type=\"widget\" data-e-type=\"widget\" data-widget_type=\"button.default\">\n\t\t\t\t<div class=\"elementor-widget-container\">\n\t\t\t\t\t\t\t\t\t<div class=\"elementor-button-wrapper\">\n\t\t\t\t\t<a class=\"elementor-button elementor-button-link elementor-size-sm\" href=\"https:\/\/lismoiunavenir.org\/?page_id=428\">\n\t\t\t\t\t\t<span class=\"elementor-button-content-wrapper\">\n\t\t\t\t\t\t\t\t\t<span class=\"elementor-button-text\">FAIRE UN DON<\/span>\n\t\t\t\t\t<\/span>\n\t\t\t\t\t<\/a>\n\t\t\t\t<\/div>\n\t\t\t\t\t\t\t\t<\/div>\n\t\t\t\t<\/div>\n\t\t\t\t<div class=\"elementor-element elementor-element-1725dc4 elementor-widget elementor-widget-spacer\" data-id=\"1725dc4\" data-element_type=\"widget\" data-e-type=\"widget\" data-widget_type=\"spacer.default\">\n\t\t\t\t<div class=\"elementor-widget-container\">\n\t\t\t\t\t\t\t<div class=\"elementor-spacer\">\n\t\t\t<div class=\"elementor-spacer-inner\"><\/div>\n\t\t<\/div>\n\t\t\t\t\t\t<\/div>\n\t\t\t\t<\/div>\n\t\t\t\t\t<\/div>\n\t\t\t\t<\/div>\n\t\t\t\t\t<\/div>\n\t\t\t\t<\/div>\n\t\t<div class=\"elementor-element elementor-element-f4d1a1c e-flex e-con-boxed e-con e-parent\" data-id=\"f4d1a1c\" data-element_type=\"container\" data-e-type=\"container\" data-settings=\"{&quot;jet_parallax_layout_list&quot;:[],&quot;background_background&quot;:&quot;classic&quot;}\">\n\t\t\t\t\t<div class=\"e-con-inner\">\n\t\t\t\t<div class=\"elementor-element elementor-element-d1611a7 elementor-widget elementor-widget-template\" data-id=\"d1611a7\" data-element_type=\"widget\" data-e-type=\"widget\" data-widget_type=\"template.default\">\n\t\t\t\t<div class=\"elementor-widget-container\">\n\t\t\t\t\t\t\t<div class=\"elementor-template\">\n\t\t\t\t\t<div data-elementor-type=\"container\" data-elementor-id=\"378\" class=\"elementor elementor-378\" data-elementor-post-type=\"elementor_library\">\n\t\t\t\t<div class=\"elementor-element elementor-element-1c09e445 e-flex e-con-boxed e-con e-parent\" data-id=\"1c09e445\" data-element_type=\"container\" data-e-type=\"container\" data-settings=\"{&quot;background_background&quot;:&quot;classic&quot;,&quot;jet_parallax_layout_list&quot;:[]}\">\n\t\t\t\t\t<div class=\"e-con-inner\">\n\t\t\t\t<div class=\"elementor-element elementor-element-6768a4e0 elementor-widget elementor-widget-heading\" data-id=\"6768a4e0\" data-element_type=\"widget\" data-e-type=\"widget\" data-widget_type=\"heading.default\">\n\t\t\t\t<div class=\"elementor-widget-container\">\n\t\t\t\t\t<h1 class=\"elementor-heading-title elementor-size-xl\">Ensemble, passons \u00e0 l\u2019action<\/h1>\t\t\t\t<\/div>\n\t\t\t\t<\/div>\n\t\t\t\t\t<\/div>\n\t\t\t\t<\/div>\n\t\t<div class=\"elementor-element elementor-element-ba0dea7 e-con-full e-flex e-con e-parent\" data-id=\"ba0dea7\" data-element_type=\"container\" data-e-type=\"container\" data-settings=\"{&quot;background_background&quot;:&quot;classic&quot;,&quot;jet_parallax_layout_list&quot;:[]}\">\n\t\t<div class=\"elementor-element elementor-element-8fe426c e-flex e-con-boxed e-con e-child\" data-id=\"8fe426c\" data-element_type=\"container\" data-e-type=\"container\" data-settings=\"{&quot;jet_parallax_layout_list&quot;:[]}\">\n\t\t\t\t\t<div class=\"e-con-inner\">\n\t\t\t\t<div class=\"elementor-element elementor-element-d0d005c elementor-widget__width-initial elementor-view-default elementor-position-block-start elementor-mobile-position-block-start elementor-widget elementor-widget-icon-box\" data-id=\"d0d005c\" data-element_type=\"widget\" data-e-type=\"widget\" data-widget_type=\"icon-box.default\">\n\t\t\t\t<div class=\"elementor-widget-container\">\n\t\t\t\t\t\t\t<div class=\"elementor-icon-box-wrapper\">\n\n\t\t\t\t\t\t<div class=\"elementor-icon-box-icon\">\n\t\t\t\t<a href=\"https:\/\/lismoiunavenir.org\/?page_id=343\" class=\"elementor-icon\" tabindex=\"-1\" aria-label=\"NOTRE MISSION\">\n\t\t\t\t<i aria-hidden=\"true\" class=\"fas fa-wave-square\"><\/i>\t\t\t\t<\/a>\n\t\t\t<\/div>\n\t\t\t\n\t\t\t\t\t\t<div class=\"elementor-icon-box-content\">\n\n\t\t\t\t\t\t\t\t\t<h3 class=\"elementor-icon-box-title\">\n\t\t\t\t\t\t<a href=\"https:\/\/lismoiunavenir.org\/?page_id=343\" >\n\t\t\t\t\t\t\tNOTRE MISSION\t\t\t\t\t\t<\/a>\n\t\t\t\t\t<\/h3>\n\t\t\t\t\n\t\t\t\t\n\t\t\t<\/div>\n\t\t\t\n\t\t<\/div>\n\t\t\t\t\t\t<\/div>\n\t\t\t\t<\/div>\n\t\t\t\t<div class=\"elementor-element elementor-element-bae28dc elementor-widget__width-initial elementor-view-default elementor-position-block-start elementor-mobile-position-block-start elementor-widget elementor-widget-icon-box\" data-id=\"bae28dc\" data-element_type=\"widget\" data-e-type=\"widget\" data-widget_type=\"icon-box.default\">\n\t\t\t\t<div class=\"elementor-widget-container\">\n\t\t\t\t\t\t\t<div class=\"elementor-icon-box-wrapper\">\n\n\t\t\t\t\t\t<div class=\"elementor-icon-box-icon\">\n\t\t\t\t<a href=\"https:\/\/lismoiunavenir.org\/?page_id=344\" class=\"elementor-icon\" tabindex=\"-1\" aria-label=\"NOS PROGRAMMES\">\n\t\t\t\t<i aria-hidden=\"true\" class=\"fas fa-rocket\"><\/i>\t\t\t\t<\/a>\n\t\t\t<\/div>\n\t\t\t\n\t\t\t\t\t\t<div class=\"elementor-icon-box-content\">\n\n\t\t\t\t\t\t\t\t\t<h3 class=\"elementor-icon-box-title\">\n\t\t\t\t\t\t<a href=\"https:\/\/lismoiunavenir.org\/?page_id=344\" >\n\t\t\t\t\t\t\tNOS PROGRAMMES\t\t\t\t\t\t<\/a>\n\t\t\t\t\t<\/h3>\n\t\t\t\t\n\t\t\t\t\n\t\t\t<\/div>\n\t\t\t\n\t\t<\/div>\n\t\t\t\t\t\t<\/div>\n\t\t\t\t<\/div>\n\t\t\t\t<div class=\"elementor-element elementor-element-88e1f3c elementor-widget__width-initial elementor-view-default elementor-position-block-start elementor-mobile-position-block-start elementor-widget elementor-widget-icon-box\" data-id=\"88e1f3c\" data-element_type=\"widget\" data-e-type=\"widget\" data-widget_type=\"icon-box.default\">\n\t\t\t\t<div class=\"elementor-widget-container\">\n\t\t\t\t\t\t\t<div class=\"elementor-icon-box-wrapper\">\n\n\t\t\t\t\t\t<div class=\"elementor-icon-box-icon\">\n\t\t\t\t<a href=\"https:\/\/lismoiunavenir.org\/?page_id=345\" class=\"elementor-icon\" tabindex=\"-1\" aria-label=\"NOS ATELIERS\">\n\t\t\t\t<i aria-hidden=\"true\" class=\"fas fa-paint-brush\"><\/i>\t\t\t\t<\/a>\n\t\t\t<\/div>\n\t\t\t\n\t\t\t\t\t\t<div class=\"elementor-icon-box-content\">\n\n\t\t\t\t\t\t\t\t\t<h3 class=\"elementor-icon-box-title\">\n\t\t\t\t\t\t<a href=\"https:\/\/lismoiunavenir.org\/?page_id=345\" >\n\t\t\t\t\t\t\tNOS ATELIERS\t\t\t\t\t\t<\/a>\n\t\t\t\t\t<\/h3>\n\t\t\t\t\n\t\t\t\t\n\t\t\t<\/div>\n\t\t\t\n\t\t<\/div>\n\t\t\t\t\t\t<\/div>\n\t\t\t\t<\/div>\n\t\t\t\t<div class=\"elementor-element elementor-element-e6d15da elementor-widget__width-initial elementor-view-default elementor-position-block-start elementor-mobile-position-block-start elementor-widget elementor-widget-icon-box\" data-id=\"e6d15da\" data-element_type=\"widget\" data-e-type=\"widget\" data-widget_type=\"icon-box.default\">\n\t\t\t\t<div class=\"elementor-widget-container\">\n\t\t\t\t\t\t\t<div class=\"elementor-icon-box-wrapper\">\n\n\t\t\t\t\t\t<div class=\"elementor-icon-box-icon\">\n\t\t\t\t<a href=\"https:\/\/lismoiunavenir.org\/?page_id=346\" class=\"elementor-icon\" tabindex=\"-1\" aria-label=\"NOS CLASSES\">\n\t\t\t\t<i aria-hidden=\"true\" class=\"fas fa-book-open\"><\/i>\t\t\t\t<\/a>\n\t\t\t<\/div>\n\t\t\t\n\t\t\t\t\t\t<div class=\"elementor-icon-box-content\">\n\n\t\t\t\t\t\t\t\t\t<h3 class=\"elementor-icon-box-title\">\n\t\t\t\t\t\t<a href=\"https:\/\/lismoiunavenir.org\/?page_id=346\" >\n\t\t\t\t\t\t\tNOS CLASSES\t\t\t\t\t\t<\/a>\n\t\t\t\t\t<\/h3>\n\t\t\t\t\n\t\t\t\t\n\t\t\t<\/div>\n\t\t\t\n\t\t<\/div>\n\t\t\t\t\t\t<\/div>\n\t\t\t\t<\/div>\n\t\t\t\t<div class=\"elementor-element elementor-element-96c9d5f elementor-widget__width-initial elementor-view-default elementor-position-block-start elementor-mobile-position-block-start elementor-widget elementor-widget-icon-box\" data-id=\"96c9d5f\" data-element_type=\"widget\" data-e-type=\"widget\" data-widget_type=\"icon-box.default\">\n\t\t\t\t<div class=\"elementor-widget-container\">\n\t\t\t\t\t\t\t<div class=\"elementor-icon-box-wrapper\">\n\n\t\t\t\t\t\t<div class=\"elementor-icon-box-icon\">\n\t\t\t\t<a href=\"https:\/\/lismoiunavenir.org\/?page_id=348\" class=\"elementor-icon\" tabindex=\"-1\" aria-label=\"NOS \u00c9V\u00c9NEMENTS\">\n\t\t\t\t<i aria-hidden=\"true\" class=\"far fa-calendar-check\"><\/i>\t\t\t\t<\/a>\n\t\t\t<\/div>\n\t\t\t\n\t\t\t\t\t\t<div class=\"elementor-icon-box-content\">\n\n\t\t\t\t\t\t\t\t\t<h3 class=\"elementor-icon-box-title\">\n\t\t\t\t\t\t<a href=\"https:\/\/lismoiunavenir.org\/?page_id=348\" >\n\t\t\t\t\t\t\tNOS \u00c9V\u00c9NEMENTS\t\t\t\t\t\t<\/a>\n\t\t\t\t\t<\/h3>\n\t\t\t\t\n\t\t\t\t\n\t\t\t<\/div>\n\t\t\t\n\t\t<\/div>\n\t\t\t\t\t\t<\/div>\n\t\t\t\t<\/div>\n\t\t\t\t\t<\/div>\n\t\t\t\t<\/div>\n\t\t\t\t<\/div>\n\t\t\t\t<\/div>\n\t\t\t\t<\/div>\n\t\t\t\t\t\t<\/div>\n\t\t\t\t<\/div>\n\t\t\t\t\t<\/div>\n\t\t\t\t<\/div>\n\t\t\t\t<\/div>\n\t\t","protected":false},"excerpt":{"rendered":"<p>D\u00e9couvrez nos ateliers Cr\u00e9er des ressources \u00e9ducatives sur le genre et l&rsquo;autonomisation des femmes en aidant les communaut\u00e9s locales \u00e0 d\u00e9velopper un \u00e9tat d&rsquo;esprit inclusif. Les rencontres th\u00e9matiques sur le genre et \u00e9quit\u00e9 Les rencontres th\u00e9matiques que nous organisons sur le genre portent sur les violences bas\u00e9es sur le genre (VBG), l\u2019hygi\u00e8ne menstruelle et des [&hellip;]<\/p>\n","protected":false},"author":1,"featured_media":0,"parent":51,"menu_order":17,"comment_status":"closed","ping_status":"closed","template":"","meta":{"footnotes":""},"class_list":["post-345","page","type-page","status-publish","hentry"],"_links":{"self":[{"href":"https:\/\/lismoiunavenir.org\/index.php?rest_route=\/wp\/v2\/pages\/345","targetHints":{"allow":["GET"]}}],"collection":[{"href":"https:\/\/lismoiunavenir.org\/index.php?rest_route=\/wp\/v2\/pages"}],"about":[{"href":"https:\/\/lismoiunavenir.org\/index.php?rest_route=\/wp\/v2\/types\/page"}],"author":[{"embeddable":true,"href":"https:\/\/lismoiunavenir.org\/index.php?rest_route=\/wp\/v2\/users\/1"}],"replies":[{"embeddable":true,"href":"https:\/\/lismoiunavenir.org\/index.php?rest_route=%2Fwp%2Fv2%2Fcomments&post=345"}],"version-history":[{"count":60,"href":"https:\/\/lismoiunavenir.org\/index.php?rest_route=\/wp\/v2\/pages\/345\/revisions"}],"predecessor-version":[{"id":2136,"href":"https:\/\/lismoiunavenir.org\/index.php?rest_route=\/wp\/v2\/pages\/345\/revisions\/2136"}],"up":[{"embeddable":true,"href":"https:\/\/lismoiunavenir.org\/index.php?rest_route=\/wp\/v2\/pages\/51"}],"wp:attachment":[{"href":"https:\/\/lismoiunavenir.org\/index.php?rest_route=%2Fwp%2Fv2%2Fmedia&parent=345"}],"curies":[{"name":"wp","href":"https:\/\/api.w.org\/{rel}","templated":true}]}}